{"id":985,"date":"2021-11-10T20:42:15","date_gmt":"2021-11-11T01:42:15","guid":{"rendered":"http:\/\/colloques.uqac.ca\/sbehg\/?page_id=985"},"modified":"2021-11-27T02:22:10","modified_gmt":"2021-11-27T07:22:10","slug":"activite-julien-gravelle","status":"publish","type":"page","link":"https:\/\/colloques.uqac.ca\/sbehg\/activite-julien-gravelle\/","title":{"rendered":"Rencontre avec Julien Gravelle, auteur du livre <em>Nos renoncements<\/em>"},"content":{"rendered":"<h5 style=\"color: #d21c1e;margin-top: -5px\">25 novembre de 12h00 \u00e0 13h00<\/h5>\n<table style=\"border: 1px solid #d21c1e\">\n<tbody>\n<tr>\n<td style=\"width: 30%;background-color: #d21c1e;color: white;font-size: 22px;text-align: center\">REDIFFUSION<\/td>\n<td style=\"width: 70%;background-color: white;color: #d21c1e;text-align: center\"><a style=\"color: #d21c1e;text-decoration: none;font-size: 22px\" href=\"https:\/\/uqac.ca.panopto.com\/Panopto\/Pages\/Viewer.aspx?id=34b95dc5-2314-4379-bd90-adec000bca20\" target=\"_blank\">LIEN VERS LA REDIFFUSION<\/a><\/td>\n<\/tr>\n<\/tbody>\n<\/table>\n<h5 style=\"margin-bottom: 5px\">Conf\u00e9rencier<\/h5>\n<table style=\"border: 1px solid #d21c1e\">\n<tbody>\n<tr>\n<td style=\"vertical-align: middle;background-color: #d21c1e;color: white;border: 1px solid #d21c1e\">\n<h6 style=\"margin: 0\">Julien Gravelle<\/h6>\n<\/td>\n<\/tr>\n<tr>\n<td>\n<p style=\"text-align:center;margin-bottom:5px\"><img loading=\"lazy\" decoding=\"async\" src=\"https:\/\/colloques.uqac.ca\/sbehg\/files\/2021\/11\/Julien_Gravelle.png\" alt=\"Julien_Gravelle\" width=\"150\" height=\"150\" class=\"aligncenter size-full wp-image-989\" \/><\/p>\n<p style=\"margin-bottom:5px;text-align:center;font-style: italic\">Auteur de <em>Nos renoncements<\/em><\/p>\n<p style=\"text-align: justify;margin: 3px\">Apr\u00e8s avoir longtemps \u00e9t\u00e9 guide de plein air dans la r\u00e9gion du Lac-Saint-Jean, Julien Gravelle est devenu intervenant dans un centre de ressources pour hommes. Cet emploi lui permet d\u2019observer, d\u2019un point de vue \u00ab incroyablement privil\u00e9gi\u00e9 \u00bb, ce que vivent ces hommes que l\u2019on dit violents, primitifs ou inad\u00e9quats, et comment ils s\u2019ajustent (ou ne s\u2019ajustent pas) aux nouvelles r\u00e9alit\u00e9s.<br \/>\nJulien Gravelle est \u00e9galement l\u2019auteur de <em>Les cowboys sont fatigu\u00e9s<\/em> et de <em>Debout sur la carlingue<\/em>, chez Lem\u00e9ac, et de Nitassinan et Musher, chez Wildproject.\n<\/p>\n<\/td>\n<\/tr>\n<tr>\n<td style=\"vertical-align:middle;background-color:#d21c1e;color:white;border:1px solid #d21c1e;text-align:center\">\n<p style=\"margin:0\">Au sujet du livre de Julien Gravelle<\/p>\n<h6 style=\"margin:0;font-style:italic\">Nos renoncements<\/h6>\n<\/td>\n<\/tr>\n<tr>\n<td>\n<p style=\"text-align: justify;margin: 3px\">R\u00e9solument positif, malgr\u00e9 la gravit\u00e9 du sujet, <em>Nos renoncements<\/em> fait le pari que les propositions f\u00e9ministes, bien loin de nuire aux hommes, peuvent nous inspirer et nous permettre de r\u00e9inventer les codes de la masculinit\u00e9.<br \/>\n\u201c<em>Opposer les hommes et les femmes est non seulement un non-sens, mais cela nous m\u00e8ne plus souvent \u00e0 l\u2019impasse qu\u2019\u00e0 autre chose. Elle assigne de facto aux hommes, perdants d\u00e9sign\u00e9s de la lutte, le r\u00f4le de se d\u00e9fendre et de contre-attaquer, ce que nous savons si bien faire ! Si ce livre ne pouvait contribuer qu\u2019\u00e0 une seule chose, j\u2019aimerais que ce soit \u00e0 cette prise de conscience de l\u2019int\u00e9r\u00eat partag\u00e9 des relations \u00e9galitaires.<\/em>\u201d<\/p>\n<\/td>\n<\/tr>\n<tr>\n<td style=\"vertical-align: middle;background-color: #d21c1e;color: white;border: 1px solid #d21c1e;text-align: center\">\n<p style=\"margin: 0\">Animatrice<\/p>\n<\/td>\n<\/tr>\n<tr>\n<td>\n<p style=\"text-align: justify;margin: 3px;line-height: 1\">Elyse Laberge, <em>Enseignante au d\u00e9partement de litt\u00e9rature du C\u00e9gep de Chicoutimi<\/em><\/p>\n<\/td>\n<\/tr>\n<tr>\n<td style=\"vertical-align:middle;background-color:#d21c1e;color:white;border:1px solid #d21c1e;text-align:center\">\n<p style=\"margin:0\">Maison d&rsquo;\u00e9dition<\/p>\n<h6 style=\"margin:0;font-style:italic\">LEM\u00c9AC<\/h6>\n<\/td>\n<\/tr>\n<tr>\n<td>\n<p style=\"text-align: justify;margin: 3px;line-height: 1\"><img loading=\"lazy\" decoding=\"async\" src=\"https:\/\/colloques.uqac.ca\/sbehg\/files\/2021\/11\/LEMEAC-300x88.png\" alt=\"LEMEAC\" width=\"300\" height=\"88\" class=\"aligncenter size-medium wp-image-997\" srcset=\"https:\/\/colloques.uqac.ca\/sbehg\/files\/2021\/11\/LEMEAC-300x88.png 300w, https:\/\/colloques.uqac.ca\/sbehg\/files\/2021\/11\/LEMEAC.png 513w\" sizes=\"(max-width: 300px) 100vw, 300px\" \/><\/p>\n<\/td>\n<\/tr>\n<tr>\n<td style=\"vertical-align:middle;background-color:#d21c1e;color:white;border:1px solid #d21c1e;text-align:center\">\n<p style=\"margin:0\">Organis\u00e9 avec<\/p>\n<h6 style=\"margin:0;font-style:italic\">Les Bouquinistes, Coop\u00e9rative de Solidarit\u00e9<\/h6>\n<\/td>\n<\/tr>\n<tr>\n<td>\n<p style=\"text-align: justify;margin: 3px;line-height: 1\"><img loading=\"lazy\" decoding=\"async\" src=\"https:\/\/colloques.uqac.ca\/sbehg\/files\/2021\/11\/LesBouquinistes-150x150.jpg\" alt=\"LesBouquinistes\" width=\"150\" height=\"150\" class=\"aligncenter size-thumbnail wp-image-1001\" srcset=\"https:\/\/colloques.uqac.ca\/sbehg\/files\/2021\/11\/LesBouquinistes-150x150.jpg 150w, https:\/\/colloques.uqac.ca\/sbehg\/files\/2021\/11\/LesBouquinistes-300x300.jpg 300w, https:\/\/colloques.uqac.ca\/sbehg\/files\/2021\/11\/LesBouquinistes-1024x1024.jpg 1024w, https:\/\/colloques.uqac.ca\/sbehg\/files\/2021\/11\/LesBouquinistes.jpg 1417w\" sizes=\"(max-width: 150px) 100vw, 150px\" \/><\/p>\n<\/td>\n<\/tr>\n<\/tbody>\n<\/table>\n","protected":false},"excerpt":{"rendered":"<p>25 novembre de 12h00 \u00e0 13h00 REDIFFUSION LIEN VERS LA REDIFFUSION Conf\u00e9rencier Julien Gravelle Auteur de Nos renoncements Apr\u00e8s avoir longtemps \u00e9t\u00e9 guide de plein air dans la r\u00e9gion du Lac-Saint-Jean, Julien Gravelle est devenu intervenant dans un centre de ressources pour hommes. Cet emploi lui permet d\u2019observer, d\u2019un point de vue \u00ab incroyablement privil\u00e9gi\u00e9 &hellip; <a href=\"https:\/\/colloques.uqac.ca\/sbehg\/activite-julien-gravelle\/\" class=\"more-link\">Continuer la lecture de <span class=\"screen-reader-text\">Rencontre avec Julien Gravelle, auteur du livre <em>Nos renoncements<\/em><\/span>  <span class=\"meta-nav\">&rarr;<\/span><\/a><\/p>\n","protected":false},"author":63,"featured_media":1035,"parent":0,"menu_order":0,"comment_status":"closed","ping_status":"open","template":"","meta":{"footnotes":""},"_links":{"self":[{"href":"https:\/\/colloques.uqac.ca\/sbehg\/wp-json\/wp\/v2\/pages\/985"}],"collection":[{"href":"https:\/\/colloques.uqac.ca\/sbehg\/wp-json\/wp\/v2\/pages"}],"about":[{"href":"https:\/\/colloques.uqac.ca\/sbehg\/wp-json\/wp\/v2\/types\/page"}],"author":[{"embeddable":true,"href":"https:\/\/colloques.uqac.ca\/sbehg\/wp-json\/wp\/v2\/users\/63"}],"replies":[{"embeddable":true,"href":"https:\/\/colloques.uqac.ca\/sbehg\/wp-json\/wp\/v2\/comments?post=985"}],"version-history":[{"count":16,"href":"https:\/\/colloques.uqac.ca\/sbehg\/wp-json\/wp\/v2\/pages\/985\/revisions"}],"predecessor-version":[{"id":1101,"href":"https:\/\/colloques.uqac.ca\/sbehg\/wp-json\/wp\/v2\/pages\/985\/revisions\/1101"}],"wp:featuredmedia":[{"embeddable":true,"href":"https:\/\/colloques.uqac.ca\/sbehg\/wp-json\/wp\/v2\/media\/1035"}],"wp:attachment":[{"href":"https:\/\/colloques.uqac.ca\/sbehg\/wp-json\/wp\/v2\/media?parent=985"}],"curies":[{"name":"wp","href":"https:\/\/api.w.org\/{rel}","templated":true}]}}