{"id":95,"date":"2021-10-26T14:44:33","date_gmt":"2021-10-26T19:44:33","guid":{"rendered":"http:\/\/colloques.uqac.ca\/sbehg\/?page_id=95"},"modified":"2021-11-24T15:18:39","modified_gmt":"2021-11-24T20:18:39","slug":"atelier-acte","status":"publish","type":"page","link":"https:\/\/colloques.uqac.ca\/sbehg\/atelier-acte\/","title":{"rendered":"Atelier 2 &#8211; Hommes et passage \u00e0 l&rsquo;acte intrafamilial"},"content":{"rendered":"<h5 style=\"color: #d21c1e\">Mise en ligne du webinaire : 16 novembre<\/h5>\n<table style=\"border: 1px solid #d21c1e\">\n<tbody>\n<tr>\n<td style=\"width: 30%;background-color: #d21c1e;color: white;font-size: 22px;text-align: center\">EN DIFF\u00c9R\u00c9<\/td>\n<td style=\"width: 70%;background-color: white;color: #d21c1e;text-align: center\"><a style=\"color: #d21c1e;text-decoration: none;font-size: 22px\" href=\"https:\/\/uqac.ca.panopto.com\/Panopto\/Pages\/Viewer.aspx?id=0b473bee-53bb-4d03-938b-addc00f1a065\" target=\"_blank\">LIEN VERS LA CONF\u00c9RENCE<\/a><\/td>\n<\/tr>\n<\/tbody>\n<\/table>\n<h5 style=\"color: #d21c1e;margin-top: -5px\">Panel en lien avec cet atelier : 23 novembre de 11h30 \u00e0 13h30<\/h5>\n<table style=\"border: 1px solid #121010\">\n<tbody>\n<tr>\n<td style=\"width: 30%;background-color: #121010;color: white;font-size: 22px;text-align: center\">REDIFFUSION<\/td>\n<td style=\"width: 70%;background-color: white;color: #121010;text-align: center\"><a style=\"color: #121010;text-decoration: none;font-size: 22px\" href=\"https:\/\/uqac.ca.panopto.com\/Panopto\/Pages\/Viewer.aspx?id=67346646-0d4a-4f88-8343-ade901719762\" target=\"_blank\">LIEN VERS LA REDIFFUSION<\/a><\/td>\n<\/tr>\n<\/tbody>\n<\/table>\n<hr style=\"margin:0\" \/>\n<h5 style=\"margin-bottom: 0;margin-top:24px\">Animateur<\/h5>\n<ul>\n<li>Dominic Bizot (UQAC)<\/li>\n<\/ul>\n<h5 style=\"margin-bottom: 5px\">Conf\u00e9renci\u00e8re<\/h5>\n<table style=\"border:1px solid #d21c1e\">\n<tr>\n<td style=\"vertical-align:middle;background-color:#d21c1e;color:white;border:1px solid #d21c1e\">\n<h6 style=\"margin:0\">Suzanne L\u00e9veill\u00e9e<\/h6>\n<\/td>\n<\/tr>\n<tr>\n<td>\n<div style=\"float: right;margin-left:10px;margin-top:10px\"><img loading=\"lazy\" decoding=\"async\" src=\"https:\/\/colloques.uqac.ca\/sbehg\/files\/2021\/10\/Suzanne-L\u00e9veill\u00e9e-150x150.jpg\" alt=\"Suzanne L\u00e9veill\u00e9e\" width=\"150\" height=\"150\" class=\"alignnone size-thumbnail wp-image-483\" \/><\/div>\n<p style=\"text-align: justify;margin:3px\">Suzanne L\u00e9veill\u00e9e est professeure \u00e0 l&rsquo;Universit\u00e9 du Qu\u00e9bec \u00e0 Trois-Rivi\u00e8res, psychologue en pratique priv\u00e9e, chercheuse r\u00e9guli\u00e8re au Centre d&rsquo;\u00e9tudes interdisciplinaires sur le d\u00e9veloppement de l&rsquo;enfant et de la famille (CEIDEF) de l&rsquo;Universit\u00e9 du Qu\u00e9bec \u00e0 Trois-Rivi\u00e8res, chercheuse r\u00e9guli\u00e8re au Centre de recherche interdisciplinaire sur la violence familiale et la violence faite aux femmes (CRI-VIFF) de l&rsquo;Universit\u00e9 de Montr\u00e9al et de l&rsquo;Universit\u00e9 Laval et chercheuse au P\u00f4le d\u2019expertise et de recherche en sant\u00e9 et bien-\u00eatre des hommes (PERSBEH). Elle est une des rares sp\u00e9cialistes au Qu\u00e9bec sur le passage \u00e0 l\u2019acte dans la famille, sujet sur lequel elle a publi\u00e9 un ouvrage au PUQ en 2011.<\/p>\n<\/td>\n<\/tr>\n<tr>\n<td style=\"vertical-align:middle;background-color:#d21c1e;color:white;border:1px solid #d21c1e;text-align:center\">\n<p style=\"margin:0\">Conf\u00e9rence<\/p>\n<h6 style=\"margin:0\">Le passage \u00e0 l&rsquo;acte dans la famille. Perspectives psychologique et sociale.<\/h6>\n<\/td>\n<\/tr>\n<tr>\n<td>\n<p style=\"text-align: justify;margin:3px\">Les violences conjugales repr\u00e9sentent un ph\u00e9nom\u00e8ne multidimensionnel impliquant des enjeux psychologiques, criminologiques et sociaux interreli\u00e9s. Dans cette conf\u00e9rence, nous discutons des enjeux psychologiques sous-jacents \u00e0 l\u2019expression de comportements violents dans le couple. Ces comportements impliquent des difficult\u00e9s \u00e0 identifier et nommer ses \u00e9motions et la mise en acte de conflits psychiques ou relationnels (Millaud, 2009; L\u00e9veill\u00e9e, 2001; L\u00e9veill\u00e9e et Vignola-L\u00e9vesque, 2019). La personne \u00e0 risque vit une impasse psychique et relationnelle insoutenable et le passage \u00e0 l\u2019acte devient la seule solution envisageable \u00e0 ce moment de sa vie. Dans plus de 60% des cas l\u2019homicide conjugal survient lors d\u2019une rupture amoureuse. L\u2019incapacit\u00e9 \u00e0 \u00e9laborer psychiquement la perte (associ\u00e9e \u00e0 l\u2019angoisse d\u2019abandon) provoque une surcharge \u00e9motionnelle intense qui s\u2019exprime par l\u2019agir et non plus par les mots (DeNeuter, 2013; Di Piazza <em>et al<\/em>., 2017; Zagury, 2018; L\u00e9veill\u00e9e et Vignola-L\u00e9vesque, 2019).<\/p>\n<\/td>\n<\/tr>\n<\/table>\n<h5 style=\"margin-bottom: 5px\">\u00c9chos de la pratique avec trois intervenant\u00b7es<\/h5>\n<ul>\n<li>Lise Lantagne (Association Canadienne en Sant\u00e9 Mentale- ACSMSaguenay\/Programme Courage)<\/li>\n<li>Anne-Julie Gagnon (CRH-Optimum\/Programme Le Cran d\u2019Arr\u00eat)<\/li>\n<li>Patricia Desbiens et Edmond Michaud (Hommes Sept-\u00celes)<\/li>\n<\/ul>\n<h5 style=\"margin-bottom: 5px\">Communication Libre<\/h5>\n<table style=\"border:1px solid #d21c1e\">\n<tr>\n<td style=\"vertical-align:middle;background-color:#d21c1e;color:white;border:1px solid #d21c1e\">\n<h6 style=\"margin:0\">Gilles Tremblay<\/h6>\n<\/td>\n<\/tr>\n<tr>\n<td>\n<div style=\"float: right;margin-left:10px;margin-top:10px\"><a href=\"https:\/\/colloques.uqac.ca\/sbehg\/files\/2021\/10\/Gilles-Tremblay.jpg\"><img loading=\"lazy\" decoding=\"async\" src=\"https:\/\/colloques.uqac.ca\/sbehg\/files\/2021\/10\/Gilles-Tremblay-150x150.jpg\" alt=\"Gilles Tremblay\" width=\"150\" height=\"150\" class=\"alignnone size-thumbnail wp-image-484\" \/><\/a><\/div>\n<p style=\"text-align: justify;margin:3px\">Retrait\u00e9 depuis 2019, Gilles Tremblay fut professeur-chercheur \u00e0 l&rsquo;\u00c9cole de travail social et de criminologie\u00a0de l&rsquo;Universit\u00e9 Laval.\u00a0Il \u00e9tait\u00a0membre du CRI-VIFF (2001-2018), de l&rsquo;\u00e9quipe Hommes, violence et changement (2001-2004),\u00a0puis de l&rsquo;\u00e9quipe Masculinit\u00e9s et Soci\u00e9t\u00e9 (2007-2016) dont\u00a0il a\u00a0assum\u00e9 la direction de 2010 \u00e0 2016. Ses \u00e9crits sur l&rsquo;intervention clinique aupr\u00e8s des hommes plus traditionnels ont particuli\u00e8rement attir\u00e9 l&rsquo;attention des intervenants dans les milieux de pratique. Les recherches que M. Tremblay a\u00a0dirig\u00e9es sur les besoins des hommes en mati\u00e8re de soins de sant\u00e9 et de services sociaux et sur l&rsquo;adaptation des services aux r\u00e9alit\u00e9s masculines ont largement inspir\u00e9 le Plan d&rsquo;action minist\u00e9riel en sant\u00e9 et bien-\u00eatre des hommes. Depuis 2018,\u00a0il est\u00a0le chercheur responsable du P\u00f4le d&rsquo;expertise et de recherche en sant\u00e9 et bien-\u00eatre des hommes (PERSBEH) au sein de l&rsquo;Institut universitaire de premi\u00e8re ligne en sant\u00e9 et services sociaux du CIUSSS de la Capitale-Nationale.<\/p>\n<\/td>\n<\/tr>\n<tr>\n<td style=\"vertical-align:middle;background-color:#d21c1e;color:white;border:1px solid #d21c1e;text-align:center\">\n<p style=\"margin:0\">Conf\u00e9rence<\/p>\n<h6 style=\"margin:0\">Comment mieux pr\u00e9venir les homicides intrafamiliaux. Le Rapport du comit\u00e9 d&rsquo;experts sur les homicides intrafamiliaux. O\u00f9 en sommes nous?<\/h6>\n<\/td>\n<\/tr>\n<tr>\n<td>\n<p style=\"text-align: justify;line-height: normal;margin:3px\">\u00c0 l\u2019automne 2011, le ministre de la Sant\u00e9 et des Services sociaux mettait en place un comit\u00e9 d\u2019experts charg\u00e9 de faire le point sur la situation des homicides intrafamiliaux au Qu\u00e9bec et de lui remettre ses recommandations. Comme pr\u00e9sident, c\u2019est avec fiert\u00e9 que je rendais public le rapport du Comit\u00e9 le 22\u00a0novembre 2012. Qu\u2019en est-il presqu\u2019une d\u00e9cennie plus tard? La pr\u00e9sentation tentera de cerner les avanc\u00e9es r\u00e9alis\u00e9es et les points sur lesquels devraient porter notre attention dans le futur en mati\u00e8re de pr\u00e9vention des homicides intrafamiliaux.<\/p>\n<\/td>\n<\/tr>\n<\/table>\n<p style=\"text-align: center\"><a title=\"Atelier \u2013 Gestion des \u00e9motions\" href=\"https:\/\/colloques.uqac.ca\/sbehg\/atelier-emotions\/\">Atelier pr\u00e9c\u00e9dent<\/a>\u00a0&#8211;\u00a0<a title=\"Atelier \u2013 Soutien \u00e0 la paternit\u00e9\" href=\"https:\/\/colloques.uqac.ca\/sbehg\/atelier-paternite\/\">Atelier suivant<\/a><\/p>\n","protected":false},"excerpt":{"rendered":"<p>Mise en ligne du webinaire : 16 novembre EN DIFF\u00c9R\u00c9 LIEN VERS LA CONF\u00c9RENCE Panel en lien avec cet atelier : 23 novembre de 11h30 \u00e0 13h30 REDIFFUSION LIEN VERS LA REDIFFUSION Animateur Dominic Bizot (UQAC) Conf\u00e9renci\u00e8re Suzanne L\u00e9veill\u00e9e Suzanne L\u00e9veill\u00e9e est professeure \u00e0 l&rsquo;Universit\u00e9 du Qu\u00e9bec \u00e0 Trois-Rivi\u00e8res, psychologue en pratique priv\u00e9e, chercheuse r\u00e9guli\u00e8re &hellip; <a href=\"https:\/\/colloques.uqac.ca\/sbehg\/atelier-acte\/\" class=\"more-link\">Continuer la lecture de <span class=\"screen-reader-text\">Atelier 2 &#8211; Hommes et passage \u00e0 l&rsquo;acte intrafamilial<\/span>  <span class=\"meta-nav\">&rarr;<\/span><\/a><\/p>\n","protected":false},"author":63,"featured_media":0,"parent":0,"menu_order":0,"comment_status":"closed","ping_status":"closed","template":"","meta":{"footnotes":""},"_links":{"self":[{"href":"https:\/\/colloques.uqac.ca\/sbehg\/wp-json\/wp\/v2\/pages\/95"}],"collection":[{"href":"https:\/\/colloques.uqac.ca\/sbehg\/wp-json\/wp\/v2\/pages"}],"about":[{"href":"https:\/\/colloques.uqac.ca\/sbehg\/wp-json\/wp\/v2\/types\/page"}],"author":[{"embeddable":true,"href":"https:\/\/colloques.uqac.ca\/sbehg\/wp-json\/wp\/v2\/users\/63"}],"replies":[{"embeddable":true,"href":"https:\/\/colloques.uqac.ca\/sbehg\/wp-json\/wp\/v2\/comments?post=95"}],"version-history":[{"count":18,"href":"https:\/\/colloques.uqac.ca\/sbehg\/wp-json\/wp\/v2\/pages\/95\/revisions"}],"predecessor-version":[{"id":1089,"href":"https:\/\/colloques.uqac.ca\/sbehg\/wp-json\/wp\/v2\/pages\/95\/revisions\/1089"}],"wp:attachment":[{"href":"https:\/\/colloques.uqac.ca\/sbehg\/wp-json\/wp\/v2\/media?parent=95"}],"curies":[{"name":"wp","href":"https:\/\/api.w.org\/{rel}","templated":true}]}}