{"id":93,"date":"2021-10-26T14:44:05","date_gmt":"2021-10-26T19:44:05","guid":{"rendered":"http:\/\/colloques.uqac.ca\/sbehg\/?page_id=93"},"modified":"2021-11-20T15:12:17","modified_gmt":"2021-11-20T20:12:17","slug":"atelier-emotions","status":"publish","type":"page","link":"https:\/\/colloques.uqac.ca\/sbehg\/atelier-emotions\/","title":{"rendered":"Atelier 1 &#8211; Hommes, gar\u00e7ons et gestion des \u00e9motions"},"content":{"rendered":"<h5 style=\"color: #d21c1e\">Mise en ligne du webinaire : 16 novembre<\/h5>\n<table style=\"border: 1px solid #d21c1e\">\n<tbody>\n<tr>\n<td style=\"width: 30%;background-color: #d21c1e;color: white;font-size: 22px;text-align: center\">EN DIFF\u00c9R\u00c9<\/td>\n<td style=\"width: 70%;background-color: white;color: #d21c1e;text-align: center\"><a style=\"color: #d21c1e;text-decoration: none;font-size: 22px\" href=\"https:\/\/uqac.ca.panopto.com\/Panopto\/Pages\/Viewer.aspx?id=ba893c8f-bd31-4064-85fa-addc00f1a063\" target=\"_blank\">LIEN VERS LA CONF\u00c9RENCE<\/a><\/td>\n<\/tr>\n<\/tbody>\n<\/table>\n<h5 style=\"color: #d21c1e;margin-top: -5px\">Panel en lien avec cet atelier : 22 novembre de 11h30 \u00e0 13h30<\/h5>\n<table style=\"border: 1px solid #121010\">\n<tbody>\n<tr>\n<td style=\"width: 30%;background-color: #121010;color: white;font-size: 22px;text-align: center\">EN DIRECT<\/td>\n<td style=\"width: 70%;background-color: white;color: #121010;text-align: center\"><a style=\"color: #121010;text-decoration: none;font-size: 22px\" href=\"https:\/\/uqac.zoom.us\/j\/87156971519\" target=\"_blank\">LIEN VERS LE PANEL<\/a><\/td>\n<\/tr>\n<\/tbody>\n<\/table>\n<hr style=\"margin:0\" \/>\n<h5 style=\"margin-bottom: 0;margin-top:24px\">Animateur<\/h5>\n<ul>\n<li>\u00c9ric Pilote (UQAC)<\/li>\n<\/ul>\n<h5 style=\"margin-bottom: 5px\">Conf\u00e9rencier<\/h5>\n<table style=\"border:1px solid #d21c1e\">\n<tr>\n<td style=\"vertical-align:middle;background-color:#d21c1e;color:white;border:1px solid #d21c1e\">\n<h6 style=\"margin:0\">Steve Audet<\/h6>\n<\/td>\n<\/tr>\n<tr>\n<td>\n<div style=\"float: right;margin-left:10px;margin-top:10px\"><img loading=\"lazy\" decoding=\"async\" src=\"https:\/\/colloques.uqac.ca\/sbehg\/files\/2021\/10\/Steve-Audet-150x150.jpg\" alt=\"Steve Audet\" width=\"150\" height=\"150\" class=\"alignnone size-thumbnail wp-image-478\" srcset=\"https:\/\/colloques.uqac.ca\/sbehg\/files\/2021\/10\/Steve-Audet-150x150.jpg 150w, https:\/\/colloques.uqac.ca\/sbehg\/files\/2021\/10\/Steve-Audet-300x300.jpg 300w, https:\/\/colloques.uqac.ca\/sbehg\/files\/2021\/10\/Steve-Audet.jpg 942w\" sizes=\"(max-width: 150px) 100vw, 150px\" \/><\/div>\n<p style=\"text-align: justify;margin:3px\">Steve Audet, travailleur social et psychoth\u00e9rapeute est coresponsable du Centre de consultation conjugale et familiale de Qu\u00e9bec (CCCFQ), \u00e9tablissement qui offre des services de consultation aux individus, aux couples et aux familles vivant diff\u00e9rentes difficult\u00e9s, o\u00f9 il travaille depuis 2004. Il est charg\u00e9 de cours \u00e0 l\u2019Universit\u00e9 du Qu\u00e9bec \u00e0 Rimouski depuis 2008, o\u00f9 il enseigne des cours sur l\u2019intervention personnelle, l\u2019intervention de groupe, l\u2019intervention en contexte de violence conjugale et familiale et la pens\u00e9e critique dans les \u00e9tudes de genre. Sa th\u00e8se de doctorat a port\u00e9 sur le r\u00f4le des strat\u00e9gies de r\u00e9gulation des affects dans le processus de changement selon le point de vue d\u2019hommes ayant consult\u00e9 un professionnel de la relation d\u2019aide. Enfin, ses activit\u00e9s de recherche portent sur le changement humain, l\u2019adaptation, les strat\u00e9gies de r\u00e9gulation \u00e9motionnelle, les \u00e9motions et les th\u00e9ories syst\u00e9miques.<\/p>\n<\/td>\n<\/tr>\n<tr>\n<td style=\"vertical-align:middle;background-color:#d21c1e;color:white;border:1px solid #d21c1e;text-align:center\">\n<p style=\"margin:0\">Conf\u00e9rence<\/p>\n<h6 style=\"margin:0\">Des hommes et des \u00e9motions : mythes et r\u00e9alit\u00e9s<\/h6>\n<\/td>\n<\/tr>\n<tr>\n<td>\n<p style=\"text-align: justify;margin:3px\">Les \u00e9motions nous informent en continu \u00e0 propos de soi et de notre environnement. Elles nous relient au monde. Ces exp\u00e9riences \u00e9motionnelles contribuent \u00e0 fa\u00e7onner qui nous sommes et comment nous percevons le monde. Les hommes sont des humains sensibles qui sont capables de se relier \u00e0 eux-m\u00eames et au monde \u00e0 travers toute la gamme des \u00e9motions. Cette capacit\u00e9 repose sur le d\u00e9veloppement \u00e9motionnel qui s\u2019affine durant toute la vie. Pour peu qu\u2019ils soient encourag\u00e9s, les hommes comme les femmes vont d\u00e9velopper leurs capacit\u00e9s \u00e9motionnelles. Certaines id\u00e9es re\u00e7ues au sujet des hommes et des masculinit\u00e9s font croire d\u2019autres choses au sujet des capacit\u00e9s \u00e9motionnelles des hommes. Ces mythes doivent \u00eatre dissip\u00e9s pour jeter un regard neuf sur le v\u00e9cu \u00e9motionnel des hommes et les encourager \u00e0 reconqu\u00e9rir \u00ab\u00a0la puissance des \u00e9motions\u00a0\u00bb pour paraphraser le titre du livre de Michelle Larivey (2002).<\/p>\n<\/td>\n<\/tr>\n<\/table>\n<h5 style=\"margin-bottom: 5px\">\u00c9chos de la pratique avec trois intervenant\u00b7es<\/h5>\n<ul>\n<li>Patrick Gosselin (Hom&rsquo;asculin Port Cartier)<\/li>\n<li>Gw\u00e9na\u00ebl Granal (Centre de ressources pour hommes Optimun\/Groupes Trajectoires)<\/li>\n<li>Michel St-Gelais (Maison d\u2019accueil pour sans-abri de Chicoutimi)<\/li>\n<\/ul>\n<h5 style=\"margin-bottom: 5px\">Communication Libre<\/h5>\n<table style=\"border:1px solid #d21c1e\">\n<tr>\n<td style=\"vertical-align:middle;background-color:#d21c1e;color:white;border:1px solid #d21c1e\">\n<h6 style=\"margin:0\">Pierre L\u2019Heureux<\/h6>\n<\/td>\n<\/tr>\n<tr>\n<td>\n<div style=\"float: right;margin-left:10px;margin-top:10px\"><img loading=\"lazy\" decoding=\"async\" src=\"https:\/\/colloques.uqac.ca\/sbehg\/files\/2021\/10\/Pierre-lHeureux-150x150.png\" alt=\"Pierre l&#039;Heureux\" width=\"150\" height=\"150\" class=\"alignnone size-thumbnail wp-image-481\" \/><\/div>\n<p style=\"text-align: justify;line-height: normal;margin:3px\">Pierre L\u2019Heureux, d\u00e9tenteur d\u2019une ma\u00eetrise en \u00e9ducation, occupe le poste d\u2019intervenant social en CLSC depuis 1976 et celui de formateur et superviseur dans le domaine de l\u2019intervention en violence conjugale. Il fut co-directeur de l\u2019\u00e9quipe de recherche Masculinit\u00e9s et Soci\u00e9t\u00e9 affili\u00e9e au Centre de recherche interdisciplinaire sur la violence familiale et la violence faite aux femmes (CRI-VIFF). Il s\u2019int\u00e9resse tout particuli\u00e8rement \u00e0 l\u2019intervention aupr\u00e8s des agresseurs, aux th\u00e9rapies de groupe, aux client\u00e8les masculines et au transfert de connaissances. Il enseigne au programme Violence et soci\u00e9t\u00e9 de l&rsquo;Universit\u00e9 de Montr\u00e9al. <\/br><br \/>\nAvec son coll\u00e8gue Gilles Tremblay, il a form\u00e9 plus de 3 000 intervenant\u00b7es au Qu\u00e9bec int\u00e9ress\u00e9\u00b7es \u00e0 d\u00e9velopper leurs habilet\u00e9s dans l\u2019intervention aupr\u00e8s des client\u00e8les masculines. Leur mod\u00e8le d\u2019intervention publi\u00e9 en fran\u00e7ais et en anglais fait \u00e9cole. Depuis une dizaine d\u2019ann\u00e9es, il est aussi impliqu\u00e9 avec le R\u00e9seau QAJAQ Network \u00e0 titre de coordonnateur clinique.<\/p>\n<\/td>\n<\/tr>\n<tr>\n<td style=\"vertical-align:middle;background-color:#d21c1e;color:white;border:1px solid #d21c1e;text-align:center\">\n<p style=\"margin:0\">Conf\u00e9rence<\/p>\n<h6 style=\"margin:0\">Former \u00e0 l&rsquo;intervention aupr\u00e8s des gar\u00e7ons et des hommes et le travail des \u00e9motions<\/h6>\n<\/td>\n<\/tr>\n<tr>\n<td>\n<p style=\"text-align: justify;line-height: normal;margin:3px\">La formation \u00ab\u00a0Intervenir aupr\u00e8s des hommes\u00a0\u00bb circule et \u00e9volue depuis maintenant 20 ans. Au c\u0153ur de celle-ci se trouve le d\u00e9fi d\u2019op\u00e9rer un changement de paradigme. <\/br><br \/>\nCelui-ci porte sur deux dimensions changer notre regard-lecture des hommes et changer notre attitude-posture dans le travail d\u2019accompagnement.<\/br><br \/>\nParmi les cl\u00e9s de ce mod\u00e8le d\u2019intervention, plusieurs ont un impact sur le travail des \u00e9motions\u00a0: mettre l\u2019accent sur les forces plut\u00f4t que les d\u00e9ficits, supporter pour pouvoir affronter les c\u00f4t\u00e9s probl\u00e9matiques et traiter nos contre-transferts professionnels-syst\u00e9miques et \u2026 personnels.<\/br><br \/>\nLe travail des \u00e9motions impliquera d\u2019identifier le profil d\u2019homme en pr\u00e9sence et son rapport \u00e0 celles-ci. Il impliquera de risquer une posture d\u2019\u00e9galit\u00e9 dans la relation d\u2019aide (rencontre de 2 expertises) et parfois de prendre le risque d\u2019une certaine vuln\u00e9rabilit\u00e9 pour r\u00e9v\u00e9ler chez l\u2019homme\u2026 la sienne. Une palette de strat\u00e9gies et d\u2019outils sera \u00e0 d\u00e9velopper.<\/p>\n<\/td>\n<\/tr>\n<\/table>\n<p style=\"text-align: center\"><a title=\"Atelier \u2013 Passage \u00e0 l'acte\" href=\"https:\/\/colloques.uqac.ca\/sbehg\/atelier-acte\/\">Atelier suivant<\/a><\/p>\n","protected":false},"excerpt":{"rendered":"<p>Mise en ligne du webinaire : 16 novembre EN DIFF\u00c9R\u00c9 LIEN VERS LA CONF\u00c9RENCE Panel en lien avec cet atelier : 22 novembre de 11h30 \u00e0 13h30 EN DIRECT LIEN VERS LE PANEL Animateur \u00c9ric Pilote (UQAC) Conf\u00e9rencier Steve Audet Steve Audet, travailleur social et psychoth\u00e9rapeute est coresponsable du Centre de consultation conjugale et familiale &hellip; <a href=\"https:\/\/colloques.uqac.ca\/sbehg\/atelier-emotions\/\" class=\"more-link\">Continuer la lecture de <span class=\"screen-reader-text\">Atelier 1 &#8211; Hommes, gar\u00e7ons et gestion des \u00e9motions<\/span>  <span class=\"meta-nav\">&rarr;<\/span><\/a><\/p>\n","protected":false},"author":63,"featured_media":0,"parent":0,"menu_order":0,"comment_status":"closed","ping_status":"closed","template":"","meta":{"footnotes":""},"_links":{"self":[{"href":"https:\/\/colloques.uqac.ca\/sbehg\/wp-json\/wp\/v2\/pages\/93"}],"collection":[{"href":"https:\/\/colloques.uqac.ca\/sbehg\/wp-json\/wp\/v2\/pages"}],"about":[{"href":"https:\/\/colloques.uqac.ca\/sbehg\/wp-json\/wp\/v2\/types\/page"}],"author":[{"embeddable":true,"href":"https:\/\/colloques.uqac.ca\/sbehg\/wp-json\/wp\/v2\/users\/63"}],"replies":[{"embeddable":true,"href":"https:\/\/colloques.uqac.ca\/sbehg\/wp-json\/wp\/v2\/comments?post=93"}],"version-history":[{"count":32,"href":"https:\/\/colloques.uqac.ca\/sbehg\/wp-json\/wp\/v2\/pages\/93\/revisions"}],"predecessor-version":[{"id":1072,"href":"https:\/\/colloques.uqac.ca\/sbehg\/wp-json\/wp\/v2\/pages\/93\/revisions\/1072"}],"wp:attachment":[{"href":"https:\/\/colloques.uqac.ca\/sbehg\/wp-json\/wp\/v2\/media?parent=93"}],"curies":[{"name":"wp","href":"https:\/\/api.w.org\/{rel}","templated":true}]}}