{"id":91,"date":"2021-10-26T14:43:19","date_gmt":"2021-10-26T19:43:19","guid":{"rendered":"http:\/\/colloques.uqac.ca\/sbehg\/?page_id=91"},"modified":"2021-11-24T21:31:38","modified_gmt":"2021-11-25T02:31:38","slug":"atelier-paternite","status":"publish","type":"page","link":"https:\/\/colloques.uqac.ca\/sbehg\/atelier-paternite\/","title":{"rendered":"Atelier 3 &#8211; Hommes et soutien \u00e0 la paternit\u00e9"},"content":{"rendered":"<h5 style=\"color: #d21c1e\">Mise en ligne du webinaire : 17 novembre<\/h5>\n<table style=\"border: 1px solid #d21c1e\">\n<tbody>\n<tr>\n<td style=\"width: 30%;background-color: #d21c1e;color: white;font-size: 22px;text-align: center\">EN DIFF\u00c9R\u00c9<\/td>\n<td style=\"width: 70%;background-color: white;color: #d21c1e;text-align: center\"><a style=\"color: #d21c1e;text-decoration: none;font-size: 22px\" href=\"https:\/\/uqac.ca.panopto.com\/Panopto\/Pages\/Viewer.aspx?id=b9940e88-9884-45f5-907f-addc00f1a061\" target=\"_blank\">LIEN VERS LA CONF\u00c9RENCE<\/a><\/td>\n<\/tr>\n<\/tbody>\n<\/table>\n<h5 style=\"color: #d21c1e;margin-top: -5px\">Panel en lien avec cet atelier : 24 novembre de 11h30 \u00e0 13h30<\/h5>\n<table style=\"border: 1px solid #121010\">\n<tbody>\n<tr>\n<td style=\"width: 30%;background-color: #121010;color: white;font-size: 22px;text-align: center\">REDIFFUSION<\/td>\n<td style=\"width: 70%;background-color: white;color: #121010;text-align: center\"><a style=\"color: #121010;text-decoration: none;font-size: 22px\" href=\"https:\/\/uqac.ca.panopto.com\/Panopto\/Pages\/Viewer.aspx?id=2d9702bf-fbb3-4c54-995d-adea016b879c\" target=\"_blank\">LIEN VERS LA REDIFFUSION<\/a><\/td>\n<\/tr>\n<\/tbody>\n<\/table>\n<hr style=\"margin:0\" \/>\n<h5 style=\"margin-bottom: 0;margin-top:24px\">Animateur<\/h5>\n<ul>\n<li>R\u00e9mi Riverin<\/li>\n<\/ul>\n<h5 style=\"margin-bottom: 5px\">Conf\u00e9renci\u00e8re<\/h5>\n<table style=\"border:1px solid #d21c1e\">\n<tr>\n<td style=\"vertical-align:middle;background-color:#d21c1e;color:white;border:1px solid #d21c1e\">\n<h6 style=\"margin:0\">Diane Dubeau<\/h6>\n<\/td>\n<\/tr>\n<tr>\n<td>\n<div style=\"float: right;margin-left:10px;margin-top:10px\"><img loading=\"lazy\" decoding=\"async\" src=\"https:\/\/colloques.uqac.ca\/sbehg\/files\/2021\/10\/Diane-Dubeau-133x150.png\" alt=\"Diane Dubeau\" width=\"133\" height=\"150\" class=\"alignnone size-thumbnail wp-image-486\" \/><\/div>\n<p style=\"text-align: justify;margin:3px\">Diane Dubeau est professeure-chercheure au D\u00e9partement de psycho\u00e9ducation et de psychologie de l\u2019Universit\u00e9 du Qu\u00e9bec en Outaouais depuis 1991. Elle est titulaire d\u2019un Ph.D. en psychologie du d\u00e9veloppement de l\u2019UQAM et d\u2019une maitrise sp\u00e9cialis\u00e9e en enfance de l\u2019UQTR. Elle a assum\u00e9 la responsabilit\u00e9 du Centre de recherche \u00e9valuative sur des programmes d\u2019intervention psychosociale et de l\u2019Action concert\u00e9e portant sur \u00ab L\u2019effet des services pr\u00e9ventifs aupr\u00e8s des p\u00e8res en difficult\u00e9 et de leurs enfants \u00bb. Elle est associ\u00e9e \u00e0 titre de co-chercheur aux \u00e9quipes \u00ab S\u00e9paration conjugale et recomposition familiale \u00bb (CRSH partenariat), \u00ab Paternit\u00e9, famille et soci\u00e9t\u00e9 \u00bb (FQRSC), au Centre d\u2019\u00e9tudes et de recherches sur l\u2019intervention familiale (CERIF) ainsi qu\u2019\u00e0 l\u2019Institut universitaire Jeunes en difficult\u00e9 du CIUSSS du Centre-Sud-de-l\u2019Ile-de-Montr\u00e9al. Elle est \u00e9galement pr\u00e9sidente du Regroupement pour la Valorisation de la Paternit\u00e9 depuis plus de 10 ans.<\/p>\n<\/td>\n<\/tr>\n<tr>\n<td style=\"vertical-align:middle;background-color:#d21c1e;color:white;border:1px solid #d21c1e;text-align:center\">\n<p style=\"margin:0\">Conf\u00e9rence<\/p>\n<h6 style=\"margin:0\">Entre Toits &#8211; B\u00e2tir un r\u00e9seau de Maisons Oxyg\u00e8ne<\/h6>\n<\/td>\n<\/tr>\n<tr>\n<td>\n<p style=\"text-align: justify;margin:3px\">Le projet <em>Entre Toits \u2013 B\u00e2tir un r\u00e9seau de Maisons Oxyg\u00e8ne<\/em>\u00a0r\u00e9alis\u00e9 entre 2017-2018 visait \u00e0 favoriser l\u2019arrimage des pratiques et des connaissances entre les Maisons Oxyg\u00e8ne afin de mieux r\u00e9pondre aux besoins des p\u00e8res h\u00e9berg\u00e9s et leurs enfants. Les r\u00e9sultats de l\u2019\u00e9tude \u00e9valuative d\u00e9montrent que les activit\u00e9s de formation et de suivi ont connu un vif succ\u00e8s consid\u00e9rant le taux de participation, les \u00e9valuations de satisfaction et les effets per\u00e7us. Au-del\u00e0 de l\u2019acquisition de connaissances, des changements de pratiques sont observ\u00e9s par l\u2019implantation du programme <em>Avec papa c\u2019est diff\u00e9rent<\/em>\u00a0!, des accompagnements Relais-P\u00e8res, l\u2019utilisation des outils de supervision ou encore par la r\u00e9f\u00e9rence ou la consultation aupr\u00e8s de l\u2019organisme P\u00e8res s\u00e9par\u00e9s inc. Le d\u00e9veloppement d\u2019un sentiment d\u2019appartenance envers le R\u00e9seau MO est s\u00fbrement l\u2019une des belles r\u00e9ussites de ce projet qui aura permis d\u2019harmoniser les pratiques et d\u2019adopter un langage commun.<\/p>\n<\/td>\n<\/tr>\n<\/table>\n<h5 style=\"margin-bottom: 5px\">\u00c9chos de la pratique avec trois intervenant\u00b7es<\/h5>\n<ul>\n<li>Edmond Michaud (Hommes Sept-\u00celes\/Maison Oxyg\u00e8ne, Sept-\u00celes)<\/li>\n<li>Patrick Desbiens (Homme Aide Manicouagan\/Maison Oxyg\u00e8ne, Baie-Comeau)<\/li>\n<li>S\u00e9bastien Ouellet (CRH-Optimum\/Maison Oxyg\u00e8ne-Lac-Saint-Jean)<\/li>\n<\/ul>\n<h5 style=\"margin-bottom: 5px\">Communication Libre<\/h5>\n<table style=\"border:1px solid #d21c1e\">\n<tr>\n<td style=\"vertical-align:middle;background-color:#d21c1e;color:white;border:1px solid #d21c1e\">\n<h6 style=\"margin:0\">Christine Fortin (&amp; Diane Dubeau)<\/h6>\n<\/td>\n<\/tr>\n<tr>\n<td>\n<div style=\"float: right;margin-left:10px;margin-top:10px\"><img loading=\"lazy\" decoding=\"async\" src=\"https:\/\/colloques.uqac.ca\/sbehg\/files\/2021\/10\/image_2021-10-31_022714.png\" alt=\"image_2021-10-31_022714\" width=\"133\" height=\"127\" class=\"alignnone size-full wp-image-487\" \/><\/div>\n<p style=\"text-align: justify;margin:3px\">Riche d\u2019une longue exp\u00e9rience dans le domaine du d\u00e9veloppement social, Christine Fortin s\u2019implique en 2007 au Carrefour Familial Hochelaga pour \u00e9viter la fermeture de l\u2019organisme. Elle r\u00e9ussit \u00e0 g\u00e9n\u00e9rer 2 millions annuellement en cr\u00e9ant une garderie communautaire, une \u00e9cole hors murs et deux Maisons Oxyg\u00e8ne. Ensuite, elle se d\u00e9marque avec le projet \u00ab\u00a0Portes ouvertes sur l\u2019espoir\u00a0\u00bb visant l\u2019ouverture de 5 ressources d\u2019h\u00e9bergement pour p\u00e8res-enfants \u00e0 travers le Qu\u00e9bec. Ce projet comprend\u00a0: La conception d\u2019une image corporative (2008); La r\u00e9daction de l\u2019expertise; La r\u00e9daction d\u2019un livre de t\u00e9moignages (2009); Un protocole pour l\u2019attribution du label Maison Oxyg\u00e8ne; La fondation du R\u00e9seau Maisons Oxyg\u00e8ne (2013) et sa reconnaissance par MSSS en 2015; Un programme de transfert des connaissances et l\u2019acquisition d\u2019une nouvelle maison. En 2014, 11 maisons avaient demand\u00e9 le label Maison Oxyg\u00e8ne dans 8 r\u00e9gions du Qu\u00e9bec. Depuis 2019, elle assume la direction g\u00e9n\u00e9rale du R\u00e9seau Maison Oxyg\u00e8ne.<\/p>\n<\/td>\n<\/tr>\n<tr>\n<td style=\"vertical-align:middle;background-color:#d21c1e;color:white;border:1px solid #d21c1e;text-align:center\">\n<p style=\"margin:0\">Conf\u00e9rence<\/p>\n<h6 style=\"margin:0\">Une cartographie des services communautaires de soutien aux p\u00e8res en difficult\u00e9 et leurs enfants<\/h6>\n<\/td>\n<\/tr>\n<tr>\n<td>\n<p style=\"text-align: justify;line-height: normal;margin:3px\">\u00c0 l\u2019automne 2011, le ministre de la Sant\u00e9 et des Services sociaux mettait en place un comit\u00e9 d\u2019experts charg\u00e9 de faire le point sur la situation des homicides intrafamiliaux au Qu\u00e9bec et de lui remettre ses recommandations. Comme pr\u00e9sident, c\u2019est avec fiert\u00e9 que je rendais public le rapport du Comit\u00e9 le 22\u00a0novembre 2012. Qu\u2019en est-il presqu\u2019une d\u00e9cennie plus tard? La pr\u00e9sentation tentera de cerner les avanc\u00e9es r\u00e9alis\u00e9es et les points sur lesquels devraient porter notre attention dans le futur en mati\u00e8re de pr\u00e9vention des homicides intrafamiliaux.<\/p>\n<\/td>\n<\/tr>\n<\/table>\n<p style=\"text-align: center\"><a title=\"Atelier \u2013 Passage \u00e0 l\u2019acte\" href=\"https:\/\/colloques.uqac.ca\/sbehg\/atelier-acte\/\">Atelier pr\u00e9c\u00e9dent<\/a>\u00a0&#8211;\u00a0<a title=\"Atelier \u2013 D\u00e9construction du genre\" href=\"https:\/\/colloques.uqac.ca\/sbehg\/atelier-genre\/\">Atelier suivant<\/a><\/p>\n","protected":false},"excerpt":{"rendered":"<p>Mise en ligne du webinaire : 17 novembre EN DIFF\u00c9R\u00c9 LIEN VERS LA CONF\u00c9RENCE Panel en lien avec cet atelier : 24 novembre de 11h30 \u00e0 13h30 REDIFFUSION LIEN VERS LA REDIFFUSION Animateur R\u00e9mi Riverin Conf\u00e9renci\u00e8re Diane Dubeau Diane Dubeau est professeure-chercheure au D\u00e9partement de psycho\u00e9ducation et de psychologie de l\u2019Universit\u00e9 du Qu\u00e9bec en Outaouais &hellip; <a href=\"https:\/\/colloques.uqac.ca\/sbehg\/atelier-paternite\/\" class=\"more-link\">Continuer la lecture de <span class=\"screen-reader-text\">Atelier 3 &#8211; Hommes et soutien \u00e0 la paternit\u00e9<\/span>  <span class=\"meta-nav\">&rarr;<\/span><\/a><\/p>\n","protected":false},"author":63,"featured_media":0,"parent":0,"menu_order":0,"comment_status":"closed","ping_status":"closed","template":"","meta":{"footnotes":""},"_links":{"self":[{"href":"https:\/\/colloques.uqac.ca\/sbehg\/wp-json\/wp\/v2\/pages\/91"}],"collection":[{"href":"https:\/\/colloques.uqac.ca\/sbehg\/wp-json\/wp\/v2\/pages"}],"about":[{"href":"https:\/\/colloques.uqac.ca\/sbehg\/wp-json\/wp\/v2\/types\/page"}],"author":[{"embeddable":true,"href":"https:\/\/colloques.uqac.ca\/sbehg\/wp-json\/wp\/v2\/users\/63"}],"replies":[{"embeddable":true,"href":"https:\/\/colloques.uqac.ca\/sbehg\/wp-json\/wp\/v2\/comments?post=91"}],"version-history":[{"count":20,"href":"https:\/\/colloques.uqac.ca\/sbehg\/wp-json\/wp\/v2\/pages\/91\/revisions"}],"predecessor-version":[{"id":1096,"href":"https:\/\/colloques.uqac.ca\/sbehg\/wp-json\/wp\/v2\/pages\/91\/revisions\/1096"}],"wp:attachment":[{"href":"https:\/\/colloques.uqac.ca\/sbehg\/wp-json\/wp\/v2\/media?parent=91"}],"curies":[{"name":"wp","href":"https:\/\/api.w.org\/{rel}","templated":true}]}}