{"id":7,"date":"2013-09-10T18:41:15","date_gmt":"2013-09-10T18:41:15","guid":{"rendered":"http:\/\/colloques.uqac.ca\/modelecolloque\/?page_id=7"},"modified":"2021-11-14T00:35:03","modified_gmt":"2021-11-14T05:35:03","slug":"accueil","status":"publish","type":"page","link":"https:\/\/colloques.uqac.ca\/sbehg\/","title":{"rendered":""},"content":{"rendered":"<h1 style=\"color: #121010;text-align: center\"><img loading=\"lazy\" decoding=\"async\" src=\"https:\/\/colloques.uqac.ca\/sbehg\/files\/2013\/09\/NUM_Colloque-Masculinit\u00e9s-3321333-1024x469.jpg\" alt=\"NUM_Colloque Masculinit\u00e9s-33[21333]\" width=\"474\" height=\"217\" class=\"aligncenter size-large wp-image-861\" srcset=\"https:\/\/colloques.uqac.ca\/sbehg\/files\/2013\/09\/NUM_Colloque-Masculinit\u00e9s-3321333-1024x469.jpg 1024w, https:\/\/colloques.uqac.ca\/sbehg\/files\/2013\/09\/NUM_Colloque-Masculinit\u00e9s-3321333-300x138.jpg 300w, https:\/\/colloques.uqac.ca\/sbehg\/files\/2013\/09\/NUM_Colloque-Masculinit\u00e9s-3321333.jpg 1385w\" sizes=\"(max-width: 474px) 100vw, 474px\" \/><\/h1>\n<h1 style=\"color: #121010;text-align: center;margin-top:0px\">Bienvenue sur le site du colloque<\/h1>\n<p style=\"text-align: justify;color: #121010\">\u00c0 l\u2019occasion de son premier colloque, le Laboratoire de recherche sur les r\u00e9alit\u00e9s masculines au Saguenay\u2013Lac-Saint-Jean (L2RM-SLSJ) est fier d\u2019offrir un \u00e9v\u00e9nement en ligne d\u2019une quinzaine de jours gratuit et en acc\u00e8s libre avec des contenus de qualit\u00e9 sous la forme de webinaires en direct et en diff\u00e9r\u00e9. Plus d\u2019une quarantaine de conf\u00e9rencier\u00b7i\u00e8re\u00b7s et de pan\u00e9listes parleront de la diversit\u00e9 des enjeux entourant la sant\u00e9 et le bien-\u00eatre des hommes et des gar\u00e7ons, ainsi que des particularit\u00e9s de l\u2019intervention chez la client\u00e8le masculine en r\u00e9gion. Cet \u00e9v\u00e9nement est ouvert aux chercheur\u00b7euse\u00b7s, \u00e9tudiant\u00b7e\u00b7s, intervenant\u00b7e\u00b7s et gestionnaires des domaines de la sant\u00e9 et des services sociaux.<\/p>\n<table style=\"height: 100px;border: white 5px solid\" width=\"100%\">\n<tbody>\n<tr>\n<td style=\"text-align: center;width: 50%;vertical-align: middle;background-color: #d21c1e;border: none;border-right: 5px white solid\">\n<p style=\"margin: 0;margin-top: 24px\"><a style=\"color: white;text-decoration: none;font-weight: bold;font-size: 125%\" title=\"Programmation\" href=\"https:\/\/colloques.uqac.ca\/sbehg\/programmation-2\/\">Programmation<\/a><\/p>\n<p style=\"margin: 0;margin-top: 1%;margin-bottom: 18px\"><a style=\"color: white;text-decoration: none;font-weight: bold;font-size: 125%\" title=\"Programmation\" href=\"https:\/\/colloques.uqac.ca\/sbehg\/programmation-2\/\">+<\/a><\/p>\n<\/td>\n<td style=\"text-align: center;width: 50%;vertical-align: middle;background-color: #d21c1e;border: none;border-left: 5px white solid\">\n<p style=\"margin: 0;margin-top: 24px\"><a style=\"color: white;text-decoration: none;font-weight: bold;font-size: 125%\" title=\"Formulaire d\u2019inscription\" href=\"https:\/\/colloques.uqac.ca\/sbehg\/formulaire-dinscription\/\">Formulaire d&rsquo;inscription<\/a><\/p>\n<p style=\"margin: 0;margin-top: 1%;margin-bottom: 18px\"><a style=\"color: white;text-decoration: none;font-weight: bold;font-size: 150%\" title=\"Programmation\" href=\"https:\/\/colloques.uqac.ca\/sbehg\/formulaire-dinscription\/\">+<\/a><\/p>\n<\/td>\n<\/tr>\n<tr>\n<td style=\"text-align: center;width: 100%;vertical-align: middle;background-color: #121010;border: none;border-top: 10px white solid\" colspan=\"2\">\n<p style=\"margin: 12px;color: white;text-decoration: none;font-weight: bold;font-size: 125%\">Activit\u00e9s sp\u00e9ciales<\/p>\n<\/td>\n<\/tr>\n<tr>\n<td style=\"text-align: center;width: 50%;vertical-align: middle;background-color: white;border: 1px #121010 solid\" colspan=\"2\">\n<p style=\"margin-top: 12px;font-size: 110%\"><a style=\"color: #d21c1e\" title=\"Activit\u00e9 d\u2019ouverture\" href=\"https:\/\/colloques.uqac.ca\/sbehg\/act-ouverture\/\">Activit\u00e9 de lancement<\/a><\/p>\n<hr style=\"margin:24px\" \/>\n<p style=\"font-size: 110%;margin-bottom:0\"><a style=\"color: #d21c1e\" title=\"Activit\u00e9 \u2013 Conf\u00e9rence de Mme Lizplank\" href=\"https:\/\/colloques.uqac.ca\/sbehg\/act-conf-lizplank\/\">Dialogue pour une masculinit\u00e9 positive<\/a><\/p>\n<p style=\"text-align:center;margin-bottom:0;margin-top:7px\">Avec<\/p>\n<p style=\"text-align:center;margin-bottom:5px\"><img loading=\"lazy\" decoding=\"async\" style=\"border:1px solid #121010\" src=\"https:\/\/colloques.uqac.ca\/sbehg\/files\/2021\/10\/LizPlank1-150x150.png\" alt=\"LizPlank\" width=\"150\" height=\"150\" class=\"aligncenter size-thumbnail wp-image-822\" \/><\/p>\n<h6 style=\"margin-bottom:-5px;text-align:center;margin-top:0\">Liz Plank<\/h6>\n<p style=\"text-align:center;font-style: italic\">Pr\u00e9sidente d&rsquo;honneur<\/p>\n<hr style=\"margin:24px\" \/>\n<p style=\"font-size: 110%\"><a style=\"color: #d21c1e\" title=\"Activit\u00e9 - SLSJ\" href=\"https:\/\/colloques.uqac.ca\/sbehg\/activite-rirm\/\">Activit\u00e9 de mobilisation r\u00e9gionale organis\u00e9e par le Regroupement intersectoriel sur les r\u00e9alit\u00e9s masculines au Saguenay\u2013Lac-Saint-Jean<\/a><\/p>\n<hr style=\"margin:24px\" \/>\n<p style=\"font-size: 110%\"><a style=\"color: #d21c1e\" title=\"Activit\u00e9 \u2013 CN\" href=\"https:\/\/colloques.uqac.ca\/sbehg\/activite-table-nord-cotiere\/\">Activit\u00e9 de mobilisation r\u00e9gionale organis\u00e9e par la Table nord-c\u00f4ti\u00e8re sur les r\u00e9alit\u00e9s masculines<\/a><\/p>\n<hr style=\"margin:24px\" \/>\n<p style=\"font-size: 110%;margin-bottom:0\"><a style=\"color: #d21c1e\" title=\"Activit\u00e9 \u2013 Panel Sport Sant\u00e9 Mentale\" href=\"https:\/\/colloques.uqac.ca\/sbehg\/act-panel-ssm\/\">La sant\u00e9 mentale et la demande d\u2019aide dans le sport de haut niveau<\/a><\/p>\n<p style=\"text-align:center;margin-bottom:0;margin-top:7px\">Avec<\/p>\n<table style=\"border:none\">\n<tr style=\"border:none\">\n<td style=\"border:none;width:33%\">\n<p style=\"text-align:center;margin-bottom:5px\"><img loading=\"lazy\" decoding=\"async\" style=\"border:1px solid #121010\" src=\"https:\/\/colloques.uqac.ca\/sbehg\/files\/2013\/09\/Yanick_Jean.png\" alt=\"Yanick_Jean\" width=\"150\" height=\"150\" class=\"aligncenter size-full wp-image-892\" \/><\/p>\n<h6 style=\"margin-bottom:-5px;text-align:center;margin-top:0\">Yanick Jean<\/h6>\n<\/td>\n<td style=\"border:none;width:33%\">\n<p style=\"text-align:center;margin-bottom:5px\"><img loading=\"lazy\" decoding=\"async\" style=\"border:1px solid #121010\" src=\"https:\/\/colloques.uqac.ca\/sbehg\/files\/2013\/09\/Francis_Verreault-Paul.png\" alt=\"Francis_Verreault-Paul\" width=\"150\" height=\"150\" class=\"aligncenter size-full wp-image-893\" \/><\/p>\n<h6 style=\"margin-bottom:-5px;text-align:center;margin-top:0\">Francis Verreault-Paul<\/h6>\n<\/td>\n<td style=\"border:none;width:33%\">\n<p style=\"text-align:center;margin-bottom:5px\"><img loading=\"lazy\" decoding=\"async\" style=\"border:1px solid #121010\" src=\"https:\/\/colloques.uqac.ca\/sbehg\/files\/2013\/09\/Jacques_Plouffe.png\" alt=\"Jacques_Plouffe\" width=\"150\" height=\"150\" class=\"aligncenter size-full wp-image-894\" \/><\/p>\n<h6 style=\"margin-bottom:-5px;text-align:center;margin-top:0\">Jacques Plouffe<\/h6>\n<\/td>\n<\/tr>\n<\/table>\n<hr style=\"margin:24px\" \/>\n<p style=\"font-size: 110%;margin-bottom:0\"><a style=\"color: #d21c1e\" title=\"Activit\u00e9 \u2013 Conf\u00e9rence de Julien Gravelle\" href=\"https:\/\/colloques.uqac.ca\/sbehg\/activite-julien-gravelle\/\">Rencontre avec Julien Gravelle, auteur du livre <em>Nos renoncements<\/em><\/a><\/p>\n<p style=\"margin-bottom:0\"><a href=\"https:\/\/colloques.uqac.ca\/sbehg\/files\/2021\/11\/Nos-renoncements-Rencontre-FB1067.jpg\" target=\"_blank\"><img loading=\"lazy\" decoding=\"async\" src=\"https:\/\/colloques.uqac.ca\/sbehg\/files\/2021\/11\/Nos-renoncements-Rencontre-FB1067-300x157.jpg\" alt=\"Nos renoncements Rencontre FB[1067]\" width=\"300\" height=\"157\" class=\"aligncenter size-medium wp-image-1035\" srcset=\"https:\/\/colloques.uqac.ca\/sbehg\/files\/2021\/11\/Nos-renoncements-Rencontre-FB1067-300x157.jpg 300w, https:\/\/colloques.uqac.ca\/sbehg\/files\/2021\/11\/Nos-renoncements-Rencontre-FB1067-1024x536.jpg 1024w\" sizes=\"(max-width: 300px) 100vw, 300px\" \/><\/a><\/p>\n<p style=\"text-align:center;font-size:12px\"><a style=\"color:#d21c1e;text-decoration:none\" href=\"https:\/\/colloques.uqac.ca\/sbehg\/files\/2021\/11\/Nos-renoncements-Rencontre-FB1067.jpg\" target=\"_blank\">Agrandir<\/a><\/p>\n<hr style=\"margin:24px\" \/>\n<p style=\"font-size: 110%\"><a style=\"color: #d21c1e\" title=\"Activit\u00e9 \u2013 Fermeture\" href=\"https:\/\/colloques.uqac.ca\/sbehg\/act-fermeture\/\">Activit\u00e9 de fermeture<\/a><\/p>\n<\/td>\n<\/tr>\n<\/tbody>\n<\/table>\n<h2 style=\"text-align: center\">Ateliers<\/h2>\n<table style=\"height: 100px;border: white 5px solid\" width=\"100%\">\n<p><!-- ATELIER #1 --><\/p>\n<tr>\n<td style=\"text-align: left;width: 100%;vertical-align: middle;background-color: #d21c1e;border: none;border-bottom: 5px white solid\">\n<p style=\"margin: 24px\"><a style=\"color: white;text-decoration: none;font-size: 125%\" title=\"Atelier-Emotions\" href=\"https:\/\/colloques.uqac.ca\/sbehg\/atelier-emotions\/\"><b>Atelier 1 :<\/b> Hommes, gar\u00e7ons et gestion des \u00e9motions<\/a><\/p>\n<\/td>\n<\/tr>\n<p><!-- ATELIER #2 --><\/p>\n<tr>\n<td style=\"text-align: left;width: 100%;vertical-align: middle;background-color: #d21c1e;border: none;border-bottom: 5px white solid\">\n<p style=\"margin: 24px\"><a style=\"color: white;text-decoration: none;font-size: 125%\" title=\"Atelier-Passage a l'acte\" href=\"https:\/\/colloques.uqac.ca\/sbehg\/atelier-acte\/\"><b>Atelier 2 :<\/b> Hommes et passage \u00e0 l&rsquo;acte intrafamilial<\/a><\/p>\n<\/td>\n<\/tr>\n<p><!-- ATELIER #3 --><\/p>\n<tr>\n<td style=\"text-align: left;width: 100%;vertical-align: middle;background-color: #d21c1e;border: none;border-bottom: 5px white solid\">\n<p style=\"margin: 24px\"><a style=\"color: white;text-decoration: none;font-size: 125%\" title=\"Atelier-Emotions\" href=\"https:\/\/colloques.uqac.ca\/sbehg\/atelier-paternite\/\"><b>Atelier 3 :<\/b> Hommes et soutien \u00e0 la paternit\u00e9<\/a><\/p>\n<\/td>\n<\/tr>\n<p><!-- ATELIER #4 --><\/p>\n<tr>\n<td style=\"text-align: left;width: 100%;vertical-align: middle;background-color: #d21c1e;border: none;border-bottom: 5px white solid\">\n<p style=\"margin: 24px\"><a style=\"color: white;text-decoration: none;font-size: 125%\" title=\"Atelier-Passage a l'acte\" href=\"https:\/\/colloques.uqac.ca\/sbehg\/atelier-genre\/\"><b>Atelier 4 :<\/b> Hommes, gar\u00e7ons et (d\u00e9)construction de genre<\/a><\/p>\n<\/td>\n<\/tr>\n<p><!-- ATELIER #5 --><\/p>\n<tr>\n<td style=\"text-align: left;width: 100%;vertical-align: middle;background-color: #d21c1e;border: none;border-bottom: 5px white solid\">\n<p style=\"margin: 24px\"><a style=\"color: white;text-decoration: none;font-size: 125%\" title=\"Atelier-Passage a l'acte\" href=\"https:\/\/colloques.uqac.ca\/sbehg\/atelier-shed\/\"><b>Atelier 5 :<\/b> Hommes, isolement social et pratiques novatrices<\/a><\/p>\n<\/td>\n<\/tr>\n<p><!-- ATELIER #6 --><\/p>\n<tr>\n<td style=\"text-align: left;width: 100%;vertical-align: middle;background-color: #d21c1e;border: none;border-bottom: 5px white solid\">\n<p style=\"margin: 24px\"><a style=\"color: white;text-decoration: none;font-size: 125%\" title=\"Atelier-Emotions\" href=\"https:\/\/colloques.uqac.ca\/sbehg\/atelier-diversite\/\"><b>Atelier 6 :<\/b> Hommes, gar\u00e7ons et diversit\u00e9 sexuelle et de genre<\/a><\/p>\n<\/td>\n<\/tr>\n<p><!-- ATELIER #7 --><\/p>\n<tr>\n<td style=\"text-align: left;width: 100%;vertical-align: middle;background-color: #d21c1e;border: none;border-bottom: 5px white solid\">\n<p style=\"margin: 24px\"><a style=\"color: white;text-decoration: none;font-size: 125%\" title=\"Atelier-Passage a l'acte\" href=\"https:\/\/colloques.uqac.ca\/sbehg\/atelier-hommes-autochtones\/\"><b>Atelier 7 :<\/b> Hommes et gar\u00e7ons autochtones<\/a><\/p>\n<\/table>\n<h2 style=\"text-align: center;margin-top: 75px\">Campagnes<\/h2>\n<table style=\"border: 0\">\n<tbody>\n<tr>\n<td style=\"text-align: center;border: 0\">\n<h6 style=\"margin-top: 0;margin-bottom: 0\"><a style=\"color: #d21c1e;text-decoration: none\" href=\"http:\/\/alecoutedeshommes.com\">\u00c0 l&rsquo;\u00e9coute des hommes<\/a><\/h6>\n<p><a href=\"http:\/\/alecoutedeshommes.com\"><img loading=\"lazy\" decoding=\"async\" class=\"aligncenter size-full wp-image-698\" src=\"https:\/\/colloques.uqac.ca\/sbehg\/files\/2013\/09\/Parler.png\" alt=\"Parler\" width=\"400\" height=\"72\" srcset=\"https:\/\/colloques.uqac.ca\/sbehg\/files\/2013\/09\/Parler.png 400w, https:\/\/colloques.uqac.ca\/sbehg\/files\/2013\/09\/Parler-300x54.png 300w\" sizes=\"(max-width: 400px) 100vw, 400px\" \/><\/a><\/td>\n<\/tr>\n<tr>\n<td style=\"text-align: center;border: 0\">\n<h6 style=\"margin-top: 50px;margin-bottom: 0\"><a style=\"color: #d21c1e;text-decoration: none\" href=\"ca.movember.com\/fr \">Movember<\/a><\/h6>\n<p style=\"margin-bottom: 0\"><a href=\"http:\/\/ca.movember.com\/fr\"><img loading=\"lazy\" decoding=\"async\" class=\"aligncenter size-full wp-image-700\" src=\"https:\/\/colloques.uqac.ca\/sbehg\/files\/2013\/09\/Movember.png\" alt=\"Movember\" width=\"270\" height=\"150\" srcset=\"https:\/\/colloques.uqac.ca\/sbehg\/files\/2013\/09\/Movember.png 400w, https:\/\/colloques.uqac.ca\/sbehg\/files\/2013\/09\/Movember-300x167.png 300w\" sizes=\"(max-width: 270px) 100vw, 270px\" \/><\/a><\/p>\n<p style=\"font-style: italic;margin-bottom: 0\">\u00ab Contribuez \u00e0 Movember pour changer la face de la sant\u00e9 masculine. Aidez les hommes \u00e0 vivre plus heureux, plus longtemps, et plus en sant\u00e9. \u00bb<\/p>\n<h6 style=\"margin-top: 0\"><a style=\"color: #d21c1e;text-decoration: none\" href=\"https:\/\/ca.movember.com\/fr\/donate\/details\/?memberId=94#amount\">Faites un don ici<\/a><\/h6>\n<\/td>\n<\/tr>\n<\/tbody>\n<\/table>\n","protected":false},"excerpt":{"rendered":"<p>Bienvenue sur le site du colloque \u00c0 l\u2019occasion de son premier colloque, le Laboratoire de recherche sur les r\u00e9alit\u00e9s masculines au Saguenay\u2013Lac-Saint-Jean (L2RM-SLSJ) est fier d\u2019offrir un \u00e9v\u00e9nement en ligne d\u2019une quinzaine de jours gratuit et en acc\u00e8s libre avec des contenus de qualit\u00e9 sous la forme de webinaires en direct et en diff\u00e9r\u00e9. Plus &hellip; <a href=\"https:\/\/colloques.uqac.ca\/sbehg\/\" class=\"more-link\">Continuer la lecture de <span class=\"screen-reader-text\"><\/span>  <span class=\"meta-nav\">&rarr;<\/span><\/a><\/p>\n","protected":false},"author":5,"featured_media":808,"parent":0,"menu_order":0,"comment_status":"closed","ping_status":"closed","template":"page-templates\/full-width.php","meta":{"footnotes":""},"_links":{"self":[{"href":"https:\/\/colloques.uqac.ca\/sbehg\/wp-json\/wp\/v2\/pages\/7"}],"collection":[{"href":"https:\/\/colloques.uqac.ca\/sbehg\/wp-json\/wp\/v2\/pages"}],"about":[{"href":"https:\/\/colloques.uqac.ca\/sbehg\/wp-json\/wp\/v2\/types\/page"}],"author":[{"embeddable":true,"href":"https:\/\/colloques.uqac.ca\/sbehg\/wp-json\/wp\/v2\/users\/5"}],"replies":[{"embeddable":true,"href":"https:\/\/colloques.uqac.ca\/sbehg\/wp-json\/wp\/v2\/comments?post=7"}],"version-history":[{"count":168,"href":"https:\/\/colloques.uqac.ca\/sbehg\/wp-json\/wp\/v2\/pages\/7\/revisions"}],"predecessor-version":[{"id":1040,"href":"https:\/\/colloques.uqac.ca\/sbehg\/wp-json\/wp\/v2\/pages\/7\/revisions\/1040"}],"wp:featuredmedia":[{"embeddable":true,"href":"https:\/\/colloques.uqac.ca\/sbehg\/wp-json\/wp\/v2\/media\/808"}],"wp:attachment":[{"href":"https:\/\/colloques.uqac.ca\/sbehg\/wp-json\/wp\/v2\/media?parent=7"}],"curies":[{"name":"wp","href":"https:\/\/api.w.org\/{rel}","templated":true}]}}