{"id":679,"date":"2021-10-31T16:53:44","date_gmt":"2021-10-31T21:53:44","guid":{"rendered":"http:\/\/colloques.uqac.ca\/sbehg\/?page_id=679"},"modified":"2021-11-02T16:02:32","modified_gmt":"2021-11-02T21:02:32","slug":"credits-et-remerciements","status":"publish","type":"page","link":"https:\/\/colloques.uqac.ca\/sbehg\/credits-et-remerciements\/","title":{"rendered":"Cr\u00e9dits et remerciements"},"content":{"rendered":"<h6 style=\"text-decoration: underline;margin-bottom: 0px\">Cr\u00e9dit photographique<\/h6>\n<ul>\n<li>Nicolas L\u00e9vesque, <span style=\"font-style: italic\">Cin\u00e9aste, photographe et directeur cr\u00e9atif de Canop\u00e9e<\/span><br \/>\nSite Web : <a style=\"color: #d21c1e\" href=\"https:\/\/www.canopee.tv\/\">https:\/\/www.canopee.tv\/<\/a><\/li>\n<\/ul>\n<h6 style=\"text-decoration: underline;margin-bottom: 0px\">Remerciements<\/h6>\n<ul>\n<li>Mathieu Roy, <span style=\"font-style: italic\">charg\u00e9 de cours \u00e0 l\u2019UQAC, pour sa contribution \u00e0 la demande de subvention soumise au CRSH.<\/span><\/li>\n<li>Les \u00e9quipes du Service des communications et des relations publiques et du Service de la biblioth\u00e8que et des archives de l\u2019Universit\u00e9 du Qu\u00e9bec \u00e0 Chicoutimi, pour leur implication dans l\u2019organisation du colloque.<\/li>\n<li>\nMarc St-Pierre et St\u00e9phanie Thibeault, <em>enseignant\u00b7e\u00b7s au D\u00e9partement des Techniques en travail social du C\u00e9gep de Jonqui\u00e8re, pour leur participation \u00e0 la r\u00e9alisation de l&rsquo;\u00e9v\u00e9nement.<\/em>\n<\/li>\n<\/ul>\n","protected":false},"excerpt":{"rendered":"<p>Cr\u00e9dit photographique Nicolas L\u00e9vesque, Cin\u00e9aste, photographe et directeur cr\u00e9atif de Canop\u00e9e Site Web : https:\/\/www.canopee.tv\/ Remerciements Mathieu Roy, charg\u00e9 de cours \u00e0 l\u2019UQAC, pour sa contribution \u00e0 la demande de subvention soumise au CRSH. Les \u00e9quipes du Service des communications et des relations publiques et du Service de la biblioth\u00e8que et des archives de l\u2019Universit\u00e9 &hellip; <a href=\"https:\/\/colloques.uqac.ca\/sbehg\/credits-et-remerciements\/\" class=\"more-link\">Continuer la lecture de <span class=\"screen-reader-text\">Cr\u00e9dits et remerciements<\/span>  <span class=\"meta-nav\">&rarr;<\/span><\/a><\/p>\n","protected":false},"author":63,"featured_media":0,"parent":0,"menu_order":0,"comment_status":"closed","ping_status":"open","template":"","meta":{"footnotes":""},"_links":{"self":[{"href":"https:\/\/colloques.uqac.ca\/sbehg\/wp-json\/wp\/v2\/pages\/679"}],"collection":[{"href":"https:\/\/colloques.uqac.ca\/sbehg\/wp-json\/wp\/v2\/pages"}],"about":[{"href":"https:\/\/colloques.uqac.ca\/sbehg\/wp-json\/wp\/v2\/types\/page"}],"author":[{"embeddable":true,"href":"https:\/\/colloques.uqac.ca\/sbehg\/wp-json\/wp\/v2\/users\/63"}],"replies":[{"embeddable":true,"href":"https:\/\/colloques.uqac.ca\/sbehg\/wp-json\/wp\/v2\/comments?post=679"}],"version-history":[{"count":14,"href":"https:\/\/colloques.uqac.ca\/sbehg\/wp-json\/wp\/v2\/pages\/679\/revisions"}],"predecessor-version":[{"id":839,"href":"https:\/\/colloques.uqac.ca\/sbehg\/wp-json\/wp\/v2\/pages\/679\/revisions\/839"}],"wp:attachment":[{"href":"https:\/\/colloques.uqac.ca\/sbehg\/wp-json\/wp\/v2\/media?parent=679"}],"curies":[{"name":"wp","href":"https:\/\/api.w.org\/{rel}","templated":true}]}}