{"id":59,"date":"2021-10-26T13:54:52","date_gmt":"2021-10-26T18:54:52","guid":{"rendered":"http:\/\/colloques.uqac.ca\/sbehg\/?page_id=59"},"modified":"2021-11-02T16:03:50","modified_gmt":"2021-11-02T21:03:50","slug":"a-propos-equipe","status":"publish","type":"page","link":"https:\/\/colloques.uqac.ca\/sbehg\/a-propos-equipe\/","title":{"rendered":"L&rsquo;\u00e9quipe"},"content":{"rendered":"<p style=\"text-align: center;margin-bottom: 5px\"><img loading=\"lazy\" decoding=\"async\" class=\"alignnone size-thumbnail wp-image-596\" src=\"https:\/\/colloques.uqac.ca\/sbehg\/files\/2021\/10\/Dominic_Bizot-150x150.png\" alt=\"Dominic_Bizot\" width=\"150\" height=\"150\" \/><\/p>\n<p style=\"line-height: 1.6;margin-bottom: 50px;text-align: left\"><span style=\"font-weight: bold\">Dominic Bizot<\/span> \u2013 Professeur en travail social (UQAC), responsable du Laboratoire de recherche sur les r\u00e9alit\u00e9s masculines au Saguenay\u2013Lac-Saint-Jean\u00a0(L2RM-SLSJ)<\/p>\n<p style=\"text-align: center;margin-bottom: 5px\"><img loading=\"lazy\" decoding=\"async\" class=\"alignnone size-full wp-image-605\" src=\"https:\/\/colloques.uqac.ca\/sbehg\/files\/2021\/10\/Eric_Pilote.png\" alt=\"Eric_Pilote\" width=\"150\" height=\"150\" \/><\/p>\n<p style=\"line-height: 1.6;margin-bottom: 50px;text-align: left\"><span style=\"font-weight: bold\">\u00c9ric Pilote<\/span> \u2013 Professeur en travail social (UQAC), coresponsable du Laboratoire de recherche sur les r\u00e9alit\u00e9s masculines au Saguenay\u2013Lac-Saint-Jean\u00a0(L2RM-SLSJ)<\/p>\n<p style=\"text-align: center;margin-bottom: 5px\"><img loading=\"lazy\" decoding=\"async\" class=\"aligncenter size-thumbnail wp-image-714\" src=\"https:\/\/colloques.uqac.ca\/sbehg\/files\/2021\/10\/Simon-150x150.png\" alt=\"Simon\" width=\"150\" height=\"150\" \/><\/p>\n<p style=\"line-height: 1.6;margin-bottom: 50px;text-align: left\"><span style=\"font-weight: bold\">Simon Riverin<\/span> \u2013 Coordonnateur, \u00e9tudiant \u00e0 la ma\u00eetrise en \u00e9tudes et interventions r\u00e9gionales (UQAC)<\/p>\n<p style=\"text-align: center;margin-bottom: 5px\"><img loading=\"lazy\" decoding=\"async\" class=\"aligncenter size-thumbnail wp-image-712\" src=\"https:\/\/colloques.uqac.ca\/sbehg\/files\/2021\/10\/Lucas-150x150.png\" alt=\"Lucas\" width=\"150\" height=\"150\" \/><\/p>\n<p style=\"line-height: 1.6;margin-bottom: 50px;text-align: left\"><span style=\"font-weight: bold\">Lucas Bergeron<\/span> \u2013 Assistant de recherche, \u00e9tudiant \u00e0 la ma\u00eetrise en travail social en prop\u00e9deutique (UQAC)<\/p>\n<p style=\"text-align: center;margin-bottom: 5px\"><img loading=\"lazy\" decoding=\"async\" class=\"aligncenter size-thumbnail wp-image-713\" src=\"https:\/\/colloques.uqac.ca\/sbehg\/files\/2021\/10\/Erika-150x150.png\" alt=\"Erika\" width=\"150\" height=\"150\" \/><\/p>\n<p style=\"line-height: 1.6;margin-bottom: 50px;text-align: left\"><span style=\"font-weight: bold\">\u00c9rika Leclerc<\/span> \u2013 Assistante de recherche, \u00e9tudiante au baccalaur\u00e9at en travail social (UQAC)<\/p>\n<p style=\"text-align: center;margin-bottom: 5px\"><img loading=\"lazy\" decoding=\"async\" class=\"aligncenter size-thumbnail wp-image-727\" src=\"https:\/\/colloques.uqac.ca\/sbehg\/files\/2021\/10\/Theo-150x150.png\" alt=\"Theo\" width=\"150\" height=\"150\" \/><\/p>\n<p style=\"line-height: 1.6;margin-bottom: 50px;text-align: left\"><span style=\"font-weight: bold\">Th\u00e9o Bertet<\/span> \u2013 \u00c9dimestre, Finissant \u00e0 la Ma\u00eetrise en Jeux Vid\u00e9o \u00e0 l&rsquo;UQAC (DIM)<\/p>\n","protected":false},"excerpt":{"rendered":"<p>Dominic Bizot \u2013 Professeur en travail social (UQAC), responsable du Laboratoire de recherche sur les r\u00e9alit\u00e9s masculines au Saguenay\u2013Lac-Saint-Jean\u00a0(L2RM-SLSJ) \u00c9ric Pilote \u2013 Professeur en travail social (UQAC), coresponsable du Laboratoire de recherche sur les r\u00e9alit\u00e9s masculines au Saguenay\u2013Lac-Saint-Jean\u00a0(L2RM-SLSJ) Simon Riverin \u2013 Coordonnateur, \u00e9tudiant \u00e0 la ma\u00eetrise en \u00e9tudes et interventions r\u00e9gionales (UQAC) Lucas Bergeron \u2013 &hellip; <a href=\"https:\/\/colloques.uqac.ca\/sbehg\/a-propos-equipe\/\" class=\"more-link\">Continuer la lecture de <span class=\"screen-reader-text\">L&rsquo;\u00e9quipe<\/span>  <span class=\"meta-nav\">&rarr;<\/span><\/a><\/p>\n","protected":false},"author":63,"featured_media":0,"parent":0,"menu_order":0,"comment_status":"closed","ping_status":"closed","template":"","meta":{"footnotes":""},"_links":{"self":[{"href":"https:\/\/colloques.uqac.ca\/sbehg\/wp-json\/wp\/v2\/pages\/59"}],"collection":[{"href":"https:\/\/colloques.uqac.ca\/sbehg\/wp-json\/wp\/v2\/pages"}],"about":[{"href":"https:\/\/colloques.uqac.ca\/sbehg\/wp-json\/wp\/v2\/types\/page"}],"author":[{"embeddable":true,"href":"https:\/\/colloques.uqac.ca\/sbehg\/wp-json\/wp\/v2\/users\/63"}],"replies":[{"embeddable":true,"href":"https:\/\/colloques.uqac.ca\/sbehg\/wp-json\/wp\/v2\/comments?post=59"}],"version-history":[{"count":19,"href":"https:\/\/colloques.uqac.ca\/sbehg\/wp-json\/wp\/v2\/pages\/59\/revisions"}],"predecessor-version":[{"id":835,"href":"https:\/\/colloques.uqac.ca\/sbehg\/wp-json\/wp\/v2\/pages\/59\/revisions\/835"}],"wp:attachment":[{"href":"https:\/\/colloques.uqac.ca\/sbehg\/wp-json\/wp\/v2\/media?parent=59"}],"curies":[{"name":"wp","href":"https:\/\/api.w.org\/{rel}","templated":true}]}}