{"id":55,"date":"2021-10-26T13:54:00","date_gmt":"2021-10-26T18:54:00","guid":{"rendered":"http:\/\/colloques.uqac.ca\/sbehg\/?page_id=55"},"modified":"2021-11-02T16:03:40","modified_gmt":"2021-11-02T21:03:40","slug":"colloque","status":"publish","type":"page","link":"https:\/\/colloques.uqac.ca\/sbehg\/colloque\/","title":{"rendered":"Colloque"},"content":{"rendered":"<p style=\"text-align: justify\">\u00c0 l\u2019occasion de sa premi\u00e8re activit\u00e9, le Laboratoire de recherche sur les r\u00e9alit\u00e9s masculines au Saguenay\u2013Lac-Saint-Jean\u00a0 (LRRM-SLSJ), en\u00a0 partenariat\u00a0 avec\u00a0 des\u00a0 collaborateur\u00b7rice\u00b7s\u00a0 du domaine de la recherche, des milieux de pratique institutionnel et communautaire en provenance de la C\u00f4te-Nord et du Saguenay\u2013Lac-Saint-Jean organise l\u2019\u00e9v\u00e9nement intitul\u00e9: <em>Masculinit\u00e9s sans fronti\u00e8res\u00a0: Quinzaine interr\u00e9gionale en sant\u00e9 et bien-\u00eatre des hommes et des gar\u00e7ons<\/em> qui se tiendra en ligne du 15 au 26 novembre\u00a0 2021.\u00a0 Ainsi, pour rendre compte\u00a0 des processus\u00a0 de\u00a0 d\u00e9construction\u00a0 et\u00a0 de\u00a0 reconstruction\u00a0 des\u00a0 masculinit\u00e9s\u00a0 en\u00a0 r\u00e9gion\u00a0 rurale\u00a0 ou \u00a0\u00e9loign\u00e9e\u00a0 et\u00a0 des enjeux qu\u2019ils soul\u00e8vent \u00e0 l\u2019\u00e9gard de l\u2019intervention psychosociale, nous rassemblerons des chercheur\u00b7euse\u00b7s, des \u00e9tudiant\u00b7e\u00b7s, des professionnel\u00b7le\u00b7s de la relation d\u2019aide et des gestionnaires du secteur de la sant\u00e9 et des services sociaux.<\/p>\n<p style=\"text-align: justify\">Le colloque est organis\u00e9 par les chercheurs responsables au LRRM-SLSJ,\u00a0 Dominic Bizot et \u00c9ric Pilote, avec l\u2019aide de plusieurs collaborateur\u00b7rice\u00b7s du milieu universitaire, Mathieu Roy (UQAC), et des milieux de pratique institutionnels et communautaires\u00a0: R\u00e9mi Riverin (CIUSSS Saguenay\u2013Lac-Saint-Jean), Janie\u00a0 Goulet-Roch et Marie-\u00c8ve Joncas (CISSS\u00a0 C\u00f4te-Nord),\u00a0 Manon Lacasse (Hom\u2019asculin\u00a0 Port-Cartier), Edmond Michaud (Hommes Sept-\u00celes), S\u00e9bastien Ouellet (Centre de ressources pour hommes -Optimum), Mathieu Brisson et Andr\u00e9 Houle (Centre de pr\u00e9vention du suicide 02), Simon Tr\u00e9panier (Regroupement intersectoriel sur les r\u00e9alit\u00e9s masculines Saguenay\u2013Lac-Saint-Jean, RIRM-SLSJ) et Patrick Desbiens (Homme aide Manicouagan).<\/p>\n<p style=\"text-align: justify\">Pour d\u00e9passer les fronti\u00e8res existantes entre les univers de la th\u00e9orie et de la pratique, le colloque mettra en\u00a0 place\u00a0 des\u00a0 modes de collaborations\u00a0 originaux.\u00a0 Chaque atelier r\u00e9unira des praticien\u00b7ne\u00b7s (clinicien\u00b7ne\u00b7s ou gestionnaires) et des chercheur\u00b7euse\u00b7s issus\u00b7e\u00b7s de disciplines diverses telles que le travail social, la psychologie, la sociologie et l\u2019andragogie. \u00c0 l\u2019instar du processus inh\u00e9rent \u00e0 la recherche-action, les \u00e9changes qui s&rsquo;ensuivront lors des panels seront l\u2019occasion de co-construire des savoirs innovants dans une perspective de transfert des connaissances en phase avec les besoins des milieux de pratique r\u00e9gionaux.<\/p>\n","protected":false},"excerpt":{"rendered":"<p>\u00c0 l\u2019occasion de sa premi\u00e8re activit\u00e9, le Laboratoire de recherche sur les r\u00e9alit\u00e9s masculines au Saguenay\u2013Lac-Saint-Jean\u00a0 (LRRM-SLSJ), en\u00a0 partenariat\u00a0 avec\u00a0 des\u00a0 collaborateur\u00b7rice\u00b7s\u00a0 du domaine de la recherche, des milieux de pratique institutionnel et communautaire en provenance de la C\u00f4te-Nord et du Saguenay\u2013Lac-Saint-Jean organise l\u2019\u00e9v\u00e9nement intitul\u00e9: Masculinit\u00e9s sans fronti\u00e8res\u00a0: Quinzaine interr\u00e9gionale en sant\u00e9 et bien-\u00eatre des &hellip; <a href=\"https:\/\/colloques.uqac.ca\/sbehg\/colloque\/\" class=\"more-link\">Continuer la lecture de <span class=\"screen-reader-text\">Colloque<\/span>  <span class=\"meta-nav\">&rarr;<\/span><\/a><\/p>\n","protected":false},"author":63,"featured_media":0,"parent":0,"menu_order":0,"comment_status":"closed","ping_status":"closed","template":"","meta":{"footnotes":""},"_links":{"self":[{"href":"https:\/\/colloques.uqac.ca\/sbehg\/wp-json\/wp\/v2\/pages\/55"}],"collection":[{"href":"https:\/\/colloques.uqac.ca\/sbehg\/wp-json\/wp\/v2\/pages"}],"about":[{"href":"https:\/\/colloques.uqac.ca\/sbehg\/wp-json\/wp\/v2\/types\/page"}],"author":[{"embeddable":true,"href":"https:\/\/colloques.uqac.ca\/sbehg\/wp-json\/wp\/v2\/users\/63"}],"replies":[{"embeddable":true,"href":"https:\/\/colloques.uqac.ca\/sbehg\/wp-json\/wp\/v2\/comments?post=55"}],"version-history":[{"count":6,"href":"https:\/\/colloques.uqac.ca\/sbehg\/wp-json\/wp\/v2\/pages\/55\/revisions"}],"predecessor-version":[{"id":844,"href":"https:\/\/colloques.uqac.ca\/sbehg\/wp-json\/wp\/v2\/pages\/55\/revisions\/844"}],"wp:attachment":[{"href":"https:\/\/colloques.uqac.ca\/sbehg\/wp-json\/wp\/v2\/media?parent=55"}],"curies":[{"name":"wp","href":"https:\/\/api.w.org\/{rel}","templated":true}]}}