{"id":51,"date":"2021-10-26T13:53:31","date_gmt":"2021-10-26T18:53:31","guid":{"rendered":"http:\/\/colloques.uqac.ca\/sbehg\/?page_id=51"},"modified":"2021-11-02T18:58:51","modified_gmt":"2021-11-02T23:58:51","slug":"comite-organisateur","status":"publish","type":"page","link":"https:\/\/colloques.uqac.ca\/sbehg\/comite-organisateur\/","title":{"rendered":"Comit\u00e9 Organisateur"},"content":{"rendered":"<table>\n<tbody>\n<tr>\n<td style=\"width: 50%\">\n<p style=\"text-align: center;margin-bottom: 5px\"><img loading=\"lazy\" decoding=\"async\" class=\"alignnone size-thumbnail wp-image-595\" src=\"https:\/\/colloques.uqac.ca\/sbehg\/files\/2021\/10\/Sophie_Beauparlant-150x150.png\" alt=\"Sophie_Beauparlant\" width=\"150\" height=\"150\" \/><\/p>\n<h6 style=\"margin-bottom: 0;margin-top: 0;text-align: center\">Sophie Beauparlant<\/h6>\n<p style=\"margin-bottom: 5px;text-align: center;font-style: italic\">Enseignante-chercheure \u00e0 l\u2019\u00c9cole sup\u00e9rieure en Art et technologie des m\u00e9dias &#8211; C\u00e9gep de Jonqui\u00e8re<\/p>\n<p style=\"margin-bottom: 5px;text-align: justify\">Ma participation dans l\u2019organisation du colloque est une opportunit\u00e9 de former des \u00e9tudiant\u00b7e\u00b7s du C\u00e9gep de Jonqui\u00e8re dans le domaine de la communication scientifique. La collaboration interordre et multidisciplinaire permet de bonifier les expertises r\u00e9unies pour la r\u00e9ussite de l\u2019\u00e9v\u00e9nement.<\/p>\n<\/td>\n<td style=\"width: 50%\">\n<p style=\"text-align: center;margin-bottom: 5px\"><img loading=\"lazy\" decoding=\"async\" class=\"alignnone size-thumbnail wp-image-596\" src=\"https:\/\/colloques.uqac.ca\/sbehg\/files\/2021\/10\/Dominic_Bizot-150x150.png\" alt=\"Dominic_Bizot\" width=\"150\" height=\"150\" \/><\/p>\n<h6 style=\"margin-bottom: 0;margin-top: 0;text-align: center\">Dominic Bizot<\/h6>\n<p style=\"margin-bottom: 5px;text-align: center;font-style: italic\">Professeur \u00e0 l\u2019Universit\u00e9 du Qu\u00e9bec \u00e0 Chicoutimi<\/p>\n<p style=\"margin-bottom: 5px;text-align: justify\">Des hommes et des femmes inspirant\u00b7e\u00b7s se sont mobilis\u00e9\u00b7e\u00b7s dans le cadre de ce colloque afin de d\u00e9montrer qu\u2019\u00eatre un homme ou un gar\u00e7on n\u2019est pas une fatalit\u00e9 et que la promotion de leur sant\u00e9 et de leur bien-\u00eatre est l\u2019affaire de tous\u00b7tes, et ce, bien au-del\u00e0 des fronti\u00e8res.<\/p>\n<\/td>\n<\/tr>\n<tr>\n<td style=\"width: 50%\">\n<p style=\"text-align: center;margin-bottom: 5px\"><img loading=\"lazy\" decoding=\"async\" class=\"alignnone size-thumbnail wp-image-598\" src=\"https:\/\/colloques.uqac.ca\/sbehg\/files\/2021\/10\/Patrick_Desbiens-150x150.png\" alt=\"Patrick_Desbiens\" width=\"150\" height=\"150\" \/><\/p>\n<h6 style=\"margin-bottom: 0;margin-top: 0;text-align: center\">Patrick Desbiens<\/h6>\n<p style=\"margin-bottom: 0px;text-align: center;font-style: italic\">Co-directeur d\u2019Hommes aide Manicouagan<\/p>\n<p style=\"margin-bottom: 5px;text-align: center;font-style: italic\">Co-porte-parole de la Table Nord C\u00f4ti\u00e8re de Concertation sur les R\u00e9alit\u00e9s Masculines<\/p>\n<p style=\"margin-bottom: 5px;text-align: justify\">\u00c0 premi\u00e8re vue, il serait facile de penser que la sant\u00e9 et le bien-\u00eatre des hommes, c&rsquo;est une histoire de gars qui aident des gars.<br \/>\nDans la r\u00e9alit\u00e9, nous sommes des centaines d&rsquo;hommes et de femmes, \u00e9parpill\u00e9\u00b7e\u00b7s un peu partout au Qu\u00e9bec, qui oeuvrons \u00e0 la sant\u00e9 et au bien-\u00eatre des hommes, en soutenant aussi les proches de ces hommes qui vivent un moment difficile, proches qui sont souvent des femmes et des enfants.<br \/>\nEn esp\u00e9rant que ce colloque puisse vous avoir donn\u00e9 le go\u00fbt de mettre l&rsquo;\u00e9paule \u00e0 la roue dans ce domaine passionnant, je vous laisse sur les mots d&rsquo;Antoine de Saint-Exup\u00e9ry:<br \/>\n\u00a0\u00bb Si tu veux construire un bateau, ne rassemble pas tes hommes et femmes pour leur donner des ordres, pour expliquer chaque d\u00e9tail, pour leur dire o\u00f9 trouver chaque chose. Si tu veux construire un bateau, fais na\u00eetre dans le coeur de tes hommes et femmes le d\u00e9sir de la mer.\u00a0\u00bb<\/p>\n<\/td>\n<td style=\"width: 50%\">\n<p style=\"text-align: center;margin-bottom: 5px\"><img loading=\"lazy\" decoding=\"async\" class=\"alignnone size-thumbnail wp-image-599\" src=\"https:\/\/colloques.uqac.ca\/sbehg\/files\/2021\/10\/Andre_Houle-150x150.png\" alt=\"Andre_Houle\" width=\"150\" height=\"150\" \/><\/p>\n<h6 style=\"margin-bottom: 0;margin-top: 0;text-align: center\">Andr\u00e9 Houle<\/h6>\n<p style=\"margin-bottom: 5px;text-align: center;font-style: italic\">Directeur g\u00e9n\u00e9ral du CPS 02<\/p>\n<p style=\"margin-bottom: 5px;text-align: justify\">Intervenir aupr\u00e8s des hommes passe in\u00e9vitablement par la connaissance et la mobilisation r\u00e9gionale autour des principaux enjeux. Un filet de s\u00e9curit\u00e9 qui assure la pr\u00e9vention globale inh\u00e9rente \u00e0 la sant\u00e9 et au bien-\u00eatre des hommes.<\/p>\n<\/td>\n<\/tr>\n<tr>\n<td style=\"width: 50%\">\n<p style=\"text-align: center;margin-bottom: 5px\"><img loading=\"lazy\" decoding=\"async\" class=\"alignnone size-thumbnail wp-image-600\" src=\"https:\/\/colloques.uqac.ca\/sbehg\/files\/2021\/10\/Marie-Eve_Joncas-150x150.png\" alt=\"Marie-Eve_Joncas\" width=\"150\" height=\"150\" \/><\/p>\n<h6 style=\"margin-bottom: 0;margin-top: 0;text-align: center\">Marie-Eve Joncas<\/h6>\n<p style=\"margin-bottom: 0px;text-align: center;font-style: italic\">Chef de programme \u00e0 la client\u00e8le \u2013 services sociaux g\u00e9n\u00e9raux secteur Ouest (Manicouagan, Haute-Cote-Nord, Fermont)<\/p>\n<p style=\"margin-bottom: 0px;text-align: center;font-style: italic\">Direction sant\u00e9 mentale, d\u00e9pendance, itin\u00e9rance et services sociaux g\u00e9n\u00e9raux<\/p>\n<p style=\"margin-bottom: 5px;text-align: center;font-style: italic\">Centre int\u00e9gr\u00e9 de sant\u00e9 et de services sociaux de la C\u00f4te-Nord<\/p>\n<p style=\"margin-bottom: 5px;text-align: justify\">Une occasion de collaborer et unir les forces de nos 2 r\u00e9gions pour le bien \u00eatre des hommes et des gar\u00e7ons afin de les soutenir dans les diff\u00e9rentes facettes de leurs r\u00e9alit\u00e9s masculines.<\/p>\n<\/td>\n<td style=\"width: 50%\">\n<p style=\"text-align: center;margin-bottom: 5px\"><a href=\"https:\/\/colloques.uqac.ca\/sbehg\/files\/2021\/10\/Manon_Lacasse.png\"><img loading=\"lazy\" decoding=\"async\" class=\"alignnone size-thumbnail wp-image-601\" src=\"https:\/\/colloques.uqac.ca\/sbehg\/files\/2021\/10\/Manon_Lacasse-150x150.png\" alt=\"Manon_Lacasse\" width=\"150\" height=\"150\" \/><\/a><\/p>\n<h6 style=\"margin-bottom: 0;margin-top: 0;text-align: center\">Manon Lacasse<\/h6>\n<p style=\"margin-bottom: 5px;text-align: center;font-style: italic\">Coordonnatrice d\u2019Hom&rsquo;asculin Port-Cartier<\/p>\n<p style=\"margin-bottom: 5px;text-align: justify\">\u00c0 l\u2019occasion de ce colloque, nous sommes heureux d\u2019avoir contribu\u00e9, avec la participation de plusieurs organisations \u00e0 la sant\u00e9 et le bien \u00eatre des hommes et des gar\u00e7ons. Ensemble, nous pourrons aller de l\u2019avant pour progresser, \u00e9voluer et laisser place \u00e0 l\u2019am\u00e9lioration.<\/p>\n<\/td>\n<\/tr>\n<tr>\n<td style=\"width: 50%\">\n<p style=\"text-align: center;margin-bottom: 5px\"><img loading=\"lazy\" decoding=\"async\" class=\"alignnone size-thumbnail wp-image-602\" src=\"https:\/\/colloques.uqac.ca\/sbehg\/files\/2021\/10\/Anais_G_Lapointe-150x150.png\" alt=\"Anais_G_Lapointe\" width=\"150\" height=\"150\" \/><\/p>\n<h6 style=\"margin-bottom: 0;margin-top: 0;text-align: center\">Ana\u00efs G. Lapointe<\/h6>\n<p style=\"margin-bottom: 5px;text-align: center;font-style: italic\">Agente de d\u00e9veloppement et communications du Centre de ressources pour hommes Optimum<\/p>\n<p style=\"margin-bottom: 5px;text-align: justify\">C\u2019est un plaisir de participer au colloque et contribuer au sein de cette belle \u00e9quipe interr\u00e9gionale!<\/p>\n<\/td>\n<td style=\"width: 50%\">\n<p style=\"text-align: center;margin-bottom: 5px\"><img loading=\"lazy\" decoding=\"async\" class=\"alignnone size-thumbnail wp-image-603\" src=\"https:\/\/colloques.uqac.ca\/sbehg\/files\/2021\/10\/Edmond_Michaud-150x150.png\" alt=\"Edmond_Michaud\" width=\"150\" height=\"150\" \/><\/p>\n<h6 style=\"margin-bottom: 0;margin-top: 0;text-align: center\">Edmond Michaud<\/h6>\n<p style=\"margin-bottom: 0px;text-align: center;font-style: italic\">Directeur de l&rsquo;organisme Hommes Sept-\u00celes et Maison Oxyg\u00e8ne Jack Monoloy<\/p>\n<p style=\"margin-bottom: 5px;text-align: center;font-style: italic\">Co-porte-parole de la Table Nord C\u00f4ti\u00e8re de Concertation sur les R\u00e9alit\u00e9s Masculines<\/p>\n<p style=\"margin-bottom: 5px;text-align: justify\">Notre soutien aupr\u00e8s des hommes se doit de passer par une concertation bien ancr\u00e9e avec les partenaires de notre milieu. Autant que la pand\u00e9mie a pu nous mettre au d\u00e9fi d\u2019\u00eatre cr\u00e9atif dans l\u2019aide apport\u00e9e aux hommes et \u00e0 leurs proches, autant que nos partenaires ont fait preuve de r\u00e9silience pour continuer ce travail avec nous, et nous les en remercions. L\u2019occasion d\u2019un colloque interr\u00e9gional en compagnie de nos partenaires vient bonifier cette belle collaboration en nous permettant de nous mettre \u00e0 jour ensemble au sujet de la sant\u00e9 et du bien-\u00eatre des hommes et des gar\u00e7ons. Bon colloque \u00e0 tous\u00b7tes !<\/p>\n<\/td>\n<\/tr>\n<tr>\n<td style=\"width: 50%\">\n<p style=\"text-align: center;margin-bottom: 5px\"><img loading=\"lazy\" decoding=\"async\" class=\"alignnone size-thumbnail wp-image-604\" src=\"https:\/\/colloques.uqac.ca\/sbehg\/files\/2021\/10\/Sebastien_Ouellet-150x150.png\" alt=\"Sebastien_Ouellet\" width=\"150\" height=\"150\" \/><\/p>\n<h6 style=\"margin-bottom: 0;margin-top: 0;text-align: center\">S\u00e9bastien Ouellet<\/h6>\n<p style=\"margin-bottom: 0px;text-align: center;font-style: italic\">Directeur g\u00e9n\u00e9ral du Centre de ressources pour hommes Optimum<\/p>\n<p style=\"margin-bottom: 5px;text-align: center;font-style: italic\">Pr\u00e9sident du Regroupement intersectoriel sur les r\u00e9alit\u00e9s masculines au Saguenay\u2013Lac-Saint-Jean<\/p>\n<p style=\"margin-bottom: 5px;text-align: justify\">La sant\u00e9 et le bien-\u00eatre de chaque citoyen requiert une lecture syst\u00e9mique. Nous sommes tous, comme l&rsquo;exprime bien Edgar Morin dans son \u00e9thique de la complexit\u00e9, en interrelation les uns avec les autres, citoyens comme organisations. En ce sens, r\u00e9fl\u00e9chir \u00e0 la sant\u00e9 et le bien-\u00eatre des hommes requiert de penser complexe, intersectoriel et en termes d&rsquo;interrelations. En m\u00eame temps, y penser, c&rsquo;est aussi penser \u00e0 la sant\u00e9 de chaque citoyen, homme, femme, ou non-binaire&#8230; Comme le disait Jean-Fran\u00e7ois Malherbe, en \u00e9thique du soin, \u00ab\u00a0nul n&rsquo;est une \u00eele\u00a0\u00bb&#8230;<\/p>\n<\/td>\n<td style=\"width: 50%\">\n<p style=\"text-align: center;margin-bottom: 5px\"><img loading=\"lazy\" decoding=\"async\" class=\"alignnone size-thumbnail wp-image-605\" src=\"https:\/\/colloques.uqac.ca\/sbehg\/files\/2021\/10\/Eric_Pilote-150x150.png\" alt=\"Eric_Pilote\" width=\"150\" height=\"150\" \/><\/p>\n<h6 style=\"margin-bottom: 0;margin-top: 0;text-align: center\">\u00c9ric Pilote<\/h6>\n<p style=\"margin-bottom: 5px;text-align: center;font-style: italic\">Universit\u00e9 du Qu\u00e9bec \u00e0 Chicoutimi<\/p>\n<p style=\"margin-bottom: 5px;text-align: justify\">Le colloque, une occasion unique o\u00f9 des chercheurs, des intervenants et des gestionnaires peuvent se rencontrer, collaborer et \u00e9changer pour le bien-\u00eatre et la sant\u00e9 de tous les hommes et des gar\u00e7ons.<\/p>\n<\/td>\n<\/tr>\n<tr>\n<td style=\"width: 50%\">\n<p style=\"text-align: center;margin-bottom: 5px\"><img loading=\"lazy\" decoding=\"async\" class=\"alignnone size-thumbnail wp-image-606\" src=\"https:\/\/colloques.uqac.ca\/sbehg\/files\/2021\/10\/Remi_Riverain-150x150.png\" alt=\"Remi_Riverain\" width=\"150\" height=\"150\" \/><\/p>\n<h6 style=\"margin-bottom: 0;margin-top: 0;text-align: center\">R\u00e9mi Riverin<\/h6>\n<p style=\"margin-bottom: 5px;text-align: center;font-style: italic\">Agent de planification, de programmation et de recherche S.B.E.H.\/S.B.E.F. (Sant\u00e9 Bien-\u00catre des Hommes (et Sant\u00e9 Bien-\u00catre des Femmes (int\u00e9rim)) &#8211; CIUSSS Saguenay\u2013Lac-St-Jean<\/p>\n<p style=\"margin-bottom: 5px;text-align: justify\">La sant\u00e9 et le bien \u00eatre des hommes et des gar\u00e7ons a toujours \u00e9t\u00e9 une priorit\u00e9 dans ma carri\u00e8re. Ce projet, qui n&rsquo;a pas de fronti\u00e8re, d\u00e9montre bien l&rsquo;importance de l&rsquo;ensemble des hommes et des gar\u00e7ons du Qu\u00e9bec.<\/p>\n<\/td>\n<td style=\"width: 50%;vertical-align:top\">\n<p style=\"text-align: center;margin-bottom: 5px\"><img loading=\"lazy\" decoding=\"async\" src=\"https:\/\/colloques.uqac.ca\/sbehg\/files\/2021\/10\/Marc_St-Pierre.png\" alt=\"Marc_St-Pierre\" width=\"150\" height=\"150\" class=\"aligncenter size-full wp-image-865\" \/><\/p>\n<h6 style=\"margin-bottom: 0;margin-top: 0;text-align: center\">Marc St-Pierre<\/h6>\n<p style=\"margin-bottom: 5px;text-align: center;font-style: italic\">Enseignant au D\u00e9partement des Techniques en travail social du C\u00e9gep de Jonqui\u00e8re<\/p>\n<p style=\"margin-bottom: 5px;text-align: justify\">C&rsquo;est un r\u00e9el plaisir pour moi de voir se r\u00e9aliser ce colloque. L&rsquo;heure est \u00e0 l&rsquo;innovation pour r\u00e9pondre plus ad\u00e9quatement aux enjeux \u00e9volutifs de notre soci\u00e9t\u00e9, incluant celles des hommes. J&rsquo;ai eu la chance d&rsquo;\u00eatre au coeur du projet Hommes Atout d\u00e9montrant la n\u00e9cessit\u00e9 d&rsquo;avoir des \u00e9changes honn\u00eates et positifs entourant la sant\u00e9 des hommes et la diversit\u00e9 dans les masculinit\u00e9s. Profitons de cette opportunit\u00e9 pour faire un pas de plus vers l&rsquo;ouverture et une vision positive des masculinit\u00e9s. Des \u00e9changes sans \u0153ill\u00e8res pour des masculinit\u00e9s sans fronti\u00e8res!<\/p>\n<\/td>\n<\/tr>\n<tr>\n<td colspan=\"2\">\n<p style=\"text-align: center;margin-bottom: 5px\"><img loading=\"lazy\" decoding=\"async\" class=\"alignnone size-thumbnail wp-image-607\" src=\"https:\/\/colloques.uqac.ca\/sbehg\/files\/2021\/10\/Simon_Trepanier-150x150.png\" alt=\"Simon_Trepanier\" width=\"150\" height=\"150\" \/><\/p>\n<h6 style=\"margin-bottom: 0;margin-top: 0;text-align: center\">Simon Tr\u00e9panier<\/h6>\n<p style=\"margin-bottom: 5px;text-align: center;font-style: italic\">Charg\u00e9 de projet en SBEH au Regroupement intersectoriel sur les r\u00e9alit\u00e9s masculines du Saguenay \u2013 Lac-Saint-Jean<\/p>\n<p style=\"margin-bottom: 5px;text-align: justify\">La sant\u00e9 et le bien-\u00eatre des hommes et des gar\u00e7ons sont port\u00e9s par des personnes passionn\u00e9es, tant au Saguenay \u2013 Lac-Saint-Jean qu\u2019en C\u00f4te-Nord. Nous sommes bien fier\u00b7\u00e8re\u00b7s au RIRM SLSJ d\u2019avoir pu contribuer \u00e0 cet effort commun. L\u2019ensemble des organisations sur le territoire pourront en tirer des pistes d\u2019\u00e9changes et d\u2019am\u00e9lioration continue.<\/p>\n<\/td>\n<\/tr>\n<\/tbody>\n<\/table>\n","protected":false},"excerpt":{"rendered":"<p>Sophie Beauparlant Enseignante-chercheure \u00e0 l\u2019\u00c9cole sup\u00e9rieure en Art et technologie des m\u00e9dias &#8211; C\u00e9gep de Jonqui\u00e8re Ma participation dans l\u2019organisation du colloque est une opportunit\u00e9 de former des \u00e9tudiant\u00b7e\u00b7s du C\u00e9gep de Jonqui\u00e8re dans le domaine de la communication scientifique. La collaboration interordre et multidisciplinaire permet de bonifier les expertises r\u00e9unies pour la r\u00e9ussite de &hellip; <a href=\"https:\/\/colloques.uqac.ca\/sbehg\/comite-organisateur\/\" class=\"more-link\">Continuer la lecture de <span class=\"screen-reader-text\">Comit\u00e9 Organisateur<\/span>  <span class=\"meta-nav\">&rarr;<\/span><\/a><\/p>\n","protected":false},"author":63,"featured_media":0,"parent":0,"menu_order":0,"comment_status":"closed","ping_status":"closed","template":"page-templates\/full-width.php","meta":{"footnotes":""},"_links":{"self":[{"href":"https:\/\/colloques.uqac.ca\/sbehg\/wp-json\/wp\/v2\/pages\/51"}],"collection":[{"href":"https:\/\/colloques.uqac.ca\/sbehg\/wp-json\/wp\/v2\/pages"}],"about":[{"href":"https:\/\/colloques.uqac.ca\/sbehg\/wp-json\/wp\/v2\/types\/page"}],"author":[{"embeddable":true,"href":"https:\/\/colloques.uqac.ca\/sbehg\/wp-json\/wp\/v2\/users\/63"}],"replies":[{"embeddable":true,"href":"https:\/\/colloques.uqac.ca\/sbehg\/wp-json\/wp\/v2\/comments?post=51"}],"version-history":[{"count":28,"href":"https:\/\/colloques.uqac.ca\/sbehg\/wp-json\/wp\/v2\/pages\/51\/revisions"}],"predecessor-version":[{"id":869,"href":"https:\/\/colloques.uqac.ca\/sbehg\/wp-json\/wp\/v2\/pages\/51\/revisions\/869"}],"wp:attachment":[{"href":"https:\/\/colloques.uqac.ca\/sbehg\/wp-json\/wp\/v2\/media?parent=51"}],"curies":[{"name":"wp","href":"https:\/\/api.w.org\/{rel}","templated":true}]}}