{"id":509,"date":"2021-10-30T20:51:02","date_gmt":"2021-10-31T01:51:02","guid":{"rendered":"http:\/\/colloques.uqac.ca\/sbehg\/?page_id=509"},"modified":"2021-11-10T20:45:17","modified_gmt":"2021-11-11T01:45:17","slug":"echos-de-la-pratique","status":"publish","type":"page","link":"https:\/\/colloques.uqac.ca\/sbehg\/echos-de-la-pratique\/","title":{"rendered":"\u00c9chos de la Pratique"},"content":{"rendered":"<h5 style=\"text-align: center\">Informations suppl\u00e9mentaires sur les intervenant\u00b7e\u00b7s et leurs organisations<\/h5>\n<p><!-- ATELIER 1 --><\/p>\n<table style=\"border: none\">\n<tbody>\n<tr>\n<td style=\"background-color: #d21c1e;color: white\">\n<p style=\"font-weight: bold;font-size: 18px;margin-top: 5px;margin-bottom: 5px\">Atelier 1<\/p>\n<\/td>\n<\/tr>\n<tr>\n<td style=\"background-color: #121010;color: white\">\n<p style=\"font-size: 16px;margin-top: 5px;margin-bottom: 5px\">Patrick Gosselin \u2013 Hom\u2019asculin Port-Cartier<\/p>\n<\/td>\n<\/tr>\n<tr>\n<td style=\"border: #121010 solid 1px\">\n<div style=\"text-align: center\"><img loading=\"lazy\" decoding=\"async\" class=\"alignnone size-full wp-image-639\" src=\"https:\/\/colloques.uqac.ca\/sbehg\/files\/2021\/10\/Patrick_Gosselin.png\" alt=\"Patrick_Gosselin\" width=\"150\" height=\"150\" \/><\/div>\n<p style=\"font-style: italic;text-align: center\">Intervenant social \u00e0 Hom\u2019asculin Port-Cartier<\/p>\n<p style=\"text-align: justify\"><span style=\"font-weight: bold\">Pr\u00e9sentation d\u2019Hom\u2019asculin Port-Cartier :<\/span> Un organisme \u00e0 but non lucratif localis\u00e9 \u00e0 Port-Cartier dont la mission est d&rsquo;accueillir, d&rsquo;accompagner et d&rsquo;outiller les hommes qui vivent des difficult\u00e9s ou qui souhaitent \u00eatre accompagn\u00e9s ad\u00e9quatement dans leur d\u00e9marche personnelle.<\/p>\n<p style=\"text-align: justify\"><span style=\"font-weight: bold\">Services :<\/span> Hom&rsquo;asculin propose une panoplie de services d&rsquo;\u00e9coute confidentielle, d&rsquo;assistance \u00e0 l&rsquo;itin\u00e9rance, de buanderie, de conseil personnel et professionnel, et plus encore! Hom&rsquo;asculin est une ressource d\u00e9di\u00e9e au bien-\u00eatre des hommes de tout \u00e2ge du secteur de Port-Cartier.<\/p>\n<p>Page Facebook : <a style=\"color: #d21c1e\" href=\"https:\/\/www.facebook.com\/Homasculin-Port-Cartier-104620631800708\/\">https:\/\/www.facebook.com\/Homasculin-Port-Cartier-104620631800708\/<\/a><\/td>\n<\/tr>\n<tr>\n<td style=\"background-color: #121010;color: white\">\n<p style=\"font-size: 16px;margin-top: 5px;margin-bottom: 5px\">Gwena\u00ebl Granal<\/p>\n<\/td>\n<\/tr>\n<tr>\n<td style=\"border: #121010 solid 1px\">\n<div style=\"text-align: center\"><img loading=\"lazy\" decoding=\"async\" class=\"alignnone size-full wp-image-640\" src=\"https:\/\/colloques.uqac.ca\/sbehg\/files\/2021\/10\/Gwenael_Granal.png\" alt=\"Gwenael_Granal\" width=\"150\" height=\"150\" \/><\/div>\n<p style=\"font-style: italic;text-align: center\">Intervenant social (intervention individuelle et de groupe) au Centre de ressources pour hommes Optimum. Formateur r\u00e9gional en sant\u00e9 et bien-\u00eatre des hommes<\/p>\n<p style=\"text-align: justify\"><span style=\"font-weight: bold\">Pr\u00e9sentation d\u2019Optimum :<\/span> Le Centre de ressources pour hommes Optimum Saguenay\u2013Lac-Saint-Jean est un organisme g\u00e9n\u00e9raliste d\u2019aide psychosociale en sant\u00e9 et bien-\u00eatre des hommes. L\u2019organisme offre directement et de mani\u00e8re concert\u00e9e un \u00e9ventail de services d\u2019aide adapt\u00e9s aux besoins des hommes dans leurs diverses r\u00e9alit\u00e9s masculines. Il souhaite \u00eatre un leader r\u00e9gional reconnu en pr\u00e9vention, promotion et intervention sur la sant\u00e9 et le bien-\u00eatre des hommes de sa r\u00e9gion, avec comme priorit\u00e9 ce qui touche la vuln\u00e9rabilit\u00e9 masculine et les enjeux masculins de s\u00e9curit\u00e9 pour soi ou pour autrui.<\/p>\n<p style=\"text-align: justify\"><span style=\"font-weight: bold\">Service Trajectoires :<\/span> Le service Trajectoires est offert aux hommes traversant une p\u00e9riode difficile. Le r\u00f4le de ce service de groupe est de fournir les outils permettant aux participants d\u2019amorcer des changements concrets et positifs dans leur vie. La force du groupe d\u2019entraide r\u00e9side dans l\u2019ouverture, l\u2019expression de soi et l\u2019\u00e9coute des autres dans un cadre stimulant. Il a pour but d\u2019inspirer la motivation n\u00e9cessaire \u00e0 la prise d\u2019actions sp\u00e9cifiques afin de reprendre le pouvoir sur sa propre existence.<\/p>\n<p>Site Web : <a style=\"color: #d21c1e\" href=\"https:\/\/crhoptimum.ca\/trajectoire\/\">https:\/\/crhoptimum.ca\/trajectoire\/<\/a><\/td>\n<\/tr>\n<tr>\n<td style=\"background-color: #121010;color: white\">\n<p style=\"font-size: 16px;margin-top: 5px;margin-bottom: 5px\">Michel St-Gelais \u2013 Maison d\u2019accueil pour sans-abri de Chicoutimi<\/p>\n<\/td>\n<\/tr>\n<tr>\n<td style=\"border: #121010 solid 1px\">\n<div style=\"text-align: center\"><img loading=\"lazy\" decoding=\"async\" class=\"alignnone size-full wp-image-641\" src=\"https:\/\/colloques.uqac.ca\/sbehg\/files\/2021\/10\/Michel_St-Gelais.png\" alt=\"Michel_St-Gelais\" width=\"150\" height=\"150\" \/><\/div>\n<p style=\"font-style: italic;text-align: center\">Directeur g\u00e9n\u00e9ral de la Maison d\u2019accueil pour sans-abri de Chicoutimi<\/p>\n<p style=\"text-align: justify\"><span style=\"font-weight: bold\">Pr\u00e9sentation de la Maison d\u2019accueil :<\/span> Accueillir et venir en aide aux personnes sans-abri vivant une d\u00e9sorganisation psychosociale ou une situation de crise.<\/p>\n<p>Site Web : <a style=\"color: #d21c1e\" href=\"http:\/\/fondationmlb.ca\/maison-accueil-sans-abri\">http:\/\/fondationmlb.ca\/maison-accueil-sans-abri<\/a><\/td>\n<\/tr>\n<\/tbody>\n<\/table>\n<p><!-- ATELIER 2 --><\/p>\n<table style=\"border: none;margin-top: 75px\">\n<tbody>\n<tr>\n<td style=\"background-color: #d21c1e;color: white\">\n<p style=\"font-weight: bold;font-size: 18px;margin-top: 5px;margin-bottom: 5px\">Atelier 2<\/p>\n<\/td>\n<\/tr>\n<tr>\n<td style=\"border: #121010 solid 1px\">\n<div style=\"text-align: center\"><img loading=\"lazy\" decoding=\"async\" class=\"alignnone size-full wp-image-643\" src=\"https:\/\/colloques.uqac.ca\/sbehg\/files\/2021\/10\/Lise_Lantagne.png\" alt=\"Lise_Lantagne\" width=\"150\" height=\"150\" \/><\/div>\n<p style=\"font-style: italic;text-align: center\">Conseill\u00e8re sp\u00e9cialis\u00e9e au Programme Cou\u2026Rage de l\u2019ACSM Saguenay<\/p>\n<p style=\"text-align: justify\"><span style=\"font-weight: bold\">Pr\u00e9sentation de l\u2019ACSM Saguenay :<\/span> L\u2019Association canadienne pour la sant\u00e9 mentale section Saguenay offre des services de r\u00e9insertion sociale et est la r\u00e9f\u00e9rence en mati\u00e8re de promotion et de pr\u00e9vention d\u2019une bonne sant\u00e9 mentale.<\/p>\n<p style=\"text-align: justify\"><span style=\"font-weight: bold\">Programme COU\u2026RAGE :<\/span> C\u2019est un programme destin\u00e9 aux hommes adultes de la r\u00e9gion du Saguenay ayant des comportements violents qui sont volontaires ou r\u00e9f\u00e9r\u00e9s par divers organismes. Ce programme consiste \u00e0 identifier et comprendre ces comportements dans le but de les cesser, d\u2019apprendre \u00e0 parler de soi et \u00e0 s\u2019affirmer sans violence, tout en touchant divers sujets. Il s\u2019agit d\u2019un programme ouvert ayant un horaire adapt\u00e9 \u00e0 tous les travailleurs.<\/p>\n<p>Site Web : <a style=\"color: #d21c1e\" href=\"https:\/\/acsmsaguenay.ca\/a-propos\/\">https:\/\/acsmsaguenay.ca\/a-propos\/<\/a>\n<\/td>\n<\/tr>\n<tr>\n<td style=\"background-color: #121010;color: white\">\n<p style=\"font-size: 16px;margin-top: 5px;margin-bottom: 5px\">Lise Lantagne \u2013 COU\u2026RAGE<\/p>\n<\/td>\n<\/tr>\n<tr>\n<td style=\"background-color: #121010;color: white\">\n<p style=\"font-size: 16px;margin-top: 5px;margin-bottom: 5px\">Anne-Julie Gagnon \u2013 Optimum \/ Cran d\u2019arr\u00eat<\/p>\n<\/td>\n<\/tr>\n<tr>\n<td style=\"border: #121010 solid 1px\">\n<div style=\"text-align: center\"><img loading=\"lazy\" decoding=\"async\" class=\"alignnone size-full wp-image-644\" src=\"https:\/\/colloques.uqac.ca\/sbehg\/files\/2021\/10\/Anne-Julie_Gagnon.png\" alt=\"Anne-Julie_Gagnon\" width=\"150\" height=\"150\" \/><\/div>\n<p style=\"font-style: italic;text-align: center\">Intervenante au Centre de ressources pour hommes Optimum<\/p>\n<p style=\"text-align: justify\"><span style=\"font-weight: bold\">Pr\u00e9sentation d\u2019Optimum :<\/span> Le Centre de ressources pour hommes Optimum Saguenay\u2013Lac-Saint-Jean est un organisme g\u00e9n\u00e9raliste d\u2019aide psychosociale en sant\u00e9 et bien-\u00eatre des hommes. L\u2019organisme offre directement et de mani\u00e8re concert\u00e9e un \u00e9ventail de services d\u2019aide adapt\u00e9s aux besoins des hommes dans leurs diverses r\u00e9alit\u00e9s masculines. Il souhaite \u00eatre un leader r\u00e9gional reconnu en pr\u00e9vention, promotion et intervention sur la sant\u00e9 et le bien-\u00eatre des hommes de sa r\u00e9gion, avec comme priorit\u00e9 ce qui touche la vuln\u00e9rabilit\u00e9 masculine et les enjeux masculins de s\u00e9curit\u00e9 pour soi ou pour autrui.<\/p>\n<p>Site Web : <a style=\"color: #d21c1e\" href=\"https:\/\/crhoptimum.ca\/a-propos\/\">https:\/\/crhoptimum.ca\/a-propos\/<\/a><\/p>\n<p style=\"text-align: justify\"><span style=\"font-weight: bold\">Service Cran d\u2019arr\u00eat :<\/span> Le service Cran d\u2019Arr\u00eat est offert aux hommes qui d\u00e9sirent contr\u00f4ler leur impulsivit\u00e9 et mettre un terme \u00e0 leurs comportements violents. Il cible l\u2019am\u00e9lioration des relations conjugales et sociales par le d\u00e9veloppement de la responsabilisation. Les interventions se d\u00e9roulent en petits groupes d\u2019aide favorisant des \u00e9changes enrichissants.<\/p>\n<p>Site Web : <a style=\"color: #d21c1e\" href=\"https:\/\/crhoptimum.ca\/le-cran-darret\/\">https:\/\/crhoptimum.ca\/le-cran-darret\/<\/a><\/td>\n<\/tr>\n<tr>\n<td style=\"background-color: #121010;color: white\">\n<p style=\"font-size: 16px;margin-top: 5px;margin-bottom: 5px\">Patricia Desbiens \u2013 Hommes Sept-\u00celes<\/p>\n<\/td>\n<\/tr>\n<tr>\n<td style=\"border: #121010 solid 1px\">\n<div style=\"text-align: center\"><\/div>\n<p style=\"font-style: italic;text-align: center\">\u00c9tudiante-stagiaire en travail social de l\u2019UQAC \u00e0 Hommes Sept-\u00celes<\/p>\n<p style=\"text-align: justify\"><span style=\"font-weight: bold\">Pr\u00e9sentation d\u2019Hommes Sept-\u00celes :<\/span> En collaboration avec d\u2019autres ressources du milieu, cet organisme vise \u00e0 outiller les hommes pour ainsi leur permettre de se r\u00e9approprier le pouvoir qu\u2019ils ont sur leur vie.<\/p>\n<p>Site Web : <a style=\"color: #d21c1e\" href=\"http:\/\/www.hommesseptils.com\/fr\/qui-sommesnous_9\/\">http:\/\/www.hommesseptils.com\/fr\/qui-sommesnous_9\/<\/a><\/td>\n<\/tr>\n<tr>\n<td style=\"background-color: #121010;color: white\">\n<p style=\"font-size: 16px;margin-top: 5px;margin-bottom: 5px\">Edmond Michaud \u2013 Hommes Sept-\u00celes<\/p>\n<\/td>\n<\/tr>\n<tr>\n<td style=\"border: #121010 solid 1px\">\n<div style=\"text-align: center\"><img loading=\"lazy\" decoding=\"async\" class=\"alignnone size-full wp-image-603\" src=\"https:\/\/colloques.uqac.ca\/sbehg\/files\/2021\/10\/Edmond_Michaud.png\" alt=\"Edmond_Michaud\" width=\"150\" height=\"150\" \/><\/div>\n<p style=\"font-style: italic;text-align: center\">Directeur d\u2019Hommes Sept-\u00celes<\/p>\n<p style=\"text-align: justify\"><span style=\"font-weight: bold\">Pr\u00e9sentation d\u2019Hommes Sept-\u00celes :<\/span> En collaboration avec d\u2019autres ressources du milieu, cet organisme vise \u00e0 outiller les hommes pour ainsi leur permettre de se r\u00e9approprier le pouvoir qu\u2019ils ont sur leur vie.<\/p>\n<p>Site Web : <a style=\"color: #d21c1e\" href=\"http:\/\/www.hommesseptils.com\/fr\/qui-sommesnous_9\/\">http:\/\/www.hommesseptils.com\/fr\/qui-sommesnous_9\/<\/a><\/td>\n<\/tr>\n<\/tbody>\n<\/table>\n<p><!-- ATELIER 3 --><\/p>\n<table style=\"border: none;margin-top: 75px\">\n<tbody>\n<tr>\n<td style=\"background-color: #d21c1e;color: white\">\n<p style=\"font-weight: bold;font-size: 18px;margin-top: 5px;margin-bottom: 5px\">Atelier 3<\/p>\n<\/td>\n<\/tr>\n<tr>\n<td style=\"background-color: #121010;color: white\">\n<p style=\"font-size: 16px;margin-top: 5px;margin-bottom: 5px\">Edmond Michaud \u2013 Hommes Sept-\u00celes<\/p>\n<\/td>\n<\/tr>\n<tr>\n<td style=\"border: #121010 solid 1px\">\n<div style=\"text-align: center\"><img loading=\"lazy\" decoding=\"async\" class=\"alignnone size-full wp-image-603\" src=\"https:\/\/colloques.uqac.ca\/sbehg\/files\/2021\/10\/Edmond_Michaud.png\" alt=\"Edmond_Michaud\" width=\"150\" height=\"150\" \/><\/div>\n<p style=\"font-style: italic;text-align: center\">Directeur d\u2019Hommes Sept-\u00celes<\/p>\n<p style=\"text-align: justify\"><span style=\"font-weight: bold\">Pr\u00e9sentation d\u2019Hommes Sept-\u00celes :<\/span> En collaboration avec d\u2019autres ressources du milieu, cet organisme vise \u00e0 outiller les hommes pour ainsi leur permettre de se r\u00e9approprier le pouvoir qu\u2019ils ont sur leur vie.<\/p>\n<p>Site Web : <a style=\"color: #d21c1e\" href=\"http:\/\/www.hommesseptils.com\/fr\/qui-sommesnous_9\/\">http:\/\/www.hommesseptils.com\/fr\/qui-sommesnous_9\/<\/a><\/p>\n<p>Maison Oxyg\u00e8ne : <a style=\"color: #d21c1e\" href=\"https:\/\/ici.radio-canada.ca\/nouvelle\/1015064\/oxygene-hockey-maison-de-transition-hommes-sept-iles-classique-annuelle\">https:\/\/ici.radio-canada.ca\/nouvelle\/1015064\/oxygene-hockey-maison-de-transition-hommes-sept-iles-classique-annuelle<\/a>\n<\/td>\n<\/tr>\n<tr>\n<td style=\"background-color: #121010;color: white\">\n<p style=\"font-size: 16px;margin-top: 5px;margin-bottom: 5px\">Patrick Desbiens \u2013 Homme aide Manicouagan<\/p>\n<\/td>\n<\/tr>\n<tr>\n<td style=\"border: #121010 solid 1px\">\n<div style=\"text-align: center\"><img loading=\"lazy\" decoding=\"async\" class=\"alignnone size-full wp-image-598\" src=\"https:\/\/colloques.uqac.ca\/sbehg\/files\/2021\/10\/Patrick_Desbiens.png\" alt=\"Patrick_Desbiens\" width=\"150\" height=\"150\" \/><\/div>\n<p style=\"font-style: italic;text-align: center\">Co-directeur d\u2019Homme aide Manicouagan<\/p>\n<p>Homme Aide Manicouagan : <a style=\"color: #d21c1e\" href=\"http:\/\/hommeaidemanicouagan.org\/about-us\/\">http:\/\/hommeaidemanicouagan.org\/about-us\/<\/a><\/p>\n<p>Maison Oxyg\u00e8ne : <a style=\"color: #d21c1e\" href=\"http:\/\/hommeaidemanicouagan.org\/maison-oxygene\/\">http:\/\/hommeaidemanicouagan.org\/maison-oxygene\/<\/a><\/td>\n<\/tr>\n<tr>\n<td style=\"background-color: #121010;color: white\">\n<p style=\"font-size: 16px;margin-top: 5px;margin-bottom: 5px\">S\u00e9bastien Ouellet : Optimum \/ Maison Oxyg\u00e8ne<\/p>\n<\/td>\n<\/tr>\n<tr>\n<td style=\"border: #121010 solid 1px\">\n<div style=\"text-align: center\"><img loading=\"lazy\" decoding=\"async\" class=\"alignnone size-full wp-image-604\" src=\"https:\/\/colloques.uqac.ca\/sbehg\/files\/2021\/10\/Sebastien_Ouellet.png\" alt=\"Sebastien_Ouellet\" width=\"150\" height=\"150\" \/><\/div>\n<p style=\"font-style: italic;text-align: center\">Directeur g\u00e9n\u00e9ral du Centre de ressources pour hommes Optimum<\/p>\n<p style=\"text-align: justify\"><span style=\"font-weight: bold\">Pr\u00e9sentation d\u2019Optimum :<\/span> Le Centre de ressources pour hommes Optimum Saguenay\u2013Lac-Saint-Jean est un organisme g\u00e9n\u00e9raliste d\u2019aide psychosociale en sant\u00e9 et bien-\u00eatre des hommes. L\u2019organisme offre directement et de mani\u00e8re concert\u00e9e un \u00e9ventail de services d\u2019aide adapt\u00e9s aux besoins des hommes dans leurs diverses r\u00e9alit\u00e9s masculines. Il souhaite \u00eatre un leader r\u00e9gional reconnu en pr\u00e9vention, promotion et intervention sur la sant\u00e9 et le bien-\u00eatre des hommes de sa r\u00e9gion, avec comme priorit\u00e9 ce qui touche la vuln\u00e9rabilit\u00e9 masculine et les enjeux masculins de s\u00e9curit\u00e9 pour soi ou pour autrui.<\/p>\n<p>Site Web : <a style=\"color: #d21c1e\" href=\"https:\/\/crhoptimum.ca\/a-propos\/\">https:\/\/crhoptimum.ca\/a-propos\/<\/a><\/p>\n<p style=\"text-align: justify\"><span style=\"font-weight: bold\">Pr\u00e9sentation de la Maison Oxyg\u00e8ne en d\u00e9veloppement :<\/span> H\u00e9bergement pour les hommes et leurs enfants &#8211; <a style=\"color: #d21c1e\" href=\"https:\/\/crhoptimum.ca\/hebergement\/\">https:\/\/crhoptimum.ca\/hebergement\/<\/a><\/p>\n<\/td>\n<\/tr>\n<\/tbody>\n<\/table>\n<p><!-- ATELIER 4 --><\/p>\n<table style=\"border: none;margin-top: 75px\">\n<tbody>\n<tr>\n<td style=\"background-color: #d21c1e;color: white\">\n<p style=\"font-weight: bold;font-size: 18px;margin-top: 5px;margin-bottom: 5px\">Atelier 4<\/p>\n<\/td>\n<\/tr>\n<tr>\n<td style=\"background-color: #121010;color: white\">\n<p style=\"font-size: 16px;margin-top: 5px;margin-bottom: 5px\">Julien Gravelle \u2013 Optimum \/Groupes trajectoires<\/p>\n<\/td>\n<\/tr>\n<tr>\n<td style=\"border: #121010 solid 1px\">\n<div style=\"text-align: center\"><img loading=\"lazy\" decoding=\"async\" src=\"https:\/\/colloques.uqac.ca\/sbehg\/files\/2021\/11\/Julien_Gravelle.png\" alt=\"Julien_Gravelle\" width=\"150\" height=\"150\" class=\"aligncenter size-full wp-image-989\" \/><\/div>\n<p style=\"font-style: italic;text-align: center\">Intervenant social au Centre de ressources pour hommes Optimum<\/p>\n<p style=\"text-align: justify\"><span style=\"font-weight: bold\">Pr\u00e9sentation d\u2019Optimum :<\/span> Le Centre de ressources pour hommes Optimum Saguenay\u2013Lac-Saint-Jean est un organisme g\u00e9n\u00e9raliste d\u2019aide psychosociale en sant\u00e9 et bien-\u00eatre des hommes. L\u2019organisme offre directement et de mani\u00e8re concert\u00e9e un \u00e9ventail de services d\u2019aide adapt\u00e9s aux besoins des hommes dans leurs diverses r\u00e9alit\u00e9s masculines. Il souhaite \u00eatre un leader r\u00e9gional reconnu en pr\u00e9vention, promotion et intervention sur la sant\u00e9 et le bien-\u00eatre des hommes de sa r\u00e9gion, avec comme priorit\u00e9 ce qui touche la vuln\u00e9rabilit\u00e9 masculine et les enjeux masculins de s\u00e9curit\u00e9 pour soi ou pour autrui.<\/p>\n<p>Site Web : <a style=\"color: #d21c1e\" href=\"https:\/\/crhoptimum.ca\/a-propos\/\">https:\/\/crhoptimum.ca\/a-propos\/<\/a><\/p>\n<p style=\"text-align: justify\"><span style=\"font-weight: bold\">Service Trajectoires :<\/span> Le service Trajectoires est offert aux hommes traversant une p\u00e9riode difficile. Le r\u00f4le de ce service de groupe est de fournir les outils permettant aux participants d\u2019amorcer des changements concrets et positifs dans leur vie. La force du groupe d\u2019entraide r\u00e9side dans l\u2019ouverture, l\u2019expression de soi et l\u2019\u00e9coute des autres dans un cadre stimulant. Il a pour but d\u2019inspirer la motivation n\u00e9cessaire \u00e0 la prise d\u2019actions sp\u00e9cifiques afin de reprendre le pouvoir sur sa propre existence.<\/p>\n<p>Site Web : <a style=\"color: #d21c1e\" href=\"https:\/\/crhoptimum.ca\/trajectoire\/\">https:\/\/crhoptimum.ca\/trajectoire\/<\/a>\n<\/td>\n<\/tr>\n<tr>\n<td style=\"background-color: #121010;color: white\">\n<p style=\"font-size: 16px;margin-top: 5px;margin-bottom: 5px\">Marie-H\u00e9l\u00e8ne Lepage \u2013 Homme aide Manicouagan<\/p>\n<\/td>\n<\/tr>\n<tr>\n<td style=\"border: #121010 solid 1px\">\n<div style=\"text-align: center\"><img loading=\"lazy\" decoding=\"async\" class=\"alignnone size-full wp-image-646\" src=\"https:\/\/colloques.uqac.ca\/sbehg\/files\/2021\/10\/Marie-Helene_Lepage.png\" alt=\"Marie-Helene_Lepage\" width=\"150\" height=\"150\" \/><\/div>\n<p style=\"font-style: italic;text-align: center\">Co-directrice d\u2019Homme aide Manicouagan<\/p>\n<p style=\"text-align: justify\"><span style=\"font-weight: bold\">Pr\u00e9sentation d\u2019Homme aide Manicouagan :<\/span> Homme aide Manicouagan est un centre d\u2019aide qui offre des services g\u00e9n\u00e9ralistes pour les hommes en difficult\u00e9, leurs proches et les professionnels de la sant\u00e9 qui travaillent aupr\u00e8s d\u2019une client\u00e8le masculine.<\/p>\n<p>Site Web : <a style=\"color: #d21c1e\" href=\"https:\/\/crhoptimum.ca\/a-propos\/\">http:\/\/hommeaidemanicouagan.org<\/a><\/p>\n<p style=\"text-align: justify\"><span style=\"font-weight: bold\">Programme \u00ab Avec papa c&rsquo;est diff\u00e9rent ! \u00bb :<\/span> Il s\u2019agit d\u2019un programme de stimulation pr\u00e9coce pour les p\u00e8res et leurs enfants. En 2014, \u00ab Homme aide Manicouagan \u00bb et des chercheuses de l\u2019Universit\u00e9 de Sherbrooke, Guadalupe Puentes-Newman et St\u00e9phanie Breton, ont adapt\u00e9 le programme \u00ab Avec papa c&rsquo;est diff\u00e9rent ! \u00bb qui se donnait alors dans certains CLSC (12-24 mois), afin de pouvoir l\u2019implanter dans le milieu communautaire. De plus, l\u2019\u00e9quipe d\u2019intervention et les chercheuses ont repens\u00e9 et retravaill\u00e9 la forme des ateliers en \u00e9largissant \u00e0 la fois le groupe d\u2019\u00e2ge (0-5 ans) et en ajoutant la fratrie, les p\u00e8res pouvant venir avec tous leurs enfants du groupe d\u2019\u00e2ge cibl\u00e9.<\/p>\n<p>Site Web : <a style=\"color: #d21c1e\" href=\"https:\/\/agirtot.org\/manicouagan-on-s-attache-moa\/avec-papa-c-est-different\/\">https:\/\/agirtot.org\/manicouagan-on-s-attache-moa\/avec-papa-c-est-different\/<\/a><\/td>\n<\/tr>\n<\/tbody>\n<\/table>\n<p><!-- ATELIER 5 --><\/p>\n<table style=\"border: none;margin-top: 75px\">\n<tbody>\n<tr>\n<td style=\"background-color: #d21c1e;color: white\">\n<p style=\"font-weight: bold;font-size: 18px;margin-top: 5px;margin-bottom: 5px\">Atelier 5<\/p>\n<\/td>\n<\/tr>\n<tr>\n<td style=\"background-color: #121010;color: white\">\n<p style=\"font-size: 16px;margin-top: 5px;margin-bottom: 5px\">Christine Plamondon : Hommes Sept-\u00celes<\/p>\n<\/td>\n<\/tr>\n<tr>\n<td style=\"border: #121010 solid 1px\">\n<div style=\"text-align: center\"><img loading=\"lazy\" decoding=\"async\" class=\"alignnone size-full wp-image-647\" src=\"https:\/\/colloques.uqac.ca\/sbehg\/files\/2021\/10\/Christine_Plamondon.png\" alt=\"Christine_Plamondon\" width=\"150\" height=\"150\" \/><\/div>\n<p style=\"font-style: italic;text-align: center\">Intervenante sociale \u00e0 Hommes Sept-\u00celes<\/p>\n<p style=\"text-align: justify\"><span style=\"font-weight: bold\">Pr\u00e9sentation d\u2019Hommes Sept-\u00celes :<\/span> En collaboration avec d\u2019autres ressources du milieu, cet organisme vise \u00e0 outiller les hommes pour ainsi leur permettre de se r\u00e9approprier le pouvoir qu\u2019ils ont sur leur vie.<\/p>\n<p>Site Web : <a style=\"color: #d21c1e\" href=\"http:\/\/www.hommesseptils.com\/fr\/qui-sommesnous_9\/\">http:\/\/www.hommesseptils.com\/fr\/qui-sommesnous_9\/<\/a><\/p>\n<p style=\"text-align: justify\"><span style=\"font-weight: bold\">Pr\u00e9sentation La Shed \u00e0 bois :<\/span> L\u2019organisme Hommes Sept-\u00celes a initi\u00e9 ce nouveau projet collectif afin de permettre \u00e0 des hommes de transmettre leur savoir avec un atelier de menuiserie mobile. Le concept a fait ses preuves ailleurs au Qu\u00e9bec et en Australie o\u00f9 il prend la forme de grange sociale o\u00f9 plusieurs hommes, r\u00e9ticents \u00e0 la demande d\u2019aide peuvent se familiariser avec des ressources et des services de mani\u00e8re formelle.<\/p>\n<p>Site Web : <a style=\"color: #d21c1e\" href=\"https:\/\/lenord-cotier.com\/2019\/11\/11\/hommes-sept-iles-inaugure-sa-shed-a-bois\/\">https:\/\/lenord-cotier.com\/2019\/11\/11\/hommes-sept-iles-inaugure-sa-shed-a-bois\/<\/a>\n<\/td>\n<\/tr>\n<tr>\n<td style=\"background-color: #121010;color: white\">\n<p style=\"font-size: 16px;margin-top: 5px;margin-bottom: 5px\">Patrick Desbiens \u2013 Homme aide Manicouagans<\/p>\n<\/td>\n<\/tr>\n<tr>\n<td style=\"border: #121010 solid 1px\">\n<div style=\"text-align: center\"><img loading=\"lazy\" decoding=\"async\" class=\"alignnone size-full wp-image-598\" src=\"https:\/\/colloques.uqac.ca\/sbehg\/files\/2021\/10\/Patrick_Desbiens.png\" alt=\"Patrick_Desbiens\" width=\"150\" height=\"150\" \/><\/div>\n<p style=\"font-style: italic;text-align: center\">Co-directeur Homme aide Manicouagan<\/p>\n<p style=\"text-align: justify\"><span style=\"font-weight: bold\">Pr\u00e9sentation d\u2019Homme aide Manicouagan :<\/span> Homme aide Manicouagan est un centre d\u2019aide qui offre des services g\u00e9n\u00e9ralistes pour les hommes en difficult\u00e9, leurs proches et les professionnels de la sant\u00e9 qui travaillent aupr\u00e8s d\u2019une client\u00e8le masculine.<\/p>\n<p>Site Web : <a style=\"color: #d21c1e\" href=\"http:\/\/hommeaidemanicouagan.org\">http:\/\/hommeaidemanicouagan.org<\/a><\/p>\n<p style=\"text-align: justify\"><span style=\"font-weight: bold\">Projet Hommes atout \u00e0 Baie-Comeau :<\/span> Hommes atout, un projet de recherche-action novateur permet de conjuguer la mise en place de lieux de socialisation adapt\u00e9s pour les hommes et la n\u00e9cessit\u00e9 de d\u00e9velopper chez eux un sentiment d\u2019utilit\u00e9. Fort de l\u2019exp\u00e9rience acquise par les ann\u00e9es pass\u00e9es sur le terrain, Hommes atout a \u00e9t\u00e9 implant\u00e9 sur la C\u00f4te-Nord pour \u00e9crire un tout nouveau chapitre de son histoire. Cette phase de transfert de connaissance co-construite avec diff\u00e9rents partenaires a pris place dans les organismes communautaires Homme aide Manicouagan (Baie-Comeau) et la R\u00e9sidence Saint-Joseph (Pointe-aux-Outardes). Des activit\u00e9s de menuiserie de tout genre ont \u00e9t\u00e9 offertes aux deux emplacements du 10 au 18 octobre 2020. Plusieurs intervenant\u00b7e\u00b7s ont particip\u00e9 aux activit\u00e9s dans les conteneurs.<\/p>\n<p style=\"text-align: justify\"><span style=\"font-weight: bold\">L\u2019Atelier de Philippe de la Maison Oxyg\u00e8ne :<\/span> Homme aide Manicouagan propose \u00e9galement un atelier dans le sous-sol de leur \u00e9tablissement. \u00c0 l\u2019aide de l\u2019Atelier de Philippe, les hommes sont invit\u00e9s \u00e0 faire de la menuiserie et \u00e0 \u00ab travailler le bois \u00bb. Il s\u2019agit d\u2019une diff\u00e9rente porte d\u2019entr\u00e9e pour les rejoindre contrairement \u00e0 une rencontre en face \u00e0 face, qui peut sembler moins naturelle. L\u2019atelier permet donc une relation plus proche entre l\u2019intervenant et l\u2019individu en difficult\u00e9. L\u2019Atelier de Philippe emploie un \u00e9b\u00e9niste \u00e0 temps partiel et un responsable de la menuiserie.<\/p>\n<p>Site Web : <a style=\"color: #d21c1e\" href=\"http:\/\/hommeaidemanicouagan.org\/maison-oxygene\/\">http:\/\/hommeaidemanicouagan.org\/maison-oxygene\/<\/a><\/td>\n<\/tr>\n<tr>\n<td style=\"background-color: #121010;color: white\">\n<p style=\"font-size: 16px;margin-top: 5px;margin-bottom: 5px\">Fanny Larouche \u2013 CRH-Optimum \/ Caf\u00e9 Madriers de Saint-F\u00e9licien<\/p>\n<\/td>\n<\/tr>\n<tr>\n<td style=\"border: #121010 solid 1px\">\n<div style=\"text-align: center\"><img loading=\"lazy\" decoding=\"async\" class=\"alignnone size-full wp-image-648\" src=\"https:\/\/colloques.uqac.ca\/sbehg\/files\/2021\/10\/Fanny_Larouche.png\" alt=\"Fanny_Larouche\" width=\"150\" height=\"150\" \/><\/div>\n<p style=\"font-style: italic;text-align: center\">Intervenante Optimum<\/p>\n<p style=\"text-align: justify\"><span style=\"font-weight: bold\">Pr\u00e9sentation d\u2019Optimum :<\/span> Le Centre de ressources pour hommes Optimum Saguenay\u2013Lac-Saint-Jean est un organisme g\u00e9n\u00e9raliste d\u2019aide psychosociale en sant\u00e9 et bien-\u00eatre des hommes. L\u2019organisme offre directement et de mani\u00e8re concert\u00e9e un \u00e9ventail de services d\u2019aide adapt\u00e9s aux besoins des hommes dans leurs diverses r\u00e9alit\u00e9s masculines. Il souhaite \u00eatre un leader r\u00e9gional reconnu en pr\u00e9vention, promotion et intervention sur la sant\u00e9 et le bien-\u00eatre des hommes de sa r\u00e9gion, avec comme priorit\u00e9 ce qui touche la vuln\u00e9rabilit\u00e9 masculine et les enjeux masculins de s\u00e9curit\u00e9 pour soi ou pour autrui.<\/p>\n<p>Site Web : <a style=\"color: #d21c1e\" href=\"https:\/\/crhoptimum.ca\/a-propos\/\">https:\/\/crhoptimum.ca\/a-propos\/<\/a><\/p>\n<p style=\"text-align: justify\"><span style=\"font-weight: bold\">Service Caf\u00e9 Madriers :<\/span> Il s\u2019agit d\u2019un projet collectif pilot\u00e9 par l\u2019organisme Centre de ressources pour hommes Optimum. L\u2019approche humaniste propos\u00e9e par le service repose sur des bases solides telles que le respect, l\u2019autonomie, la responsabilisation, le transfert de connaissances, les saines habitudes de vie, ainsi que les valeurs positives de la masculinit\u00e9. Le Caf\u00e9 Madriers souhaite am\u00e9liorer les conditions de vie des participants et ainsi briser la solitude et l\u2019isolement.<\/p>\n<p>Site Web : <a style=\"color: #d21c1e\" href=\"https:\/\/crhoptimum.ca\/cafe-madriers\/\">https:\/\/crhoptimum.ca\/cafe-madriers\/<\/a><\/td>\n<\/tr>\n<\/tbody>\n<\/table>\n<p><!-- ATELIER 6 --><\/p>\n<table style=\"border: none;margin-top: 75px\">\n<tbody>\n<tr>\n<td style=\"background-color: #d21c1e;color: white\">\n<p style=\"font-weight: bold;font-size: 18px;margin-top: 5px;margin-bottom: 5px\">Atelier 6<\/p>\n<\/td>\n<\/tr>\n<tr>\n<td style=\"background-color: #121010;color: white\">\n<p style=\"font-size: 16px;margin-top: 5px;margin-bottom: 5px\">Jo\u00e9 Desbiens &#8211; Fiert\u00e9 agricole<\/p>\n<\/td>\n<\/tr>\n<tr>\n<td style=\"border: #121010 solid 1px\">\n<div style=\"text-align: center\"><img loading=\"lazy\" decoding=\"async\" class=\"alignnone size-full wp-image-649\" src=\"https:\/\/colloques.uqac.ca\/sbehg\/files\/2021\/10\/Joe_Desbiens.png\" alt=\"Joe_Desbiens\" width=\"150\" height=\"150\" \/><\/div>\n<p style=\"font-style: italic;text-align: center\">Pr\u00e9sident de Fiert\u00e9 agricole de 2017 \u00e0 2021<\/p>\n<p style=\"text-align: justify\"><span style=\"font-weight: bold\">Pr\u00e9sentation de Fiert\u00e9 agricole :<\/span> Fiert\u00e9 agricole est un organisme sans but lucratif dont la mission est de favoriser une meilleure connaissance des r\u00e9alit\u00e9s LGBTQ+ en milieu rural et agricole, et de faciliter l\u2019int\u00e9gration sociale des personnes de diversit\u00e9 sexuelle et de genre partageant un int\u00e9r\u00eat pour l\u2019agriculture. Fiert\u00e9 agricole garde le souci de d\u00e9mystifier l\u2019ensemble des r\u00e9alit\u00e9s LGBTQ+ en milieu rural. Fiert\u00e9 agricole souhaite lutter contre l\u2019homophobie et transphobie encore trop pr\u00e9sentes en agriculture et contrer l\u2019isolement v\u00e9cu par ses membres par le biais d\u2019une socialisation qui lui ressemble, mettant l\u2019emphase sur le mode de vie agricole.<\/p>\n<p>Site Web : <a style=\"color: #d21c1e\" href=\"https:\/\/www.fierteagricole.org\/apropos.html\">https:\/\/www.fierteagricole.org\/apropos.html<\/a>\n<\/td>\n<\/tr>\n<tr>\n<td style=\"background-color: #121010;color: white\">\n<p style=\"font-size: 16px;margin-top: 5px;margin-bottom: 5px\">Daniel Gosselin \u2013 Diversit\u00e9 02<\/p>\n<\/td>\n<\/tr>\n<tr>\n<td style=\"border: #121010 solid 1px\">\n<div style=\"text-align: center\"><img loading=\"lazy\" decoding=\"async\" class=\"alignnone size-full wp-image-650\" src=\"https:\/\/colloques.uqac.ca\/sbehg\/files\/2021\/10\/Daniel_Gosselin.png\" alt=\"Daniel_Gosselin\" width=\"150\" height=\"150\" \/><\/div>\n<p style=\"font-style: italic;text-align: center\">Directeur g\u00e9n\u00e9ral de Diversit\u00e9 02<\/p>\n<p style=\"text-align: justify\"><span style=\"font-weight: bold\">Pr\u00e9sentation de Diversit\u00e9 02 :<\/span> Fond\u00e9 en 1998, Diversit\u00e9 02 est un organisme sans but lucratif qui a pour mission de sensibiliser, d&rsquo;informer et d&rsquo;\u00e9duquer la population aux r\u00e9alit\u00e9s des personnes qui se reconnaissent dans la diversit\u00e9 sexuelle et la pluralit\u00e9 des identit\u00e9s de genre. L&rsquo;organisme vise \u00e0 faire du Saguenay\u2013Lac-Saint-Jean un environnement plus inclusif et travaille \u00e0 favoriser une plus grande reconnaissance des r\u00e9alit\u00e9s et des communaut\u00e9s 2SLGBTQIA+.<\/p>\n<p>Page Facebook : <a style=\"color: #d21c1e\" href=\"https:\/\/www.facebook.com\/diversite02\/\">https:\/\/www.facebook.com\/diversite02\/<\/a><\/td>\n<\/tr>\n<tr>\n<td style=\"background-color: #121010;color: white\">\n<p style=\"font-size: 16px;margin-top: 5px;margin-bottom: 5px\">Mykaell Blais \u2013 Gris-Qu\u00e9bec<\/p>\n<\/td>\n<\/tr>\n<tr>\n<td style=\"border: #121010 solid 1px\">\n<div style=\"text-align: center\"><img loading=\"lazy\" decoding=\"async\" class=\"alignnone size-full wp-image-651\" src=\"https:\/\/colloques.uqac.ca\/sbehg\/files\/2021\/10\/Mykaell_Blais.png\" alt=\"Mykaell_Blais\" width=\"150\" height=\"150\" \/><\/div>\n<p style=\"font-style: italic;text-align: center\">Coordonnateur des services de formation pour l\u2019organisme GRIS-Qu\u00e9bec<\/p>\n<p style=\"text-align: justify\"><span style=\"font-weight: bold\">Pr\u00e9sentation de l\u2019organisme Gris-Qu\u00e9bec :<\/span> Promouvoir une vision positive des personnes jeunes et moins jeunes de la diversit\u00e9 sexuelle et de la pluralit\u00e9 des genres par l&rsquo;\u00e9ducation, la formation, la sensibilisation et le soutien \u00e0 travers nos diff\u00e9rents services.<\/p>\n<p>Site Web : <a style=\"color: #d21c1e\" href=\"https:\/\/grisquebec.org\/\">https:\/\/grisquebec.org\/<\/a><\/td>\n<\/tr>\n<tr>\n<td style=\"background-color: #121010;color: white\">\n<p style=\"font-size: 16px;margin-top: 5px;margin-bottom: 5px\">Claude Amiot<\/p>\n<\/td>\n<\/tr>\n<tr>\n<td style=\"border: #121010 solid 1px\">\n<div style=\"text-align: center\"><img loading=\"lazy\" decoding=\"async\" class=\"alignnone size-full wp-image-652\" src=\"https:\/\/colloques.uqac.ca\/sbehg\/files\/2021\/10\/Claude_Amiot.png\" alt=\"Claude_Amiot\" width=\"150\" height=\"150\" \/><\/div>\n<p style=\"font-style: italic;text-align: center\">Collaboratrice de Diversit\u00e9 02; Gouverneure de la Fondation \u00c9mergence<\/p>\n<p>Pour en savoir plus : <a style=\"color: #d21c1e\" href=\"https:\/\/www.facebook.com\/diversite02\/posts\/194087575565176\">https:\/\/www.facebook.com\/diversite02\/posts\/194087575565176<\/a><\/td>\n<\/tr>\n<\/tbody>\n<\/table>\n<p><!-- ATELIER 7 --><\/p>\n<table style=\"border: none;margin-top: 75px\">\n<tbody>\n<tr>\n<td style=\"background-color: #d21c1e;color: white\">\n<p style=\"font-weight: bold;font-size: 18px;margin-top: 5px;margin-bottom: 5px\">Atelier 7<\/p>\n<\/td>\n<\/tr>\n<tr>\n<td style=\"background-color: #121010;color: white\">\n<p style=\"font-size: 16px;margin-top: 5px;margin-bottom: 5px\">Joyce Gr\u00e9goire \u2013 Centre d\u2019amiti\u00e9 autochtone de Sept-\u00celes<\/p>\n<\/td>\n<\/tr>\n<tr>\n<td style=\"border: #121010 solid 1px\">\n<div style=\"text-align: center\"><img loading=\"lazy\" decoding=\"async\" class=\"alignnone size-full wp-image-653\" src=\"https:\/\/colloques.uqac.ca\/sbehg\/files\/2021\/10\/Joyce_Gregoire.png\" alt=\"Joyce_Gregoire\" width=\"150\" height=\"150\" \/><\/div>\n<p style=\"font-style: italic;text-align: center\">Charg\u00e9e de projet au Centre d\u2019amiti\u00e9 autochtone de Sept-\u00celes<\/p>\n<p style=\"text-align: justify\"><span style=\"font-weight: bold\">Pr\u00e9sentation du Centre d\u2019amiti\u00e9 autochtone de Sept-\u00celes (CAASI) :<\/span> La mission du Centre d\u2019amiti\u00e9 autochtone de Sept-\u00celes (CAASI) est d\u2019offrir un continuum de services culturellement pertinent et s\u00e9curisant afin d\u2019am\u00e9liorer la qualit\u00e9 de vie des Autochtones vivant ou transitant dans la ville de Sept-\u00celes. De plus, le CAASI vise \u00e0 promouvoir la culture et favoriser le rapprochement entre les peuples.<\/p>\n<p>Page Facebook : <a style=\"color: #d21c1e\" href=\"https:\/\/www.facebook.com\/Centre-dAmiti%C3%A9-Autochtone-de-Sept-%C3%8Eles-1457883794458540\/?ref=page_internal\">https:\/\/www.facebook.com\/Centre-dAmiti%C3%A9-Autochtone-de-Sept-%C3%8Eles-1457883794458540\/?ref=page_internal<\/a><\/p>\n<p>Pour en savoir plus sur le Regroupement des centres d\u2019amiti\u00e9 autochtone du Qu\u00e9bec : <a style=\"color: #d21c1e\" href=\"https:\/\/www.rcaaq.info\/\">https:\/\/www.rcaaq.info\/<\/a>\n<\/td>\n<\/tr>\n<tr>\n<td style=\"background-color: #121010;color: white\">\n<p style=\"font-size: 16px;margin-top: 5px;margin-bottom: 5px\">Amanda Canap\u00e9<\/p>\n<\/td>\n<\/tr>\n<tr>\n<td style=\"border: #121010 solid 1px\">\n<div style=\"text-align: center\"><img loading=\"lazy\" decoding=\"async\" class=\"alignnone size-full wp-image-654\" src=\"https:\/\/colloques.uqac.ca\/sbehg\/files\/2021\/10\/Amanda_Canape.png\" alt=\"Amanda_Canape\" width=\"150\" height=\"150\" \/><\/div>\n<p style=\"font-style: italic;text-align: center\">Intervenante sociale au Centre d&rsquo;amiti\u00e9 autochtone du Saguenay; \u00c9tudiante en travail social \u00e0 l\u2019UQAC; Assistante de recherche<\/p>\n<p>Site Web : <a style=\"color: #d21c1e\" href=\"https:\/\/www.caasaguenay.ca\/a-propos\/caas\/\">https:\/\/www.caasaguenay.ca\/a-propos\/caas\/<\/a><\/td>\n<\/tr>\n<tr>\n<td style=\"background-color: #121010;color: white\">\n<p style=\"font-size: 16px;margin-top: 5px;margin-bottom: 5px\">Bradley Jacob \u2013 Regroupement des Hommes Autochtones du Qu\u00e9bec<\/p>\n<\/td>\n<\/tr>\n<tr>\n<td style=\"border: #121010 solid 1px\">\n<div style=\"text-align: center\"><img loading=\"lazy\" decoding=\"async\" class=\"alignnone size-full wp-image-655\" src=\"https:\/\/colloques.uqac.ca\/sbehg\/files\/2021\/10\/Bradley_Jacob.png\" alt=\"Bradley_Jacob\" width=\"150\" height=\"150\" \/><\/div>\n<p style=\"font-style: italic;text-align: center\">Fondateur du Regroupement des hommes autochtones du Qu\u00e9bec (RHAQ); Conf\u00e9rencier; Formateur p\u00e8re-enfant<\/p>\n<p style=\"text-align: justify\"><span style=\"font-weight: bold\">Pr\u00e9sentation du Regroupement des hommes autochtones du Qu\u00e9bec :<\/span> Le Regroupement des hommes autochtones du Qu\u00e9bec est officiellement n\u00e9 le 4 juin 2020 apr\u00e8s plusieurs mois de travail. Il souhaite offrir de l&rsquo;aide, en accord avec la culture, aux hommes autochtones qui vivent des situations de d\u00e9tresse souvent manifest\u00e9es par la violence et la consommation.<\/p>\n<p>Pour en savoir plus : <a style=\"color: #d21c1e\" href=\"https:\/\/ici.radio-canada.ca\/ohdio\/premiere\/emissions\/bonjour-la-cote\/segments\/entrevue\/184690\/regroupement-hommes-autochtones-detresse-bradley-jacob\">https:\/\/ici.radio-canada.ca\/ohdio\/premiere\/emissions\/bonjour-la-cote\/segments\/entrevue\/184690\/regroupement-hommes-autochtones-detresse-bradley-jacob<\/a><\/td>\n<\/tr>\n<\/tbody>\n<\/table>\n","protected":false},"excerpt":{"rendered":"<p>Informations suppl\u00e9mentaires sur les intervenant\u00b7e\u00b7s et leurs organisations Atelier 1 Patrick Gosselin \u2013 Hom\u2019asculin Port-Cartier Intervenant social \u00e0 Hom\u2019asculin Port-Cartier Pr\u00e9sentation d\u2019Hom\u2019asculin Port-Cartier : Un organisme \u00e0 but non lucratif localis\u00e9 \u00e0 Port-Cartier dont la mission est d&rsquo;accueillir, d&rsquo;accompagner et d&rsquo;outiller les hommes qui vivent des difficult\u00e9s ou qui souhaitent \u00eatre accompagn\u00e9s ad\u00e9quatement dans leur &hellip; <a href=\"https:\/\/colloques.uqac.ca\/sbehg\/echos-de-la-pratique\/\" class=\"more-link\">Continuer la lecture de <span class=\"screen-reader-text\">\u00c9chos de la Pratique<\/span>  <span class=\"meta-nav\">&rarr;<\/span><\/a><\/p>\n","protected":false},"author":63,"featured_media":0,"parent":0,"menu_order":0,"comment_status":"closed","ping_status":"open","template":"","meta":{"footnotes":""},"_links":{"self":[{"href":"https:\/\/colloques.uqac.ca\/sbehg\/wp-json\/wp\/v2\/pages\/509"}],"collection":[{"href":"https:\/\/colloques.uqac.ca\/sbehg\/wp-json\/wp\/v2\/pages"}],"about":[{"href":"https:\/\/colloques.uqac.ca\/sbehg\/wp-json\/wp\/v2\/types\/page"}],"author":[{"embeddable":true,"href":"https:\/\/colloques.uqac.ca\/sbehg\/wp-json\/wp\/v2\/users\/63"}],"replies":[{"embeddable":true,"href":"https:\/\/colloques.uqac.ca\/sbehg\/wp-json\/wp\/v2\/comments?post=509"}],"version-history":[{"count":45,"href":"https:\/\/colloques.uqac.ca\/sbehg\/wp-json\/wp\/v2\/pages\/509\/revisions"}],"predecessor-version":[{"id":991,"href":"https:\/\/colloques.uqac.ca\/sbehg\/wp-json\/wp\/v2\/pages\/509\/revisions\/991"}],"wp:attachment":[{"href":"https:\/\/colloques.uqac.ca\/sbehg\/wp-json\/wp\/v2\/media?parent=509"}],"curies":[{"name":"wp","href":"https:\/\/api.w.org\/{rel}","templated":true}]}}