{"id":506,"date":"2021-10-30T20:42:47","date_gmt":"2021-10-31T01:42:47","guid":{"rendered":"http:\/\/colloques.uqac.ca\/sbehg\/?page_id=506"},"modified":"2021-11-17T11:17:35","modified_gmt":"2021-11-17T16:17:35","slug":"activite-table-nord-cotiere","status":"publish","type":"page","link":"https:\/\/colloques.uqac.ca\/sbehg\/activite-table-nord-cotiere\/","title":{"rendered":"Activit\u00e9 de mobilisation r\u00e9gionale organis\u00e9e par la Table nord-c\u00f4ti\u00e8re sur les r\u00e9alit\u00e9s masculines"},"content":{"rendered":"<h5 style=\"color: #d21c1e;margin-top: -5px\">17 novembre de 11h30 \u00e0 13h30<\/h5>\n<table style=\"border: 1px solid #d21c1e\">\n<tbody>\n<tr>\n<td style=\"width: 30%;background-color: #d21c1e;color: white;font-size: 22px;text-align: center\">EN DIRECT<\/td>\n<td style=\"width: 70%;background-color: white;color: #d21c1e;text-align: center\"><a style=\"color: #d21c1e;text-decoration: none;font-size: 22px\" href=\"https:\/\/uqac.zoom.us\/my\/atelier04\" target=\"_blank\">LIEN VERS LA CONF\u00c9RENCE<\/a><\/td>\n<\/tr>\n<\/tbody>\n<\/table>\n<h5 style=\"margin-bottom: 5px\">Activit\u00e9<\/h5>\n<table style=\"border:1px solid #d21c1e\">\n<tr>\n<td style=\"vertical-align:middle;background-color:#d21c1e;color:white;border:1px solid #d21c1e\">\n<h6 style=\"margin:0\">Description<\/h6>\n<\/td>\n<\/tr>\n<tr>\n<td>\n&lt;p style=&quot;text-align: justify;margin:3px&quot;Dans le cadre de la Quinzaine interr\u00e9gionale en sant\u00e9 et bien-\u00eatre des hommes et des gar\u00e7ons, la Table Nord-C\u00f4ti\u00e8re de Concertation sur les R\u00e9alit\u00e9s Masculines (TNCCRM) vous invite \u00e0 une activit\u00e9 intersectorielle r\u00e9gionale de consultation et de mobilisation collective. Cette activit\u00e9 traitera de quatre grands th\u00e8mes et visera \u00e0 entendre vos constats, vos pr\u00e9occupations actuelles et les pistes de solution que vous souhaitez voir se d\u00e9velopper dans notre r\u00e9gion. Le th\u00e8me des masculinit\u00e9s sera abord\u00e9 sous les angles suivants :<\/p>\n<ol style=\"margin-top:5px;margin-bottom:5px;margin-left:35px\">\n<li style=\"text-align:justify\">S&rsquo;impr\u00e9gner du bilan des ateliers de mobilisation des gestionnaires de la C\u00f4te-Nord tenus en 2018, dans le cadre du Plan d&rsquo;Action Minist\u00e9riel en Sant\u00e9 et Bien-\u00catre des Hommes<\/li>\n<li style=\"text-align:justify\">Bonifier les constats de ce bilan, en discutant de:\n<ul>\n<li style=\"text-align:justify\">Nouvelles informations au sujet des hommes Nord-C\u00f4tiers \u00e0 int\u00e9grer, et nouvelles actions collectives \u00e0 poser pour les soutenir<\/li>\n<li style=\"text-align:justify\">Renoncement ou reconduction des actions qui n&rsquo;ont pas \u00e9t\u00e9 d\u00e9ploy\u00e9es tel qu&rsquo;esp\u00e9r\u00e9<\/li>\n<\/ul>\n<\/li>\n<\/ol>\n<\/td>\n<\/tr>\n<tr>\n<td style=\"vertical-align:middle;background-color:#d21c1e;color:white;border:1px solid #d21c1e\">\n<h6 style=\"margin:0\">Animation<\/h6>\n<\/td>\n<\/tr>\n<tr>\n<td>\n<p style=\"text-align: justify;margin:3px;line-height: 1\">Le 17 novembre 2021, de 11 h 30 \u00e0 13 h 30, cette activit\u00e9 se d\u00e9roulera enti\u00e8rement \u00e0 distance et les groupes de discussion seront co-anim\u00e9s par des repr\u00e9sentants du CISSS et du r\u00e9seau communautaire de la C\u00f4te-Nord.<\/p>\n<\/td>\n<\/tr>\n<\/table>\n","protected":false},"excerpt":{"rendered":"<p>17 novembre de 11h30 \u00e0 13h30 EN DIRECT LIEN VERS LA CONF\u00c9RENCE Activit\u00e9 Description &lt;p style=&quot;text-align: justify;margin:3px&quot;Dans le cadre de la Quinzaine interr\u00e9gionale en sant\u00e9 et bien-\u00eatre des hommes et des gar\u00e7ons, la Table Nord-C\u00f4ti\u00e8re de Concertation sur les R\u00e9alit\u00e9s Masculines (TNCCRM) vous invite \u00e0 une activit\u00e9 intersectorielle r\u00e9gionale de consultation et de mobilisation collective. &hellip; <a href=\"https:\/\/colloques.uqac.ca\/sbehg\/activite-table-nord-cotiere\/\" class=\"more-link\">Continuer la lecture de <span class=\"screen-reader-text\">Activit\u00e9 de mobilisation r\u00e9gionale organis\u00e9e par la Table nord-c\u00f4ti\u00e8re sur les r\u00e9alit\u00e9s masculines<\/span>  <span class=\"meta-nav\">&rarr;<\/span><\/a><\/p>\n","protected":false},"author":63,"featured_media":0,"parent":0,"menu_order":0,"comment_status":"closed","ping_status":"open","template":"","meta":{"footnotes":""},"_links":{"self":[{"href":"https:\/\/colloques.uqac.ca\/sbehg\/wp-json\/wp\/v2\/pages\/506"}],"collection":[{"href":"https:\/\/colloques.uqac.ca\/sbehg\/wp-json\/wp\/v2\/pages"}],"about":[{"href":"https:\/\/colloques.uqac.ca\/sbehg\/wp-json\/wp\/v2\/types\/page"}],"author":[{"embeddable":true,"href":"https:\/\/colloques.uqac.ca\/sbehg\/wp-json\/wp\/v2\/users\/63"}],"replies":[{"embeddable":true,"href":"https:\/\/colloques.uqac.ca\/sbehg\/wp-json\/wp\/v2\/comments?post=506"}],"version-history":[{"count":9,"href":"https:\/\/colloques.uqac.ca\/sbehg\/wp-json\/wp\/v2\/pages\/506\/revisions"}],"predecessor-version":[{"id":1057,"href":"https:\/\/colloques.uqac.ca\/sbehg\/wp-json\/wp\/v2\/pages\/506\/revisions\/1057"}],"wp:attachment":[{"href":"https:\/\/colloques.uqac.ca\/sbehg\/wp-json\/wp\/v2\/media?parent=506"}],"curies":[{"name":"wp","href":"https:\/\/api.w.org\/{rel}","templated":true}]}}