{"id":449,"date":"2021-10-30T19:51:55","date_gmt":"2021-10-31T00:51:55","guid":{"rendered":"http:\/\/colloques.uqac.ca\/sbehg\/?page_id=449"},"modified":"2021-11-17T11:17:06","modified_gmt":"2021-11-17T16:17:06","slug":"activite-rirm","status":"publish","type":"page","link":"https:\/\/colloques.uqac.ca\/sbehg\/activite-rirm\/","title":{"rendered":"Activit\u00e9 de mobilisation r\u00e9gionale organis\u00e9e par le Regroupement intersectoriel sur les r\u00e9alit\u00e9s masculines au Saguenay\u2013Lac-Saint-Jean"},"content":{"rendered":"<h5 style=\"color: #d21c1e;margin-top: -5px\">17 novembre de 11h30 \u00e0 13h30<\/h5>\n<table style=\"border: 1px solid #d21c1e\">\n<tbody>\n<tr>\n<td style=\"width: 30%;background-color: #d21c1e;color: white;font-size: 22px;text-align: center\">EN DIRECT<\/td>\n<td style=\"width: 70%;background-color: white;color: #d21c1e;text-align: center\"><a style=\"color: #d21c1e;text-decoration: none;font-size: 22px\" href=\"https:\/\/uqac.zoom.us\/my\/atelier05\" target=\"_blank\">LIEN VERS LA CONF\u00c9RENCE<\/a><\/td>\n<\/tr>\n<\/tbody>\n<\/table>\n<h5 style=\"margin-bottom: 5px\">Activit\u00e9<\/h5>\n<table style=\"border:1px solid #d21c1e\">\n<tr>\n<td style=\"vertical-align:middle;background-color:#d21c1e;color:white;border:1px solid #d21c1e\">\n<h6 style=\"margin:0\">Description<\/h6>\n<\/td>\n<\/tr>\n<tr>\n<td>\n<p style=\"text-align: justify;margin:3px\">Dans le cadre de la Quinzaine interr\u00e9gionale en sant\u00e9 et bien-\u00eatre des hommes et des gar\u00e7ons, le Regroupement intersectoriel sur les r\u00e9alit\u00e9s masculines du Saguenay \u2014 Lac-Saint-Jean (RIRM SLSJ) vous invite \u00e0 une activit\u00e9 intersectorielle r\u00e9gionale de consultation et de mobilisation collective. Cette activit\u00e9 traitera de quatre grands th\u00e8mes et visera \u00e0 entendre vos constats, vos pr\u00e9occupations actuelles et les pistes de solution que vous souhaitez voir se d\u00e9velopper dans notre r\u00e9gion. Le th\u00e8me des masculinit\u00e9s sera abord\u00e9 sous les angles suivants :<\/p>\n<ol style=\"margin-top:5px;margin-bottom:5px;margin-left:35px\">\n<li>R\u00e9alit\u00e9s populationnelles et besoins organisationnels<\/li>\n<li>Acquisition de nouvelles comp\u00e9tences et formations souhait\u00e9es<\/li>\n<li>Promotion des r\u00e9alit\u00e9s masculines<\/li>\n<li>\u00c9tat des services disponibles et enjeux dans la demande d\u2019aide masculine<\/li>\n<\/ol>\n<\/td>\n<\/tr>\n<tr>\n<td style=\"vertical-align:middle;background-color:#d21c1e;color:white;border:1px solid #d21c1e\">\n<h6 style=\"margin:0\">Animation<\/h6>\n<\/td>\n<\/tr>\n<tr>\n<td>\n<p style=\"text-align: justify;margin:3px;line-height: 1\">Cette activit\u00e9 de deux heures se d\u00e9roulera enti\u00e8rement \u00e0 distance et ses groupes de discussion seront coanim\u00e9s par des organisateur\u00b7rice\u00b7s communautaires du CIUSSS du Saguenay \u2014 Lac-Saint-Jean.<\/p>\n<\/td>\n<\/tr>\n<\/table>\n","protected":false},"excerpt":{"rendered":"<p>17 novembre de 11h30 \u00e0 13h30 EN DIRECT LIEN VERS LA CONF\u00c9RENCE Activit\u00e9 Description Dans le cadre de la Quinzaine interr\u00e9gionale en sant\u00e9 et bien-\u00eatre des hommes et des gar\u00e7ons, le Regroupement intersectoriel sur les r\u00e9alit\u00e9s masculines du Saguenay \u2014 Lac-Saint-Jean (RIRM SLSJ) vous invite \u00e0 une activit\u00e9 intersectorielle r\u00e9gionale de consultation et de mobilisation &hellip; <a href=\"https:\/\/colloques.uqac.ca\/sbehg\/activite-rirm\/\" class=\"more-link\">Continuer la lecture de <span class=\"screen-reader-text\">Activit\u00e9 de mobilisation r\u00e9gionale organis\u00e9e par le Regroupement intersectoriel sur les r\u00e9alit\u00e9s masculines au Saguenay\u2013Lac-Saint-Jean<\/span>  <span class=\"meta-nav\">&rarr;<\/span><\/a><\/p>\n","protected":false},"author":63,"featured_media":0,"parent":0,"menu_order":0,"comment_status":"closed","ping_status":"open","template":"","meta":{"footnotes":""},"_links":{"self":[{"href":"https:\/\/colloques.uqac.ca\/sbehg\/wp-json\/wp\/v2\/pages\/449"}],"collection":[{"href":"https:\/\/colloques.uqac.ca\/sbehg\/wp-json\/wp\/v2\/pages"}],"about":[{"href":"https:\/\/colloques.uqac.ca\/sbehg\/wp-json\/wp\/v2\/types\/page"}],"author":[{"embeddable":true,"href":"https:\/\/colloques.uqac.ca\/sbehg\/wp-json\/wp\/v2\/users\/63"}],"replies":[{"embeddable":true,"href":"https:\/\/colloques.uqac.ca\/sbehg\/wp-json\/wp\/v2\/comments?post=449"}],"version-history":[{"count":13,"href":"https:\/\/colloques.uqac.ca\/sbehg\/wp-json\/wp\/v2\/pages\/449\/revisions"}],"predecessor-version":[{"id":1056,"href":"https:\/\/colloques.uqac.ca\/sbehg\/wp-json\/wp\/v2\/pages\/449\/revisions\/1056"}],"wp:attachment":[{"href":"https:\/\/colloques.uqac.ca\/sbehg\/wp-json\/wp\/v2\/media?parent=449"}],"curies":[{"name":"wp","href":"https:\/\/api.w.org\/{rel}","templated":true}]}}