{"id":115,"date":"2021-10-26T14:54:44","date_gmt":"2021-10-26T19:54:44","guid":{"rendered":"http:\/\/colloques.uqac.ca\/sbehg\/?page_id=115"},"modified":"2021-11-18T11:57:47","modified_gmt":"2021-11-18T16:57:47","slug":"act-panel-ssm","status":"publish","type":"page","link":"https:\/\/colloques.uqac.ca\/sbehg\/act-panel-ssm\/","title":{"rendered":"La sant\u00e9 mentale et la demande d\u2019aide dans le sport de haut niveau"},"content":{"rendered":"<h5 style=\"color: #d21c1e;margin-top: -5px\">18 novembre de 12h00 \u00e0 13h00<\/h5>\n<table style=\"border: 1px solid #d21c1e\">\n<tbody>\n<tr>\n<td style=\"width: 30%;background-color: #d21c1e;color: white;font-size: 22px;text-align: center\">EN DIFF\u00c9R\u00c9<\/td>\n<td style=\"width: 70%;background-color: white;color: #d21c1e;text-align: center\"><a style=\"color: #d21c1e;text-decoration: none;font-size: 22px\" href=\"https:\/\/uqac.ca.panopto.com\/Panopto\/Pages\/Viewer.aspx?id=d103cc58-e6b0-4991-b06e-ade1011bfc81\" target=\"_blank\">LIEN VERS LA CONF\u00c9RENCE<\/a><\/td>\n<\/tr>\n<\/tbody>\n<\/table>\n<h5 style=\"margin-bottom: 0\">Conf\u00e9renciers<\/h5>\n<table style=\"border:1px solid #d21c1e\">\n<tr>\n<td style=\"vertical-align:middle;background-color:#d21c1e;color:white;border:1px solid #d21c1e\">\n<h6 style=\"margin:0\">Yanick Jean<\/h6>\n<\/td>\n<\/tr>\n<tr>\n<td>\n<p style=\"text-align:center;margin-bottom:5px\"><img loading=\"lazy\" decoding=\"async\" src=\"https:\/\/colloques.uqac.ca\/sbehg\/files\/2013\/09\/Yanick_Jean.png\" alt=\"Yanick_Jean\" width=\"150\" height=\"150\" class=\"aligncenter size-full wp-image-892\" \/><\/p>\n<p style=\"margin-bottom:0px;text-align:center;font-style: italic\">Entra\u00eeneur-chef et directeur g\u00e9n\u00e9ral des Saguen\u00e9ens de Chicoutimi<\/p>\n<p style=\"margin-bottom:5px;text-align:center;font-style: italic\">Ancien joueur professionnel canadien de hockey sur glace au poste de d\u00e9fenseur<\/p>\n<p style=\"text-align: justify;margin:3px\">Yanick Jean gravite dans le hockey de haut niveau depuis plus de deux d\u00e9cennies. Il a connu une brillante carri\u00e8re de quatre saisons avec les Saguen\u00e9ens de Chicoutimi, en plus d&rsquo;\u00eatre un artisan de la derni\u00e8re conqu\u00eate de la coupe du Pr\u00e9sident, en 1994. Il a \u00e9volu\u00e9 quelques saisons professionnelles dans l&rsquo;East Coast League et la d\u00e9funte Ligue semi-professionnelle du Qu\u00e9bec. Il a \u00e9t\u00e9 entra\u00eeneur-chef, avec le Rocket de l&rsquo;\u00cele-du-Prince-\u00c9douard puis avec les Tigres de Victoriaville, \u00e0 la fin de 2007. En 2014, avec les Saguen\u00e9ens, Yanick Jean devient le 7e dirigeant actif qui assume la double fonction de directeur g\u00e9n\u00e9ral et d&rsquo;entra\u00eeneur-chef dans la Ligue de hockey junior majeure du Qu\u00e9bec.<\/p>\n<\/td>\n<\/tr>\n<tr>\n<td style=\"vertical-align:middle;background-color:#d21c1e;color:white;border:1px solid #d21c1e\">\n<h6 style=\"margin:0\">Francis Verreault-Paul<\/h6>\n<\/td>\n<\/tr>\n<tr>\n<td>\n<p style=\"text-align:center;margin-bottom:5px\"><img loading=\"lazy\" decoding=\"async\" src=\"https:\/\/colloques.uqac.ca\/sbehg\/files\/2013\/09\/Francis_Verreault-Paul.png\" alt=\"Francis_Verreault-Paul\" width=\"150\" height=\"150\" class=\"aligncenter size-full wp-image-893\" \/><\/p>\n<p style=\"margin-bottom:0px;text-align:center;font-style: italic\">Chef des relations avec les Premi\u00e8res Nations<\/p>\n<p style=\"margin-bottom:0px;text-align:center;font-style: italic\">Universit\u00e9 du Qu\u00e9bec \u00e0 Chicoutimi<\/p>\n<p style=\"margin-bottom:5px;text-align:center;font-style: italic\">Ancien Capitaine des Saguen\u00e9ens de Chicoutimi<\/p>\n<p style=\"text-align: justify;margin:3px\">Depuis 2020, Francis Verreault-Paul est chef des relations avec les Premi\u00e8res Nations au Centre Nikanite de l\u2019Universit\u00e9 du Qu\u00e9bec \u00e0 Chicoutimi (UQAC). Par son nouveau r\u00f4le, l\u2019ancien capitaine des Saguen\u00e9ens de Chicoutimi et actuel porte-couleurs des Marquis de Jonqui\u00e8re esp\u00e8re pouvoir encore servir de mod\u00e8le pour les jeunes autochtones.<br \/>\nAlors qu\u2019il portait les couleurs des Redmen, il a compl\u00e9t\u00e9 un baccalaur\u00e9at en psychologie \u00e0 l\u2019Universit\u00e9 McGill, avant de terminer une ma\u00eetrise en administration des affaires \u00e0 l\u2019Universit\u00e9 de Buckingham, en Angleterre. Il a aussi re\u00e7u la bourse d\u2019excellence Guy Lafleur pour l\u2019athl\u00e8te-\u00e9tudiant s\u2019\u00e9tant le mieux accompli dans ses parcours sportif et acad\u00e9mique quand il jouait avec les Saguen\u00e9ens.<br \/>\nEn plus de donner des conf\u00e9rences au sujet de la pers\u00e9v\u00e9rance scolaire dans les \u00e9coles primaires et secondaires, il s\u2019implique \u00e9galement aupr\u00e8s de jeunes hockeyeurs qui participent \u00e0 son \u00e9cole de hockey.<\/p>\n<\/td>\n<\/tr>\n<tr>\n<td style=\"vertical-align:middle;background-color:#d21c1e;color:white;border:1px solid #d21c1e\">\n<h6 style=\"margin:0\">Jacques Plouffe<\/h6>\n<\/td>\n<\/tr>\n<tr>\n<td>\n<p style=\"text-align:center;margin-bottom:5px\"><img loading=\"lazy\" decoding=\"async\" src=\"https:\/\/colloques.uqac.ca\/sbehg\/files\/2013\/09\/Jacques_Plouffe.png\" alt=\"Jacques_Plouffe\" width=\"150\" height=\"150\" class=\"aligncenter size-full wp-image-894\" \/><\/p>\n<p style=\"margin-bottom:0px;text-align:center;font-style: italic\">Professeur au programme d\u2019\u00e9tudes en kin\u00e9siologie<\/p>\n<p style=\"margin-bottom:0px;text-align:center;font-style: italic\">D\u00e9partement des sciences de la sant\u00e9<\/p>\n<p style=\"margin-bottom:0px;text-align:center;font-style: italic\">Universit\u00e9 du Qu\u00e9bec \u00e0 Chicoutimi<\/p>\n<p style=\"margin-bottom:5px;text-align:center;font-style: italic\">Pr\u00e9parateur mental des Saguen\u00e9ens de Chicoutimi<\/p>\n<p style=\"text-align: justify;margin:3px\">Jacques Plouffe est un ancien athl\u00e8te en natation de comp\u00e9tition de niveau national. Il est professeur \u00e0 l\u2019UQAC depuis 2010 et se sp\u00e9cialise dans le d\u00e9veloppement de l\u2019attitude gagnante, de la force mentale et de la performance de pointe \u00e0 partir de l\u2019entrainement mental. Depuis plus de 35 ans, il s\u2019implique dans le milieu sportif o\u00f9 il a \u00e9t\u00e9 pr\u00e9parateur mental pour des \u00e9quipes professionnelles, olympiques et nationales de diverses disciplines. Actuellement, c\u2019est aupr\u00e8s des Saguen\u00e9ens de Chicoutimi de la LHJMQ et de L\u00e9andre Bouchard athl\u00e8te olympique et champion canadien en v\u00e9lo de montagne qu\u2019il met \u00e0 profit ses connaissances et son exp\u00e9rience. En fait, son but est d\u2019aider les athl\u00e8tes \u00e0 d\u00e9velopper une attitude gagnante afin d\u2019aspirer \u00e0 une vie saine et \u00e9quilibr\u00e9e tout en exploitant leur plein potentiel dans le sport, \u00e0 l\u2019\u00e9cole et dans la vie de tous les jours.<\/p>\n<\/td>\n<\/tr>\n<tr>\n<td style=\"vertical-align:middle;background-color:#d21c1e;color:white;border:1px solid #d21c1e;text-align:center\">\n<p style=\"margin:0\">Conf\u00e9rence<\/p>\n<h6 style=\"margin:0\">La sant\u00e9 mentale et la demande d\u2019aide dans le sport de haut niveau<\/h6>\n<\/td>\n<\/tr>\n<tr>\n<td>\n<p style=\"text-align: justify;margin:3px\">De Jacques Plante en 1959 jusqu&rsquo;\u00e0 Carey Price en 2021, les hommes \u00e9toiles du monde du hockey ont tant\u00f4t \u00e9t\u00e9 silencieux au sujet de leur vuln\u00e9rabilit\u00e9, et tant\u00f4t manifestes jusqu&rsquo;\u00e0 faire les manchettes. Plus que jamais, leurs r\u00e9v\u00e9lations publiques sur leur vuln\u00e9rabilit\u00e9 sont accueillies avec bienveillance et remise en question collective des credos masculins rigides. Est-ce seulement passager, ou assistons-nous \u00e0 un r\u00e9el changement de mentalit\u00e9?, Selon Nathalie Collard de La Presse (22 sept 2021), le monde du hockey serait l&rsquo;un des \u00ab\u00a0derniers bastions d&rsquo;une vision de la masculinit\u00e9 o\u00f9 la vuln\u00e9rabilit\u00e9 n&rsquo;a pas sa place\u00a0\u00bb. L&rsquo;entra\u00eeneur-chef, le pr\u00e9parateur mental, et un ex-capitaine des Saguen\u00e9ens de Chicoutimi nous font l&rsquo;honneur d&rsquo;\u00eatre avec nous pour en discuter.<\/p>\n<\/td>\n<\/tr>\n<tr>\n<td style=\"vertical-align:middle;background-color:#d21c1e;color:white;border:1px solid #d21c1e;text-align:center\">\n<p style=\"margin:0\">Animateur<\/p>\n<\/td>\n<\/tr>\n<tr>\n<td>\n<p style=\"text-align: justify;margin:3px;line-height: 1\">R\u00e9mi Riverin<br \/>\nEdmond Michaud<\/p>\n<\/td>\n<\/tr>\n<\/table>\n","protected":false},"excerpt":{"rendered":"<p>18 novembre de 12h00 \u00e0 13h00 EN DIFF\u00c9R\u00c9 LIEN VERS LA CONF\u00c9RENCE Conf\u00e9renciers Yanick Jean Entra\u00eeneur-chef et directeur g\u00e9n\u00e9ral des Saguen\u00e9ens de Chicoutimi Ancien joueur professionnel canadien de hockey sur glace au poste de d\u00e9fenseur Yanick Jean gravite dans le hockey de haut niveau depuis plus de deux d\u00e9cennies. Il a connu une brillante carri\u00e8re &hellip; <a href=\"https:\/\/colloques.uqac.ca\/sbehg\/act-panel-ssm\/\" class=\"more-link\">Continuer la lecture de <span class=\"screen-reader-text\">La sant\u00e9 mentale et la demande d\u2019aide dans le sport de haut niveau<\/span>  <span class=\"meta-nav\">&rarr;<\/span><\/a><\/p>\n","protected":false},"author":63,"featured_media":0,"parent":0,"menu_order":0,"comment_status":"closed","ping_status":"closed","template":"","meta":{"footnotes":""},"_links":{"self":[{"href":"https:\/\/colloques.uqac.ca\/sbehg\/wp-json\/wp\/v2\/pages\/115"}],"collection":[{"href":"https:\/\/colloques.uqac.ca\/sbehg\/wp-json\/wp\/v2\/pages"}],"about":[{"href":"https:\/\/colloques.uqac.ca\/sbehg\/wp-json\/wp\/v2\/types\/page"}],"author":[{"embeddable":true,"href":"https:\/\/colloques.uqac.ca\/sbehg\/wp-json\/wp\/v2\/users\/63"}],"replies":[{"embeddable":true,"href":"https:\/\/colloques.uqac.ca\/sbehg\/wp-json\/wp\/v2\/comments?post=115"}],"version-history":[{"count":24,"href":"https:\/\/colloques.uqac.ca\/sbehg\/wp-json\/wp\/v2\/pages\/115\/revisions"}],"predecessor-version":[{"id":1065,"href":"https:\/\/colloques.uqac.ca\/sbehg\/wp-json\/wp\/v2\/pages\/115\/revisions\/1065"}],"wp:attachment":[{"href":"https:\/\/colloques.uqac.ca\/sbehg\/wp-json\/wp\/v2\/media?parent=115"}],"curies":[{"name":"wp","href":"https:\/\/api.w.org\/{rel}","templated":true}]}}