{"id":113,"date":"2021-10-26T14:54:16","date_gmt":"2021-10-26T19:54:16","guid":{"rendered":"http:\/\/colloques.uqac.ca\/sbehg\/?page_id=113"},"modified":"2021-11-17T23:01:34","modified_gmt":"2021-11-18T04:01:34","slug":"act-conf-lizplank","status":"publish","type":"page","link":"https:\/\/colloques.uqac.ca\/sbehg\/act-conf-lizplank\/","title":{"rendered":"Dialogue pour une masculinit\u00e9 positive"},"content":{"rendered":"<h5 style=\"color: #d21c1e;margin-top: -5px\">16 novembre de 12h00 \u00e0 13h00<\/h5>\n<table style=\"border: 1px solid #d21c1e\">\n<tbody>\n<tr>\n<td style=\"width: 30%;background-color: #d21c1e;color: white;font-size: 22px;text-align: center\">REDIFFUSION<\/td>\n<td style=\"width: 70%;background-color: white;color: #d21c1e;text-align: center\"><a style=\"color: #d21c1e;text-decoration: none;font-size: 22px\" href=\"https:\/\/uqac.ca.panopto.com\/Panopto\/Pages\/Viewer.aspx?id=731fb671-48eb-4bee-a382-ade300114766\" target=\"_blank\">LIEN VERS LA REDIFFUSION<\/a><\/td>\n<\/tr>\n<\/tbody>\n<\/table>\n<h5 style=\"margin-bottom: 5px\">Conf\u00e9renci\u00e8re<\/h5>\n<table style=\"border: 1px solid #d21c1e\">\n<tbody>\n<tr>\n<td style=\"vertical-align: middle;background-color: #d21c1e;color: white;border: 1px solid #d21c1e\">\n<h6 style=\"margin: 0\">Liz Plank<\/h6>\n<\/td>\n<\/tr>\n<tr>\n<td>\n<p style=\"text-align:center;margin-bottom:5px\"><img loading=\"lazy\" decoding=\"async\" src=\"https:\/\/colloques.uqac.ca\/sbehg\/files\/2021\/10\/LizPlank1-150x150.png\" alt=\"LizPlank\" width=\"150\" height=\"150\" class=\"aligncenter size-thumbnail wp-image-822\" \/><\/p>\n<p style=\"margin-bottom:5px;text-align:center;font-style: italic\">Pr\u00e9sidente d&rsquo;honneur<\/p>\n<p style=\"text-align: justify;margin: 3px\">Liz Plank a \u00e9t\u00e9 nomm\u00e9e l&rsquo;une des personnes les plus influentes au monde en politique des genres par Apolitical. Cin\u00e9aste, autrice, journaliste, et chroniqueuse, elle se joint \u00e0 notre quinzaine\u00a0interr\u00e9gionale comme Pr\u00e9sidente d&rsquo;honneur et pan\u00e9liste\u00a0principale le mardi 16 novembre de midi \u00e0 13:00, sous la forme d&rsquo;un \u00e9change qui portera une attention particuli\u00e8re\u00a0\u00e0 son tout dernier livre\u00a0: <em>Pour l&rsquo;amour des hommes &#8211; dialogue pour une masculinit\u00e9 positive<\/em>.<\/p>\n<\/td>\n<\/tr>\n<tr>\n<td style=\"vertical-align:middle;background-color:#d21c1e;color:white;border:1px solid #d21c1e;text-align:center\">\n<p style=\"margin:0\">Au sujet du livre de Liz Plank<\/p>\n<h6 style=\"margin:0;font-style:italic\">Pour l&rsquo;amour des hommes<\/h6>\n<\/td>\n<\/tr>\n<tr>\n<td>\n<p style=\"text-align: justify;margin: 3px\">Si de grands pas ont \u00e9t\u00e9 franchis pour remettre en question les st\u00e9r\u00e9otypes de genre et les attentes par rapport aux femmes, ce m\u00eame progr\u00e8s n&rsquo;a pas \u00e9t\u00e9 accompli chez les hommes. Avec optimisme et humour, Liz Plank ouvre le dialogue et offre un guide intelligent, pertinent et tr\u00e8s fouill\u00e9 sur la fa\u00e7on dont il est possible de red\u00e9finir la masculinit\u00e9. S&rsquo;adressant aux femmes qui cherchent \u00e0 guider les hommes dans leur vie, aux hommes qui veulent mieux faire mais qui ne savent pas comment et aux parents qui veulent \u00e9lever de bons \u00eatres humains, Pour l&rsquo;amour des hommes aide \u00e0 mieux cerner les enjeux de la masculinit\u00e9 dans une soci\u00e9t\u00e9 en transformation o\u00f9, pourtant, les r\u00f4les dans lesquels les hommes sont cantonn\u00e9s changent peu.<\/p>\n<\/td>\n<\/tr>\n<tr>\n<td style=\"vertical-align: middle;background-color: #d21c1e;color: white;border: 1px solid #d21c1e;text-align: center\">\n<p style=\"margin: 0\">Animateur<\/p>\n<\/td>\n<\/tr>\n<tr>\n<td>\n<p style=\"text-align: justify;margin: 3px;line-height: 1\">Edmond Michaud<\/p>\n<\/td>\n<\/tr>\n<\/tbody>\n<\/table>\n","protected":false},"excerpt":{"rendered":"<p>16 novembre de 12h00 \u00e0 13h00 REDIFFUSION LIEN VERS LA REDIFFUSION Conf\u00e9renci\u00e8re Liz Plank Pr\u00e9sidente d&rsquo;honneur Liz Plank a \u00e9t\u00e9 nomm\u00e9e l&rsquo;une des personnes les plus influentes au monde en politique des genres par Apolitical. Cin\u00e9aste, autrice, journaliste, et chroniqueuse, elle se joint \u00e0 notre quinzaine\u00a0interr\u00e9gionale comme Pr\u00e9sidente d&rsquo;honneur et pan\u00e9liste\u00a0principale le mardi 16 novembre &hellip; <a href=\"https:\/\/colloques.uqac.ca\/sbehg\/act-conf-lizplank\/\" class=\"more-link\">Continuer la lecture de <span class=\"screen-reader-text\">Dialogue pour une masculinit\u00e9 positive<\/span>  <span class=\"meta-nav\">&rarr;<\/span><\/a><\/p>\n","protected":false},"author":63,"featured_media":0,"parent":0,"menu_order":0,"comment_status":"closed","ping_status":"closed","template":"","meta":{"footnotes":""},"_links":{"self":[{"href":"https:\/\/colloques.uqac.ca\/sbehg\/wp-json\/wp\/v2\/pages\/113"}],"collection":[{"href":"https:\/\/colloques.uqac.ca\/sbehg\/wp-json\/wp\/v2\/pages"}],"about":[{"href":"https:\/\/colloques.uqac.ca\/sbehg\/wp-json\/wp\/v2\/types\/page"}],"author":[{"embeddable":true,"href":"https:\/\/colloques.uqac.ca\/sbehg\/wp-json\/wp\/v2\/users\/63"}],"replies":[{"embeddable":true,"href":"https:\/\/colloques.uqac.ca\/sbehg\/wp-json\/wp\/v2\/comments?post=113"}],"version-history":[{"count":19,"href":"https:\/\/colloques.uqac.ca\/sbehg\/wp-json\/wp\/v2\/pages\/113\/revisions"}],"predecessor-version":[{"id":1060,"href":"https:\/\/colloques.uqac.ca\/sbehg\/wp-json\/wp\/v2\/pages\/113\/revisions\/1060"}],"wp:attachment":[{"href":"https:\/\/colloques.uqac.ca\/sbehg\/wp-json\/wp\/v2\/media?parent=113"}],"curies":[{"name":"wp","href":"https:\/\/api.w.org\/{rel}","templated":true}]}}