{"id":106,"date":"2021-10-26T14:48:47","date_gmt":"2021-10-26T19:48:47","guid":{"rendered":"http:\/\/colloques.uqac.ca\/sbehg\/?page_id=106"},"modified":"2021-11-27T02:20:12","modified_gmt":"2021-11-27T07:20:12","slug":"atelier-diversite","status":"publish","type":"page","link":"https:\/\/colloques.uqac.ca\/sbehg\/atelier-diversite\/","title":{"rendered":"Atelier 6 &#8211; Hommes, gar\u00e7ons et diversit\u00e9 sexuelle et de genre"},"content":{"rendered":"<h5 style=\"color: #d21c1e\">Mise en ligne du webinaire : 18 novembre<\/h5>\n<table style=\"border: 1px solid #d21c1e\">\n<tbody>\n<tr>\n<td style=\"width: 30%;background-color: #d21c1e;color: white;font-size: 22px;text-align: center\">EN DIFF\u00c9R\u00c9<\/td>\n<td style=\"width: 70%;background-color: white;color: #d21c1e;text-align: center\"><a style=\"color: #d21c1e;text-decoration: none;font-size: 22px\" href=\"https:\/\/uqac.ca.panopto.com\/Panopto\/Pages\/Viewer.aspx?id=a2f73437-b9ff-459c-b558-addc00f34b77\" target=\"_blank\">LIEN VERS LA CONF\u00c9RENCE<\/a><\/td>\n<\/tr>\n<\/tbody>\n<\/table>\n<h5 style=\"color: #d21c1e;margin-top: -5px\">Panel en lien avec cet atelier : 26 novembre de 11h30 \u00e0 13h30<\/h5>\n<table style=\"border: 1px solid #121010\">\n<tbody>\n<tr>\n<td style=\"width: 30%;background-color: #121010;color: white;font-size: 22px;text-align: center\">REDIFFUSION<\/td>\n<td style=\"width: 70%;background-color: white;color: #121010;text-align: center\"><a style=\"color: #121010;text-decoration: none;font-size: 22px\" href=\"https:\/\/uqac.ca.panopto.com\/Panopto\/Pages\/Viewer.aspx?id=9df3c150-6bad-4e89-a2a7-adec0169310c\" target=\"_blank\">LIEN VERS LA REDIFFUSION<\/a><\/td>\n<\/tr>\n<\/tbody>\n<\/table>\n<hr style=\"margin:0\" \/>\n<h5 style=\"margin-bottom: 0;margin-top:24px\">Animateur<\/h5>\n<ul>\n<li>Simon Tr\u00e9panier<\/li>\n<\/ul>\n<h5 style=\"margin-bottom: 5px\">Conf\u00e9rencier<\/h5>\n<table style=\"border:1px solid #d21c1e\">\n<tr>\n<td style=\"vertical-align:middle;background-color:#d21c1e;color:white;border:1px solid #d21c1e\">\n<h6 style=\"margin:0\">Kevin Lavoie<\/h6>\n<\/td>\n<\/tr>\n<tr>\n<td>\n<div style=\"float: right;margin-left:10px;margin-top:10px\"><img loading=\"lazy\" decoding=\"async\" src=\"https:\/\/colloques.uqac.ca\/sbehg\/files\/2021\/10\/K\u00e9vin-Lavoie-150x150.jpg\" alt=\"K\u00e9vin Lavoie\" width=\"150\" height=\"150\" class=\"alignnone size-thumbnail wp-image-498\" \/><\/div>\n<p style=\"text-align: justify;margin:3px\">K\u00e9vin Lavoie est titulaire d\u2019un doctorat en sciences humaines appliqu\u00e9es de l\u2019Universit\u00e9 de Montr\u00e9al et professeur adjoint \u00e0 l\u2019\u00c9cole de travail social et de criminologie de l\u2019Universit\u00e9 Laval. Il est coresponsable du champ \u00ab\u00a0Diversit\u00e9 sexuelle et pluralit\u00e9 des genres\u00a0\u00bb au Centre de recherche de Montr\u00e9al sur les in\u00e9galit\u00e9s sociales, les discriminations et les pratiques alternatives de citoyennet\u00e9 (CREMIS). Dans le cadre de ses recherches, il s&rsquo;int\u00e9resse aux transformations des configurations familiales, \u00e0 la procr\u00e9ation assist\u00e9e, aux fondements th\u00e9oriques de la diversit\u00e9 sexuelle et de genre, ainsi qu\u2019\u00e0 l&rsquo;intervention sociale aupr\u00e8s des populations LGBTQ+. Il est membre du Centre de recherche sur l&rsquo;adaptation des jeunes et des familles \u00e0 risque\u00a0et du Centre de recherche universitaire sur les jeunes et les familles, ainsi que cochercheur au sein du P\u00f4le d&rsquo;expertise et de recherche en sant\u00e9 et bien-\u00eatre des hommes et de l&rsquo;\u00e9quipe de recherche Paternit\u00e9, famille et soci\u00e9t\u00e9.<\/p>\n<\/td>\n<\/tr>\n<tr>\n<td style=\"vertical-align:middle;background-color:#d21c1e;color:white;border:1px solid #d21c1e;text-align:center\">\n<p style=\"margin:0\">Conf\u00e9rence<\/p>\n<h6 style=\"margin:0\">Et si on s&rsquo;inspirait des forces des communaut\u00e9s LGBTQ+ pour mieux intervenir aupr\u00e8s des hommes?<\/h6>\n<\/td>\n<\/tr>\n<tr>\n<td>\n<p style=\"text-align: justify;margin:3px;line-height: normal\">Les parcours et les exp\u00e9riences des personnes lesbiennes, gaies, bisexuelles, trans et queer (LGBTQ) ont \u00e9t\u00e9 historiquement analys\u00e9s, tant\u00f4t sous un angle pathologique, tant\u00f4t sous le prisme des facteurs de risque et de vuln\u00e9rabilit\u00e9. Dans le cadre de cette conf\u00e9rence, nous proposons un renversement de perspective, en situant les marges au c\u0153ur de l\u2019analyse. Et si les interventions aupr\u00e8s des hommes s\u2019inspiraient des forces dont rec\u00e8lent les communaut\u00e9s LGBTQ, plut\u00f4t que des mod\u00e8les normatifs dominants, h\u00e9t\u00e9rosexuels et cisgenres\u00a0? \u00c0 travers l\u2019examen de constats empiriques, nous identifierons les forces conjugales et familiales susceptibles de poser un regard nouveau sur la conjugalit\u00e9 et la paternit\u00e9 et, incidemment, de transformer les pratiques d\u2019intervention aupr\u00e8s des hommes. Enfin, nous d\u00e9gagerons des pistes d\u2019intervention collective capitalisant sur ces forces et permettant de rendre les milieux d\u2019intervention plus inclusifs sur le plan du genre et des sexualit\u00e9s.<\/p>\n<\/td>\n<\/tr>\n<\/table>\n<h5 style=\"margin-bottom: 5px\">\u00c9chos de la pratique avec quatre intervenant\u00b7es<\/h5>\n<ul>\n<li>Jo\u00e9 Desjardins (Fiert\u00e9 agricole)<\/li>\n<li>Daniel Gosselin (Diversit\u00e9 02)<\/li>\n<li>Mykaell Blais (GRIS-Qu\u00e9bec)<\/li>\n<li>Claude Amiot (Collaboratrice de Diversit\u00e9 02 et gouverneure de la Fondation \u00c9mergence)<\/li>\n<\/ul>\n<h5 style=\"margin-bottom: 5px\">Communication Libre<\/h5>\n<table style=\"border:1px solid #d21c1e\">\n<tr>\n<td style=\"vertical-align:middle;background-color:#d21c1e;color:white;border:1px solid #d21c1e\">\n<h6 style=\"margin:0\">Caroline Constantineau<\/h6>\n<\/td>\n<\/tr>\n<tr>\n<td>\n<div style=\"float: right;margin-left:10px;margin-top:10px\"><img loading=\"lazy\" decoding=\"async\" src=\"https:\/\/colloques.uqac.ca\/sbehg\/files\/2021\/10\/Caroline-Constantineau-150x150.jpg\" alt=\"Caroline Constantineau\" width=\"150\" height=\"150\" class=\"alignnone size-thumbnail wp-image-499\" srcset=\"https:\/\/colloques.uqac.ca\/sbehg\/files\/2021\/10\/Caroline-Constantineau-150x150.jpg 150w, https:\/\/colloques.uqac.ca\/sbehg\/files\/2021\/10\/Caroline-Constantineau-300x300.jpg 300w, https:\/\/colloques.uqac.ca\/sbehg\/files\/2021\/10\/Caroline-Constantineau.jpg 827w\" sizes=\"(max-width: 150px) 100vw, 150px\" \/><\/div>\n<p style=\"text-align: justify;margin:3px\">Native de la campagne, j&rsquo;ai toujours eu \u00e0 coeur de faire rayonner l&rsquo;\u00e9ducation \u00e0 la sexualit\u00e9 dans les \u00e9coles de la r\u00e9gion des Hautes-Laurentides. Mon exp\u00e9rience en tant qu&rsquo;auxiliaire de recherche au sein de la Chaire de recherche sur la diversit\u00e9 sexuelle et la pluralit\u00e9 des genres de l&rsquo;UQAM se combine \u00e0 celle au sein des centres de services scolaire dans les derni\u00e8res ann\u00e9es. En tant que jeune professionnelle, j&rsquo;aspire donc \u00e0 faire des \u00e9coles du Qu\u00e9bec des milieux ouverts et inclusif \u00e0 la diversit\u00e9 sexuelle et de genre.<\/p>\n<\/td>\n<\/tr>\n<tr>\n<td style=\"vertical-align:middle;background-color:#d21c1e;color:white;border:1px solid #d21c1e;text-align:center\">\n<p style=\"margin:0\">Conf\u00e9rence<\/p>\n<h6 style=\"margin:0\">\u00c0 l\u2019intersection de deux r\u00e9alit\u00e9s\u00a0: quand la diversit\u00e9 sexuelle et de genre rencontre le milieu agricole.<\/h6>\n<\/td>\n<\/tr>\n<tr>\n<td>\n<p style=\"text-align: justify;line-height: normal;margin:3px\">Cette pr\u00e9sentation s&rsquo;inscrit dans le projet de recherche SAVIE-LGBTQ et a pour objectifs de documenter et d&rsquo;explorer comment se conjuguent sexualit\u00e9 et ruralit\u00e9 pour les hommes de la diversit\u00e9 sexuelle qui \u0153uvrent dans le secteur agricole. Plus sp\u00e9cifiquement, un int\u00e9r\u00eat est port\u00e9 sur la fa\u00e7on dont ce milieu de travail traditionnel restreint la possibilit\u00e9 de rencontrer quelqu&rsquo;un de leur communaut\u00e9.\u00a0Plusieurs \u00e9tudes ont permis d&rsquo;\u00e9tablir des liens entre les exp\u00e9riences v\u00e9cues par les personnes de la communaut\u00e9 LGBTQ de diff\u00e9rents groupes d&rsquo;\u00e2ge et le d\u00e9veloppement de probl\u00e8mes au niveau du bien-\u00eatre psychologique. Cependant, l&rsquo;articulation entre l&rsquo;orientation sexuelle ainsi que le concept de ruralit\u00e9 demeure encore tr\u00e8s peu document\u00e9e.\u00a0Les r\u00e9sultats pr\u00e9liminaires sugg\u00e8rent que les hommes de la diversit\u00e9 sexuelle composent avec de l&rsquo;exclusion territoriale, symbolique et identitaire alors qu&rsquo;ils travaillent au sein d&rsquo;un m\u00e9tier traditionnellement masculin. Des strat\u00e9gies individuelles et collectives sont mises en place de sorte \u00e0 composer avec les emb\u00fbches qu&rsquo;ils rencontrent au sein de cette profession. L\u2019orientation sexuelle des agriculteurs se trouve \u00e0 l\u2019intersection de leur m\u00e9tier et du fait de vivre en r\u00e9gion, amplifiant ainsi les difficult\u00e9s auxquels ils font face.<\/p>\n<\/td>\n<\/tr>\n<\/table>\n<p style=\"text-align: center\"><a title=\"Atelier \u2013 Men\u2019s Shed\" href=\"https:\/\/colloques.uqac.ca\/sbehg\/atelier-shed\/\">Atelier pr\u00e9c\u00e9dent<\/a>\u00a0&#8211;<a title=\"Atelier \u2013 Hommes autochtones\" href=\"https:\/\/colloques.uqac.ca\/sbehg\/atelier-hommes-autochtones\/\">\u00a0Atelier suivant<\/a><\/p>\n","protected":false},"excerpt":{"rendered":"<p>Mise en ligne du webinaire : 18 novembre EN DIFF\u00c9R\u00c9 LIEN VERS LA CONF\u00c9RENCE Panel en lien avec cet atelier : 26 novembre de 11h30 \u00e0 13h30 REDIFFUSION LIEN VERS LA REDIFFUSION Animateur Simon Tr\u00e9panier Conf\u00e9rencier Kevin Lavoie K\u00e9vin Lavoie est titulaire d\u2019un doctorat en sciences humaines appliqu\u00e9es de l\u2019Universit\u00e9 de Montr\u00e9al et professeur adjoint &hellip; <a href=\"https:\/\/colloques.uqac.ca\/sbehg\/atelier-diversite\/\" class=\"more-link\">Continuer la lecture de <span class=\"screen-reader-text\">Atelier 6 &#8211; Hommes, gar\u00e7ons et diversit\u00e9 sexuelle et de genre<\/span>  <span class=\"meta-nav\">&rarr;<\/span><\/a><\/p>\n","protected":false},"author":63,"featured_media":0,"parent":0,"menu_order":0,"comment_status":"closed","ping_status":"closed","template":"","meta":{"footnotes":""},"_links":{"self":[{"href":"https:\/\/colloques.uqac.ca\/sbehg\/wp-json\/wp\/v2\/pages\/106"}],"collection":[{"href":"https:\/\/colloques.uqac.ca\/sbehg\/wp-json\/wp\/v2\/pages"}],"about":[{"href":"https:\/\/colloques.uqac.ca\/sbehg\/wp-json\/wp\/v2\/types\/page"}],"author":[{"embeddable":true,"href":"https:\/\/colloques.uqac.ca\/sbehg\/wp-json\/wp\/v2\/users\/63"}],"replies":[{"embeddable":true,"href":"https:\/\/colloques.uqac.ca\/sbehg\/wp-json\/wp\/v2\/comments?post=106"}],"version-history":[{"count":14,"href":"https:\/\/colloques.uqac.ca\/sbehg\/wp-json\/wp\/v2\/pages\/106\/revisions"}],"predecessor-version":[{"id":1099,"href":"https:\/\/colloques.uqac.ca\/sbehg\/wp-json\/wp\/v2\/pages\/106\/revisions\/1099"}],"wp:attachment":[{"href":"https:\/\/colloques.uqac.ca\/sbehg\/wp-json\/wp\/v2\/media?parent=106"}],"curies":[{"name":"wp","href":"https:\/\/api.w.org\/{rel}","templated":true}]}}