{"id":102,"date":"2021-10-26T14:47:37","date_gmt":"2021-10-26T19:47:37","guid":{"rendered":"http:\/\/colloques.uqac.ca\/sbehg\/?page_id=102"},"modified":"2021-11-27T02:17:33","modified_gmt":"2021-11-27T07:17:33","slug":"atelier-genre","status":"publish","type":"page","link":"https:\/\/colloques.uqac.ca\/sbehg\/atelier-genre\/","title":{"rendered":"Atelier 4 &#8211; Hommes, gar\u00e7ons et (d\u00e9)construction de genre"},"content":{"rendered":"<h5 style=\"color: #d21c1e\">Mise en ligne du webinaire : 17 novembre<\/h5>\n<table style=\"border: 1px solid #d21c1e\">\n<tbody>\n<tr>\n<td style=\"width: 30%;background-color: #d21c1e;color: white;font-size: 22px;text-align: center\">EN DIFF\u00c9R\u00c9<\/td>\n<td style=\"width: 70%;background-color: white;color: #d21c1e;text-align: center\"><a style=\"color: #d21c1e;text-decoration: none;font-size: 22px\" href=\"https:\/\/uqac.ca.panopto.com\/Panopto\/Pages\/Viewer.aspx?id=07d03e35-8bb2-4029-8d8b-addc00f1a060\" target=\"_blank\">LIEN VERS LA CONF\u00c9RENCE<\/a><\/td>\n<\/tr>\n<\/tbody>\n<\/table>\n<h5 style=\"color: #d21c1e;margin-top: -5px\">Panel en lien avec cet atelier : 25 novembre de 17h30 \u00e0 19h30<\/h5>\n<table style=\"border: 1px solid #121010\">\n<tbody>\n<tr>\n<td style=\"width: 30%;background-color: #121010;color: white;font-size: 22px;text-align: center\">REDIFFUSION<\/td>\n<td style=\"width: 70%;background-color: white;color: #121010;text-align: center\"><a style=\"color: #121010;text-decoration: none;font-size: 22px\" href=\"https:\/\/uqac.ca.panopto.com\/Panopto\/Pages\/Viewer.aspx?id=991dd82b-352d-49e1-9dd4-adec009ffcff\" target=\"_blank\">LIEN VERS LA REDIFFUSION<\/a><\/td>\n<\/tr>\n<\/tbody>\n<\/table>\n<hr style=\"margin:0\" \/>\n<h5 style=\"margin-bottom: 0;margin-top:24px\">Animateur<\/h5>\n<ul>\n<li>Dominic Bizot<\/li>\n<\/ul>\n<h5 style=\"margin-bottom: 5px\">Conf\u00e9rencier<\/h5>\n<table style=\"border:1px solid #d21c1e\">\n<tr>\n<td style=\"vertical-align:middle;background-color:#d21c1e;color:white;border:1px solid #d21c1e\">\n<h6 style=\"margin:0\">Jacques Roy<\/h6>\n<\/td>\n<\/tr>\n<tr>\n<td>\n<div style=\"float: right;margin-left:10px;margin-top:10px\"><img loading=\"lazy\" decoding=\"async\" src=\"https:\/\/colloques.uqac.ca\/sbehg\/files\/2021\/10\/Jacques-Roy1-150x150.jpg\" alt=\"Jacques Roy\" width=\"150\" height=\"150\" class=\"alignnone size-thumbnail wp-image-475\" \/><\/div>\n<p style=\"text-align: justify;margin:3px\">Jacques Roy est sociologue-chercheur et professeur associ\u00e9 \u00e0 l\u2019Universit\u00e9 du Qu\u00e9bec \u00e0 Chicoutimi depuis 2020. Auparavant, il a \u00e9volu\u00e9 dans le r\u00e9seau coll\u00e9gial comme professeur-chercheur au C\u00e9gep de Sainte-Foy. Il a produit diverses \u00e9tudes sur la r\u00e9ussite scolaire en milieu coll\u00e9gial comme chercheur principal et il est l\u2019auteur de quatre essais sur la r\u00e9ussite des c\u00e9g\u00e9piens<em>.\u00a0<\/em>De\u00a02012 \u00e0 2015, avec l\u2019\u00e9quipe de Masculinit\u00e9s et Soci\u00e9t\u00e9, il a collabor\u00e9 activement \u00e0 quatre \u00e9tudes sur les perceptions des hommes qu\u00e9b\u00e9cois concernant leurs besoins psychosociaux et de sant\u00e9 ainsi que de leur rapport aux services. Notamment, il est l\u2019auteur principal d\u2019une m\u00e9ta-synth\u00e8se\u00a0de 65 \u00e9tudes sur des hommes qu\u00e9b\u00e9cois ainsi que d\u2019un rapport sur les donn\u00e9es publiques portant sur un portrait social et de sant\u00e9 des hommes au Qu\u00e9bec. Il agit actuellement \u00e0 titre de coordonnateur scientifique pour le P\u00f4le d\u2019expertise et de recherche en sant\u00e9 et bien-\u00eatre des hommes.<\/p>\n<\/td>\n<\/tr>\n<tr>\n<td style=\"vertical-align:middle;background-color:#d21c1e;color:white;border:1px solid #d21c1e;text-align:center\">\n<p style=\"margin:0\">Conf\u00e9rence<\/p>\n<h6 style=\"margin:0\">Le r\u00f4le de genre en \u00e9ducation : un point de vue sociologique<\/h6>\n<\/td>\n<\/tr>\n<tr>\n<td>\n<p style=\"text-align: justify;margin:3px;line-height: normal\">La r\u00e9ussite scolaire constitue un enjeu soci\u00e9tal d\u2019importance. Bon nombre de recherches accr\u00e9ditent toute l\u2019importance de cet enjeu, tout particuli\u00e8rement chez les gar\u00e7ons et aupr\u00e8s de certains groupes d\u00e9favoris\u00e9s sur le plan socio\u00e9conomique. La litt\u00e9rature scientifique fait voir que des diff\u00e9rences significatives selon le genre existent et, ce, aux diff\u00e9rents paliers de l\u2019\u00e9ducation. Ces diff\u00e9rences s\u2019expliquent en bonne partie par des questions d\u2019identit\u00e9 de genre et de socialisation diff\u00e9renci\u00e9e selon le sexe.<\/br><br \/>\nL\u2019objectif de la communication est de pr\u00e9senter l\u2019essentiel des diff\u00e9rences entre les filles et les gar\u00e7ons dans le r\u00e9seau coll\u00e9gial sur la base d\u2019un \u00e9chantillon de 4\u00a0289 \u00e9tudiants. Deux mod\u00e8les compr\u00e9hensifs distincts selon le genre des \u00e9tudiants sont d\u00e9duits de ces r\u00e9sultats.<\/br><br \/>\nUn mod\u00e8le d\u2019affirmation de type ludique chez les gar\u00e7ons et un mod\u00e8le d\u2019engagement de type conformiste chez les filles. Ces deux mod\u00e8les seront discut\u00e9s.<\/p>\n<\/td>\n<\/tr>\n<\/table>\n<h5 style=\"margin-bottom: 5px\">\u00c9chos de la pratique avec deux intervenant\u00b7es<\/h5>\n<ul>\n<li>Julien Gravelle (CRH \u2013 Optimum)<\/li>\n<li>Marie-H\u00e9l\u00e8ne Lepage (Homme aide Manicouagan)<\/li>\n<\/ul>\n<h5 style=\"margin-bottom: 5px\">Communication Libre<\/h5>\n<table style=\"border:1px solid #d21c1e\">\n<tr>\n<td style=\"vertical-align:middle;background-color:#d21c1e;color:white;border:1px solid #d21c1e\">\n<h6 style=\"margin:0\">Philippe Roy<\/h6>\n<\/td>\n<\/tr>\n<tr>\n<td>\n<div style=\"float: right;margin-left:10px;margin-top:10px\"><img loading=\"lazy\" decoding=\"async\" src=\"https:\/\/colloques.uqac.ca\/sbehg\/files\/2021\/10\/image_2021-10-31_022826.png\" alt=\"image_2021-10-31_022826\" width=\"133\" height=\"133\" class=\"alignnone size-full wp-image-489\" \/><\/div>\n<p style=\"text-align: justify;margin:3px\">Philippe Roy est professeur adjoint \u00e0 l\u2019\u00c9cole de travail social de l\u2019Universit\u00e9 de Sherbrooke depuis 2019 o\u00f9 il enseigne au sujet du travail social critique, de la sant\u00e9 mentale et des pratiques anti-oppressives. Il a compl\u00e9t\u00e9 en 2014 une th\u00e8se de doctorat intitul\u00e9e <em>Pratiques masculines : exp\u00e9rience et adaptation au stress v\u00e9cues par les agriculteurs<\/em>. Ses recherches portent sur la promotion de la sant\u00e9 mentale, la pr\u00e9vention du suicide, la sant\u00e9 mentale des hommes vivant en milieu agricole et le bien-\u00eatre des peuples autochtones. Il est chercheur au P\u00f4le d\u2019expertise et de recherche en sant\u00e9 et bien-\u00eatre des hommes.<\/p>\n<\/td>\n<\/tr>\n<tr>\n<td style=\"vertical-align:middle;background-color:#d21c1e;color:white;border:1px solid #d21c1e;text-align:center\">\n<p style=\"margin:0\">Conf\u00e9rence<\/p>\n<h6 style=\"margin:0\">La sant\u00e9 des hommes en milieu rural : entre tradition et contestation<\/h6>\n<\/td>\n<\/tr>\n<tr>\n<td>\n<p style=\"text-align: justify;line-height: normal;margin:3px\">Qu\u2019est-ce que les agriculteurs peuvent nous apprendre sur la sant\u00e9 des hommes en g\u00e9n\u00e9ral ? Porteurs d\u2019une image associ\u00e9e \u00e0 la masculinit\u00e9 traditionnelle \u2013 force, valorisation du travail, autonomie, sto\u00efcisme \u2013 les pratiques de masculinit\u00e9s sont toutefois plus nuanc\u00e9es. La ruralit\u00e9 et plus particuli\u00e8rement l\u2019agriculture sont des contextes dans lesquels les normes, pratiques et relations de genre sont omnipr\u00e9sentes comme d\u00e9terminants sociaux de la sant\u00e9 mentale. Les mod\u00e8les traditionnels coexistent et sont contest\u00e9s par des mod\u00e8les plus contemporains. La pr\u00e9sentation partagera l\u2019\u00e9tat des connaissances scientifiques et leurs applications pour soutenir la sant\u00e9 mentale des hommes en milieu rural.<\/p>\n<\/td>\n<\/tr>\n<\/table>\n<p style=\"text-align: center\"><a title=\"Atelier \u2013 Soutien \u00e0 la paternit\u00e9\" href=\"https:\/\/colloques.uqac.ca\/sbehg\/atelier-paternite\/\">Atelier pr\u00e9c\u00e9dent<\/a>\u00a0&#8211;\u00a0<a title=\"Atelier \u2013 Men\u2019s Shed\" href=\"https:\/\/colloques.uqac.ca\/sbehg\/atelier-shed\/\">Atelier suivant<\/a><\/p>\n","protected":false},"excerpt":{"rendered":"<p>Mise en ligne du webinaire : 17 novembre EN DIFF\u00c9R\u00c9 LIEN VERS LA CONF\u00c9RENCE Panel en lien avec cet atelier : 25 novembre de 17h30 \u00e0 19h30 REDIFFUSION LIEN VERS LA REDIFFUSION Animateur Dominic Bizot Conf\u00e9rencier Jacques Roy Jacques Roy est sociologue-chercheur et professeur associ\u00e9 \u00e0 l\u2019Universit\u00e9 du Qu\u00e9bec \u00e0 Chicoutimi depuis 2020. Auparavant, il &hellip; <a href=\"https:\/\/colloques.uqac.ca\/sbehg\/atelier-genre\/\" class=\"more-link\">Continuer la lecture de <span class=\"screen-reader-text\">Atelier 4 &#8211; Hommes, gar\u00e7ons et (d\u00e9)construction de genre<\/span>  <span class=\"meta-nav\">&rarr;<\/span><\/a><\/p>\n","protected":false},"author":63,"featured_media":0,"parent":0,"menu_order":0,"comment_status":"closed","ping_status":"closed","template":"","meta":{"footnotes":""},"_links":{"self":[{"href":"https:\/\/colloques.uqac.ca\/sbehg\/wp-json\/wp\/v2\/pages\/102"}],"collection":[{"href":"https:\/\/colloques.uqac.ca\/sbehg\/wp-json\/wp\/v2\/pages"}],"about":[{"href":"https:\/\/colloques.uqac.ca\/sbehg\/wp-json\/wp\/v2\/types\/page"}],"author":[{"embeddable":true,"href":"https:\/\/colloques.uqac.ca\/sbehg\/wp-json\/wp\/v2\/users\/63"}],"replies":[{"embeddable":true,"href":"https:\/\/colloques.uqac.ca\/sbehg\/wp-json\/wp\/v2\/comments?post=102"}],"version-history":[{"count":20,"href":"https:\/\/colloques.uqac.ca\/sbehg\/wp-json\/wp\/v2\/pages\/102\/revisions"}],"predecessor-version":[{"id":1097,"href":"https:\/\/colloques.uqac.ca\/sbehg\/wp-json\/wp\/v2\/pages\/102\/revisions\/1097"}],"wp:attachment":[{"href":"https:\/\/colloques.uqac.ca\/sbehg\/wp-json\/wp\/v2\/media?parent=102"}],"curies":[{"name":"wp","href":"https:\/\/api.w.org\/{rel}","templated":true}]}}